{"id":456,"date":"2021-12-09T11:26:00","date_gmt":"2021-12-09T11:26:00","guid":{"rendered":"https:\/\/franciscobelmonte.com\/tienda\/?page_id=456"},"modified":"2023-07-17T10:19:34","modified_gmt":"2023-07-17T08:19:34","slug":"politica-de-privacidad","status":"publish","type":"page","link":"https:\/\/franciscobelmonte.com\/tienda\/politica-de-privacidad\/","title":{"rendered":"Pol\u00edtica de Privacidad"},"content":{"rendered":"\n<div class=\"container section-title-container\" ><h3 class=\"section-title section-title-normal\"><b><\/b><span class=\"section-title-main\" >Pol\u00edtica de privacidad<\/span><b><\/b><\/h3><\/div>\n\n\t<div id=\"text-168294463\" class=\"text\">\n\t\t\n\n<h3><a name=\"_Toc52989224\"><\/a>\u00bfQUI\u00c9N ES EL RESPONSABLE DEL TRATAMIENTO DE SUS DATOS?<\/h3>\n<ul>\n<li><strong>RESPONSABLE DEL TRATAMIENTO<\/strong>: FRANCISCO BELMONTE, S.A.<\/li>\n<li><strong>NIF:<\/strong> A30076822<\/li>\n<li><strong>Domicilio:<\/strong> Calle Isla Cristina, 12, 30007, Murcia, Murcia<\/li>\n<li><strong>Correo electr\u00f3nico: <\/strong><u>info@grupobelmonte.com<\/u><\/li>\n<\/ul>\n<h3><a name=\"_Toc52989225\"><\/a>\u00bfQU\u00c9 TIPO DE DATOS TRATAMOS?<\/h3>\n<p>Dependiendo de los productos, servicios o funcionalidades de los que quiera disfrutar en cada momento necesitaremos tratar unos datos u otros.\u00a0 En general dichos datos, ser\u00e1n, seg\u00fan el caso, los siguientes:<\/p>\n<ul>\n<li>Sus datos identificativos: nombre, apellido, NIF, NIE o pasaporte, idioma, pa\u00eds desde el que interact\u00fae con nosotros, etc.<\/li>\n<li>Datos de contacto: n\u00famero de tel\u00e9fono, direcci\u00f3n postal, correo electr\u00f3nico, etc.<\/li>\n<li>Informaci\u00f3n econ\u00f3mica y transaccional: Sus datos de pago o de tarjeta, informaci\u00f3n acerca de sus compras, pedidos, devoluciones\u2026.<\/li>\n<li>Datos de conexi\u00f3n, geolocalizaci\u00f3n y navegaci\u00f3n (en caso de que interact\u00faes con nosotros desde el m\u00f3vil, por ejemplo).<\/li>\n<li>Informaci\u00f3n comercial si estuviera suscrito a nuestra newsletter.<\/li>\n<li>Datos sobre sus gustos y preferencias.<\/li>\n<\/ul>\n<p>Recuerde que, cuando le pidamos que rellene sus datos personales para darle acceso a alguna funcionalidad o servicio de la web, marcaremos algunos campos como obligatorios, puesto que son datos que necesitamos para poder prestarle el servicio o darle acceso a la funcionalidad en cuesti\u00f3n.<\/p>\n<p>Por favor, tenga en cuenta que, si decide no facilitarnos esos datos, es posible que no pueda completar su registro como usuario o que no pueda disfrutar de esos servicios o funcionalidades.<\/p>\n<h3><a name=\"_Toc52989226\"><\/a>\u00bfCON QU\u00c9 FINALIDAD TRATAMOS SUS DATOS PERSONALES?<\/h3>\n<p>Dependiendo de c\u00f3mo interact\u00fae con nuestra web, trataremos sus datos personales para las siguientes finalidades:<\/p>\n<ol>\n<li><strong>Para el desarrollo, cumplimiento y ejecuci\u00f3n del Contrato de Compraventa<\/strong><\/li>\n<\/ol>\n<p>Esta finalidad incluye el tratamiento de sus datos principalmente para:<\/p>\n<p>Contactar con usted en relaci\u00f3n con actualizaciones o comunicaciones informativas relacionadas con los productos adquiridos, incluyendo el env\u00edo de encuestas de calidad sobre los productos suministrados.<\/p>\n<p>Gestionar el pago de los productos que adquiera, independientemente del medio de pago utilizado.<\/p>\n<p>Activar los mecanismos necesarios con objeto prevenir potenciales fraudes contra usted y contra nosotros mismos durante el proceso de compra. Si consideramos que la operaci\u00f3n puede ser fraudulenta, este tratamiento puede tener como consecuencia el bloqueo de la transacci\u00f3n.<\/p>\n<p>Gestionar posibles devoluciones una vez haya realizado una compra y gestionar solicitudes de informaci\u00f3n sobre la disponibilidad de los distintos productos.<\/p>\n<p>Facturar y para poner a su disposici\u00f3n los tickets, facturas y cualquier otro documento acreditativo del pago respecto de las compras que haya realizado en nuestra Plataforma.<\/p>\n<ol start=\"2\">\n<li><strong>Para atender las solicitudes o peticiones que realice a trav\u00e9s de los distintos medios incorporados a nuestra Plataforma. <\/strong><\/li>\n<\/ol>\n<p>S\u00f3lo tratamos los datos personales que sean estrictamente necesarios para gestionar o resolver su solicitud o petici\u00f3n, as\u00ed como la gesti\u00f3n de su cita en taller.<\/p>\n<p>.\u00a0 \u00a0 \u00a03. <strong style=\"color: #333333;\">Para fines de marketing.<\/strong><\/p>\n<p>En la medida en que se suscriba a nuestra Newsletter, sus datos personales ser\u00e1n utilizados para la remisi\u00f3n peri\u00f3dica de boletines informativos de la empresa.<\/p>\n<p>Debe recordar que puede darse de baja de la Newsletter, en cualquier momento y sin coste, poni\u00e9ndose en contacto con nosotros a trav\u00e9s del correo electr\u00f3nico del responsable de tratamiento o siguiendo las indicaciones que le ofreceremos en cada una de nuestras comunicaciones.<\/p>\n<ol start=\"4\">\n<li><strong>An\u00e1lisis de usabilidad y de calidad para la mejora de nuestros servicios (Cookies)<\/strong><\/li>\n<\/ol>\n<p>Si accede a nuestra Plataforma, le informamos que trataremos sus datos de navegaci\u00f3n para fines anal\u00edticos y estad\u00edsticos, es decir, para entender la forma en la que los usuarios interact\u00faan con nuestra Plataforma y as\u00ed ser capaces de introducir mejoras en la misma. As\u00ed mismo, en ocasiones, realizamos acciones y encuestas de calidad destinadas a conocer el grado de satisfacci\u00f3n de nuestros clientes y usuarios y detectar aquellas \u00e1reas en las que podemos mejorar.<\/p>\n<h3><a name=\"_Toc52989227\"><\/a>\u00bfCU\u00c1L ES LA LEGITIMACI\u00d3N PARA EL TRATAMIENTO DE SUS DATOS?<\/h3>\n<p>La base legal que nos permite tratar sus datos personales tambi\u00e9n depende de la finalidad para la que los tratemos, de este modo encontraremos distintas bases legales en virtud de las siguientes finalidades:<\/p>\n<ol>\n<li><strong>Desarrollo, cumplimiento y ejecuci\u00f3n del contrato de compraventa.<\/strong><\/li>\n<\/ol>\n<p>El tratamiento de sus datos es necesario para la ejecuci\u00f3n del contrato de compraventa que nos vincula con usted. Entendemos que el tratamiento de estos datos resulta positivo para todas las partes que intervienen cuando se produce el pago de una compra y en particular para usted ya que nos permite instaurar las medidas adecuadas con el fin de protegerle contra intentos de fraude realizados por terceros.<\/p>\n<ol start=\"2\">\n<li><strong>Atenci\u00f3n al Cliente.<\/strong><\/li>\n<\/ol>\n<p>Consideramos que tenemos un inter\u00e9s leg\u00edtimo para atender las solicitudes o consultas que nos plantee a trav\u00e9s de los diversos medios de contacto existentes. Entendemos que el tratamiento de estos datos resulta tambi\u00e9n beneficioso para usted en tanto que nos permite poder atenderte adecuadamente y resolver las consultas planteadas. Cuando nos contacte, en particular, para la gesti\u00f3n de incidencias relacionadas con el producto adquirido a trav\u00e9s de la Plataforma, el tratamiento es necesario para la ejecuci\u00f3n del contrato de compraventa. Cuando su consulta est\u00e9 relacionada con el ejercicio de los derechos sobre los que te informamos m\u00e1s abajo, o con reclamaciones relacionadas con nuestros productos o servicios, lo que nos legitima para tratar tus datos es el cumplimiento de obligaciones legales por nuestra parte.<\/p>\n<ol start=\"3\">\n<li><strong>Cita taller<\/strong><\/li>\n<\/ol>\n<p>La base de legitimaci\u00f3n es precontractual.<\/p>\n<ol start=\"4\">\n<li>\u00a0<strong>Marketing<\/strong><\/li>\n<\/ol>\n<p>La base leg\u00edtima para tratar sus datos con finalidades de marketing es el consentimiento que usted presta.<\/p>\n<p>A modo de ejemplo, cuando acepta recibir informaci\u00f3n personalizada a trav\u00e9s de diversos medios, cuando autoriza el env\u00edo de newsletter, o cuando acepta las bases legales para participar en una acci\u00f3n promocional.<\/p>\n<p>Con el fin de mostrarle informaci\u00f3n personalizada, consideramos que tenemos un inter\u00e9s leg\u00edtimo para realizar un perfilado con la informaci\u00f3n que tenemos sobre usted (Navegaci\u00f3n que realiza, preferencias o hist\u00f3rico de compras) y los datos personales que nos has facilitado como rango de edad o idioma, ya que entendemos que el tratamiento de estos datos tambi\u00e9n resulta beneficioso para usted porque le permite mejorar su experiencia como usuario y acceder a informaci\u00f3n de acuerdo con sus preferencias.<\/p>\n<ol start=\"5\">\n<li><strong>An\u00e1lisis de usabilidad y de calidad<\/strong><\/li>\n<\/ol>\n<p>Consideramos que tenemos un inter\u00e9s leg\u00edtimo para analizar la usabilidad de la Plataforma y el grado de satisfacci\u00f3n del usuario ya que entendemos que el tratamiento de estos datos tambi\u00e9n resulta beneficioso para usted porque la finalidad es mejorar la experiencia del usuario y ofrecer un servicio de mayor calidad.<\/p>\n<h3><a name=\"_Toc52989228\"><\/a>\u00bfDURANTE CU\u00c1NTO TIEMPO CONSERVAREMOS SUS DATOS?<\/h3>\n<ol>\n<li><strong>Desarrollo, cumplimiento y ejecuci\u00f3n del contrato de compraventa.<\/strong><\/li>\n<\/ol>\n<p>Trataremos sus datos durante el tiempo necesario para gestionar la compra de los productos o servicios que haya adquirido y posteriormente los plazos legalmente establecidos para el cumplimiento de nuestras obligaciones fiscales. En algunas ocasiones, \u00fanicamente trataremos algunos datos hasta el momento en que usted decida, como es el caso de los datos de pago (tarjeta bancaria) que nos has solicitado almacenar para posibles compras futuras.<\/p>\n<ol start=\"2\">\n<li><strong>Atenci\u00f3n al Cliente<\/strong><\/li>\n<\/ol>\n<p>Trataremos sus datos durante el tiempo que sea necesario para atender su solicitud o petici\u00f3n.<\/p>\n<ol start=\"3\">\n<li><strong>Cita taller, <\/strong><\/li>\n<\/ol>\n<p>Sus datos ser\u00e1n conservados hasta que prescriban las obligaciones legales de la prestaci\u00f3n del servicio solicitado en taller.<\/p>\n<ol start=\"4\">\n<li><strong>Para su registro en la p\u00e1gina web <\/strong><\/li>\n<\/ol>\n<p>Trataremos sus datos durante el tiempo en que mantenga la condici\u00f3n de usuario registrado (es decir, hasta que decidas darte de baja).<\/p>\n<ol start=\"5\">\n<li><strong>Marketing<\/strong><\/li>\n<\/ol>\n<p>Trataremos sus datos hasta que solicite la baja o cancele su suscripci\u00f3n a la newsletter. Si participas en acciones promocionales conservaremos tus datos por un plazo de seis 6 meses desde que finalice la acci\u00f3n.<\/p>\n<p>Independientemente de que tratemos sus datos durante el tiempo estrictamente necesario para cumplir con la finalidad correspondiente, conservaremos los mismos posteriormente debidamente guardados y protegidos durante el tiempo en que pudieran surgir responsabilidades derivadas del tratamiento, en cumplimiento con la normativa vigente en cada momento. Una vez prescriban las posibles acciones en cada caso, procederemos a la supresi\u00f3n de los datos personales.<\/p>\n<h3><a name=\"_Toc52989229\"><\/a>\u00bfCOMPARTIREMOS SUS DATOS CON TERCEROS?<\/h3>\n<p>Para cumplir las finalidades indicadas en la presente Pol\u00edtica de Privacidad, es necesario que demos acceso a tus datos personales a terceras partes que nos presten apoyo en los servicios que le ofrecemos y que detallamos a continuaci\u00f3n:<\/p>\n<ul>\n<li>Entidades financieras, para la gesti\u00f3n de los pagos<\/li>\n<li>Proveedores de servicios tecnol\u00f3gicos que nos dan soporte<\/li>\n<li>Proveedores y colaboradores de servicios de log\u00edstica, transporte y entrega.<\/li>\n<li>Compa\u00f1\u00edas del \u201cGrupo\u201d sobre la base legal del inter\u00e9s leg\u00edtimo.<\/li>\n<\/ul>\n<p>Adem\u00e1s, le informamos que estamos presentes en las siguientes redes sociales.: Facebook, LinkedIn, Twitter y YouTube, para mantener a nuestros seguidores informados respecto de las novedades y servicios de la empresa.<\/p>\n<p>\u00a0Usted puede acceder a estas redes sociales de manera voluntaria y a trav\u00e9s de los enlaces disponibles en la propia p\u00e1gina web o accediendo directamente y por su cuenta desde el navegador o app instalada.<\/p>\n<p>Debe saber, que este sitio web no se hace responsable del uso de los datos que estas redes sociales pueden realizar. Sin embargo, cuando estos datos se generen en la red social y deriven de una interacci\u00f3n con nuestra cuenta oficial, seremos corresponsables del tratamiento junto con la red social.<\/p>\n<p>La creaci\u00f3n de una cuenta en una red social por parte de esta empresa, no significa que usted deba consentir el tratamiento de los datos sin informarse previamente del alcance de este.<\/p>\n<p>Para poder consentir nuestra cesi\u00f3n desde este sitio web y el tratamiento que se realiza de sus datos, deber\u00e1 leer detenidamente la pol\u00edtica de privacidad de la red social a la que desee acceder:<\/p>\n<ul>\n<li>Facebook: <a href=\"https:\/\/es-es.facebook.com\/privacy\/explanation\" target=\"_blank\" rel=\"noopener\">https:\/\/es-es.facebook.com\/privacy\/explanation<\/a><\/li>\n<li>LinkedIn: <a href=\"https:\/\/es.linkedin.com\/legal\/privacy-policy\" target=\"_blank\" rel=\"noopener\">https:\/\/es.linkedin.com\/legal\/privacy-policy<\/a><\/li>\n<li>YouTube: <a href=\"https:\/\/www.youtube.com\/intl\/es\/about\/policies\/#community-guidelines\" target=\"_blank\" rel=\"noopener\">https:\/\/www.youtube.com\/intl\/es\/about\/policies\/#community-guidelines<\/a><\/li>\n<li>Twitter: <a href=\"https:\/\/twitter.com\/es\/privacy\" target=\"_blank\" rel=\"noopener\">https:\/\/twitter.com\/es\/privacy<\/a><\/li>\n<\/ul>\n<p>De esta manera, antes de pinchar en los logos de las redes sociales presentes en nuestra p\u00e1gina web, puede informarse y realizar un redireccionamiento con previo conocimiento del tratamiento de sus datos y de manera voluntaria.<\/p>\n<h3><a name=\"_Toc52989230\"><\/a>\u00bfCU\u00c1LES SON SUS DERECHOS CUANDO NOS FACILITA SUS DATOS?<\/h3>\n<p>Nos comprometemos a respetar la confidencialidad de sus datos personales y a garantizarle el ejercicio de sus derechos.<\/p>\n<p>Podr\u00e1 ejercitarlos sin coste alguno remiti\u00e9ndonos un correo electr\u00f3nico a nuestra direcci\u00f3n <a href=\"mailto:info@franciscobelmonte.com\">info@franciscobelmonte.com<\/a>, simplemente indic\u00e1ndonos el motivo de su solicitud y el derecho que quiere ejercitar.<\/p>\n<p>En caso de que lo consideremos necesario para poder identificarle, podremos solicitarle copia de un documento acreditativo de su identidad. En particular, independientemente de la finalidad o la base legal en virtud de la que tratemos sus datos, usted tiene derecho a:<\/p>\n<p>Pedirnos acceso a los datos suyos de los que disponemos.<\/p>\n<p>Pedirnos que rectifiquemos los datos de los que ya disponemos. Tenga en cuenta que, al facilitarnos activamente sus datos personales por cualquier v\u00eda, garantiza que son ciertos y exactos y se comprometes a notificarnos cualquier cambio o modificaci\u00f3n de los mismos.<\/p>\n<p>Pedirnos que suprimamos sus datos en la medida en que ya no sean necesarios para la finalidad para los que necesitemos tratarlos seg\u00fan te hemos informado con anterioridad, o en que ya no contemos con legitimaci\u00f3n para hacerlo.<\/p>\n<p>Pedirnos que limitemos el tratamiento de sus datos, lo que supone que en determinados casos pueda solicitarnos que suspendamos temporalmente el tratamiento de los datos o que los conservemos m\u00e1s all\u00e1 del tiempo necesario cuando puedas necesitarlo. Si nos ha proporcionado su consentimiento para el tratamiento de sus datos para cualquier finalidad, tambi\u00e9n tiene derecho a retirarlo en cualquier momento.<\/p>\n<p>Recibir aquellos datos personales que le incumban y que nos haya facilitado, en un formato estructurado, de uso com\u00fan y lectura mec\u00e1nica, as\u00ed como a transmitirlos a otro responsable del tratamiento.<\/p>\n<p>Por otra parte, cuando el tratamiento de sus datos est\u00e9 basado en nuestro inter\u00e9s leg\u00edtimo, tambi\u00e9n tendr\u00e1s derecho a oponerte al tratamiento de sus datos.<\/p>\n<p>Por \u00faltimo, le informamos de su derecho a presentar una reclamaci\u00f3n ante la autoridad de control en materia de protecci\u00f3n de datos pertinente, en particular, ante la Agencia Espa\u00f1ola de Protecci\u00f3n de Datos <a href=\"https:\/\/www.agpd.es\/portalwebAGPD\/index-ides-idphp.php\" target=\"_blank\" rel=\"noopener\">https:\/\/www.agpd.es\/portalwebAGPD\/index-ides-idphp.php<\/a>\u00a0<\/p>\n<h3><a name=\"_Toc52989231\"><\/a>CAMBIOS A LA POL\u00cdTICA DE PRIVACIDAD<\/h3>\n<p>Es posible que modifiquemos la informaci\u00f3n contenida en esta Pol\u00edtica de Privacidad cuando lo estimemos conveniente. En caso de que lo hagamos, se lo notificaremos por distintas v\u00edas a trav\u00e9s de la Plataforma, o incluso se lo comunicaremos a tu direcci\u00f3n de correo electr\u00f3nico cuando el cambio en cuesti\u00f3n sea significativo para con su privacidad, de manera que pueda revisar los cambios, valorarlos y, en su caso, oponerse o darse de baja en alg\u00fan servicio o funcionalidad.<\/p>\n<h3><a name=\"_Toc52989232\"><\/a>INFORMACI\u00d3N SOBRE COOKIES<\/h3>\n<p>Utilizamos cookies y dispositivos similares para facilitar su navegaci\u00f3n en la Plataforma, conocer c\u00f3mo interact\u00faa con nosotros y, en determinados casos, poder mostrarle publicidad en funci\u00f3n de sus h\u00e1bitos de navegaci\u00f3n. Por favor, lea nuestra <strong>Pol\u00edtica de Cookies<\/strong> para conocer con mayor detalle las cookies y dispositivos similares que usamos, su finalidad y otra informaci\u00f3n de inter\u00e9s.<\/p>\n\t\t\n<style>\n#text-168294463 {\n  font-size: 1.05rem;\n}\n<\/style>\n\t<\/div>\n\t\n\n","protected":false},"excerpt":{"rendered":"","protected":false},"author":1,"featured_media":0,"parent":0,"menu_order":0,"comment_status":"closed","ping_status":"closed","template":"","meta":{"_themeisle_gutenberg_block_has_review":false,"footnotes":""},"class_list":["post-456","page","type-page","status-publish","hentry"],"yoast_head":"<!-- This site is optimized with the Yoast SEO plugin v27.4 - https:\/\/yoast.com\/product\/yoast-seo-wordpress\/ -->\n<title>Pol\u00edtica de Privacidad - Boutique Francisco Belmonte<\/title>\n<meta name=\"robots\" content=\"index, follow, max-snippet:-1, max-image-preview:large, max-video-preview:-1\" \/>\n<link rel=\"canonical\" href=\"https:\/\/franciscobelmonte.com\/tienda\/politica-de-privacidad\/\" \/>\n<meta property=\"og:locale\" content=\"es_ES\" \/>\n<meta property=\"og:type\" content=\"article\" \/>\n<meta property=\"og:title\" content=\"Pol\u00edtica de Privacidad - Boutique Francisco Belmonte\" \/>\n<meta property=\"og:url\" content=\"https:\/\/franciscobelmonte.com\/tienda\/politica-de-privacidad\/\" \/>\n<meta property=\"og:site_name\" content=\"Boutique Francisco Belmonte\" \/>\n<meta property=\"article:publisher\" content=\"https:\/\/www.facebook.com\/motosfranciscobelmonte\" \/>\n<meta property=\"article:modified_time\" content=\"2023-07-17T08:19:34+00:00\" \/>\n<meta name=\"twitter:card\" content=\"summary_large_image\" \/>\n<meta name=\"twitter:label1\" content=\"Tiempo de lectura\" \/>\n\t<meta name=\"twitter:data1\" content=\"2 minutos\" \/>\n<script type=\"application\/ld+json\" class=\"yoast-schema-graph\">{\"@context\":\"https:\\\/\\\/schema.org\",\"@graph\":[{\"@type\":\"WebPage\",\"@id\":\"https:\\\/\\\/franciscobelmonte.com\\\/tienda\\\/politica-de-privacidad\\\/\",\"url\":\"https:\\\/\\\/franciscobelmonte.com\\\/tienda\\\/politica-de-privacidad\\\/\",\"name\":\"Pol\u00edtica de Privacidad - Boutique Francisco Belmonte\",\"isPartOf\":{\"@id\":\"https:\\\/\\\/franciscobelmonte.com\\\/tienda\\\/#website\"},\"datePublished\":\"2021-12-09T11:26:00+00:00\",\"dateModified\":\"2023-07-17T08:19:34+00:00\",\"breadcrumb\":{\"@id\":\"https:\\\/\\\/franciscobelmonte.com\\\/tienda\\\/politica-de-privacidad\\\/#breadcrumb\"},\"inLanguage\":\"es\",\"potentialAction\":[{\"@type\":\"ReadAction\",\"target\":[\"https:\\\/\\\/franciscobelmonte.com\\\/tienda\\\/politica-de-privacidad\\\/\"]}]},{\"@type\":\"BreadcrumbList\",\"@id\":\"https:\\\/\\\/franciscobelmonte.com\\\/tienda\\\/politica-de-privacidad\\\/#breadcrumb\",\"itemListElement\":[{\"@type\":\"ListItem\",\"position\":1,\"name\":\"Portada\",\"item\":\"https:\\\/\\\/franciscobelmonte.com\\\/tienda\\\/\"},{\"@type\":\"ListItem\",\"position\":2,\"name\":\"Pol\u00edtica de Privacidad\"}]},{\"@type\":\"WebSite\",\"@id\":\"https:\\\/\\\/franciscobelmonte.com\\\/tienda\\\/#website\",\"url\":\"https:\\\/\\\/franciscobelmonte.com\\\/tienda\\\/\",\"name\":\"Boutique Francisco Belmonte\",\"description\":\"Todo en complementos para motoristas\",\"publisher\":{\"@id\":\"https:\\\/\\\/franciscobelmonte.com\\\/tienda\\\/#organization\"},\"potentialAction\":[{\"@type\":\"SearchAction\",\"target\":{\"@type\":\"EntryPoint\",\"urlTemplate\":\"https:\\\/\\\/franciscobelmonte.com\\\/tienda\\\/?s={search_term_string}\"},\"query-input\":{\"@type\":\"PropertyValueSpecification\",\"valueRequired\":true,\"valueName\":\"search_term_string\"}}],\"inLanguage\":\"es\"},{\"@type\":\"Organization\",\"@id\":\"https:\\\/\\\/franciscobelmonte.com\\\/tienda\\\/#organization\",\"name\":\"Boutique Francisco Belmonte\",\"url\":\"https:\\\/\\\/franciscobelmonte.com\\\/tienda\\\/\",\"logo\":{\"@type\":\"ImageObject\",\"inLanguage\":\"es\",\"@id\":\"https:\\\/\\\/franciscobelmonte.com\\\/tienda\\\/#\\\/schema\\\/logo\\\/image\\\/\",\"url\":\"https:\\\/\\\/franciscobelmonte.com\\\/tienda\\\/wp-content\\\/uploads\\\/2021\\\/12\\\/Francisco-Belmonte-logo.png\",\"contentUrl\":\"https:\\\/\\\/franciscobelmonte.com\\\/tienda\\\/wp-content\\\/uploads\\\/2021\\\/12\\\/Francisco-Belmonte-logo.png\",\"width\":2153,\"height\":536,\"caption\":\"Boutique Francisco Belmonte\"},\"image\":{\"@id\":\"https:\\\/\\\/franciscobelmonte.com\\\/tienda\\\/#\\\/schema\\\/logo\\\/image\\\/\"},\"sameAs\":[\"https:\\\/\\\/www.facebook.com\\\/motosfranciscobelmonte\",\"https:\\\/\\\/www.instagram.com\\\/fco.belmonte\\\/\"]}]}<\/script>\n<!-- \/ Yoast SEO plugin. -->","yoast_head_json":{"title":"Pol\u00edtica de Privacidad - Boutique Francisco Belmonte","robots":{"index":"index","follow":"follow","max-snippet":"max-snippet:-1","max-image-preview":"max-image-preview:large","max-video-preview":"max-video-preview:-1"},"canonical":"https:\/\/franciscobelmonte.com\/tienda\/politica-de-privacidad\/","og_locale":"es_ES","og_type":"article","og_title":"Pol\u00edtica de Privacidad - Boutique Francisco Belmonte","og_url":"https:\/\/franciscobelmonte.com\/tienda\/politica-de-privacidad\/","og_site_name":"Boutique Francisco Belmonte","article_publisher":"https:\/\/www.facebook.com\/motosfranciscobelmonte","article_modified_time":"2023-07-17T08:19:34+00:00","twitter_card":"summary_large_image","twitter_misc":{"Tiempo de lectura":"2 minutos"},"schema":{"@context":"https:\/\/schema.org","@graph":[{"@type":"WebPage","@id":"https:\/\/franciscobelmonte.com\/tienda\/politica-de-privacidad\/","url":"https:\/\/franciscobelmonte.com\/tienda\/politica-de-privacidad\/","name":"Pol\u00edtica de Privacidad - Boutique Francisco Belmonte","isPartOf":{"@id":"https:\/\/franciscobelmonte.com\/tienda\/#website"},"datePublished":"2021-12-09T11:26:00+00:00","dateModified":"2023-07-17T08:19:34+00:00","breadcrumb":{"@id":"https:\/\/franciscobelmonte.com\/tienda\/politica-de-privacidad\/#breadcrumb"},"inLanguage":"es","potentialAction":[{"@type":"ReadAction","target":["https:\/\/franciscobelmonte.com\/tienda\/politica-de-privacidad\/"]}]},{"@type":"BreadcrumbList","@id":"https:\/\/franciscobelmonte.com\/tienda\/politica-de-privacidad\/#breadcrumb","itemListElement":[{"@type":"ListItem","position":1,"name":"Portada","item":"https:\/\/franciscobelmonte.com\/tienda\/"},{"@type":"ListItem","position":2,"name":"Pol\u00edtica de Privacidad"}]},{"@type":"WebSite","@id":"https:\/\/franciscobelmonte.com\/tienda\/#website","url":"https:\/\/franciscobelmonte.com\/tienda\/","name":"Boutique Francisco Belmonte","description":"Todo en complementos para motoristas","publisher":{"@id":"https:\/\/franciscobelmonte.com\/tienda\/#organization"},"potentialAction":[{"@type":"SearchAction","target":{"@type":"EntryPoint","urlTemplate":"https:\/\/franciscobelmonte.com\/tienda\/?s={search_term_string}"},"query-input":{"@type":"PropertyValueSpecification","valueRequired":true,"valueName":"search_term_string"}}],"inLanguage":"es"},{"@type":"Organization","@id":"https:\/\/franciscobelmonte.com\/tienda\/#organization","name":"Boutique Francisco Belmonte","url":"https:\/\/franciscobelmonte.com\/tienda\/","logo":{"@type":"ImageObject","inLanguage":"es","@id":"https:\/\/franciscobelmonte.com\/tienda\/#\/schema\/logo\/image\/","url":"https:\/\/franciscobelmonte.com\/tienda\/wp-content\/uploads\/2021\/12\/Francisco-Belmonte-logo.png","contentUrl":"https:\/\/franciscobelmonte.com\/tienda\/wp-content\/uploads\/2021\/12\/Francisco-Belmonte-logo.png","width":2153,"height":536,"caption":"Boutique Francisco Belmonte"},"image":{"@id":"https:\/\/franciscobelmonte.com\/tienda\/#\/schema\/logo\/image\/"},"sameAs":["https:\/\/www.facebook.com\/motosfranciscobelmonte","https:\/\/www.instagram.com\/fco.belmonte\/"]}]}},"jetpack_sharing_enabled":true,"_links":{"self":[{"href":"https:\/\/franciscobelmonte.com\/tienda\/wp-json\/wp\/v2\/pages\/456","targetHints":{"allow":["GET"]}}],"collection":[{"href":"https:\/\/franciscobelmonte.com\/tienda\/wp-json\/wp\/v2\/pages"}],"about":[{"href":"https:\/\/franciscobelmonte.com\/tienda\/wp-json\/wp\/v2\/types\/page"}],"author":[{"embeddable":true,"href":"https:\/\/franciscobelmonte.com\/tienda\/wp-json\/wp\/v2\/users\/1"}],"replies":[{"embeddable":true,"href":"https:\/\/franciscobelmonte.com\/tienda\/wp-json\/wp\/v2\/comments?post=456"}],"version-history":[{"count":7,"href":"https:\/\/franciscobelmonte.com\/tienda\/wp-json\/wp\/v2\/pages\/456\/revisions"}],"predecessor-version":[{"id":10265,"href":"https:\/\/franciscobelmonte.com\/tienda\/wp-json\/wp\/v2\/pages\/456\/revisions\/10265"}],"wp:attachment":[{"href":"https:\/\/franciscobelmonte.com\/tienda\/wp-json\/wp\/v2\/media?parent=456"}],"curies":[{"name":"wp","href":"https:\/\/api.w.org\/{rel}","templated":true}]}}