{"id":10323,"date":"2023-07-20T11:54:16","date_gmt":"2023-07-20T09:54:16","guid":{"rendered":"https:\/\/franciscobelmonte.com\/tienda\/?post_type=product&#038;p=10323"},"modified":"2026-03-16T17:12:58","modified_gmt":"2026-03-16T15:12:58","slug":"casco-bmw-sao-paulo-blanco","status":"publish","type":"product","link":"https:\/\/franciscobelmonte.com\/tienda\/casco-bmw-sao-paulo-blanco\/","title":{"rendered":"CASCO BMW SAO PAULO BLANCO"},"content":{"rendered":"<h3>Casco BMW Sao Paulo Blanco<\/h3>\n<p>Moderno, c\u00f3modo y seguro por la gran ciudad.<br \/>\nDispone de visera larga y visera solar integrada.<br \/>\nLos elementos de ventilaci\u00f3n que se pueden cerrar en la parte superior de la cabeza y el aler\u00f3n evitan la acumulaci\u00f3n de calor.<br \/>\nEst\u00e1n dise\u00f1ados para ser extremadamente aerodin\u00e1micos.<br \/>\nCalota con refuerzos de fibra de vidrio.<br \/>\nAcolchado interior extra\u00edble y lavable.<\/p>\n","protected":false},"excerpt":{"rendered":"<p>Conducir con estilo, comodidad y seguridad por la gran ciudad: esto es lo que representa el casco Sao Paulo con su visera larga y su visor solar integrado. Los elementos de ventilaci\u00f3n que se pueden cerrar en la parte superior de la cabeza y el aler\u00f3n evitan la acumulaci\u00f3n de calor.\u00a0 Son extremadamente aerodin\u00e1micos.<\/p>\n<p><strong>EQUIVALENCIAS TALLAS<\/strong><\/p>\n<ul>\n<li>\u00a0 \u00a0 S &#8211; 56\/57<\/li>\n<li>\u00a0 \u00a0M &#8211; 57\/58<\/li>\n<li>\u00a0 \u00a0L &#8211;\u00a0 59\/60<\/li>\n<li>XL &#8211;\u00a0 60\/61<\/li>\n<\/ul>\n","protected":false},"featured_media":10328,"comment_status":"open","ping_status":"closed","template":"","meta":{"_themeisle_gutenberg_block_has_review":false},"pwb-brand":[184],"product_brand":[],"product_cat":[356,359,523],"product_tag":[847,627,872,628,878],"class_list":{"0":"post-10323","1":"product","2":"type-product","3":"status-publish","4":"has-post-thumbnail","6":"pwb-brand-bmw","7":"product_cat-boutique-bmw","8":"product_cat-cascos-bmw-motorrad","9":"product_cat-jet","10":"product_tag-1as-rebajas-bmw-50","11":"product_tag-casco-bmw-san-paulo-liso","12":"product_tag-feria-de-la-moto","13":"product_tag-liquidacion-cascos-bmw-san-paulo","14":"product_tag-pre-black-friday-bmw","16":"first","17":"instock","18":"sale","19":"taxable","20":"shipping-taxable","21":"purchasable","22":"product-type-variable","23":"has-default-attributes"},"yoast_head":"<!-- This site is optimized with the Yoast SEO plugin v27.4 - https:\/\/yoast.com\/product\/yoast-seo-wordpress\/ -->\n<title>CASCO BMW SAO PAULO BLANCO - Boutique Francisco Belmonte<\/title>\n<meta name=\"description\" content=\"Casco BMW Sao Paulo Blanco. Cascos de moto BMW en Boutique BMW Motorrad Francisco Belmonte en Murcia. Descubre sus diferentes modelos.\" \/>\n<meta name=\"robots\" content=\"index, follow, max-snippet:-1, max-image-preview:large, max-video-preview:-1\" \/>\n<link rel=\"canonical\" href=\"https:\/\/franciscobelmonte.com\/tienda\/casco-bmw-sao-paulo-blanco\/\" \/>\n<meta property=\"og:locale\" content=\"es_ES\" \/>\n<meta property=\"og:type\" content=\"article\" \/>\n<meta property=\"og:title\" content=\"CASCO BMW SAO PAULO BLANCO - Boutique Francisco Belmonte\" \/>\n<meta property=\"og:description\" content=\"Casco BMW Sao Paulo Blanco. Cascos de moto BMW en Boutique BMW Motorrad Francisco Belmonte en Murcia. Descubre sus diferentes modelos.\" \/>\n<meta property=\"og:url\" content=\"https:\/\/franciscobelmonte.com\/tienda\/casco-bmw-sao-paulo-blanco\/\" \/>\n<meta property=\"og:site_name\" content=\"Boutique Francisco Belmonte\" \/>\n<meta property=\"article:publisher\" content=\"https:\/\/www.facebook.com\/motosfranciscobelmonte\" \/>\n<meta property=\"article:modified_time\" content=\"2026-03-16T15:12:58+00:00\" \/>\n<meta property=\"og:image\" content=\"https:\/\/franciscobelmonte.com\/tienda\/wp-content\/uploads\/2023\/07\/casco-bmw-sao-paulo-blanco.jpg\" \/>\n\t<meta property=\"og:image:width\" content=\"800\" \/>\n\t<meta property=\"og:image:height\" content=\"800\" \/>\n\t<meta property=\"og:image:type\" content=\"image\/jpeg\" \/>\n<meta name=\"twitter:card\" content=\"summary_large_image\" \/>\n<meta name=\"twitter:label1\" content=\"Tiempo de lectura\" \/>\n\t<meta name=\"twitter:data1\" content=\"1 minuto\" \/>\n<script type=\"application\/ld+json\" class=\"yoast-schema-graph\">{\"@context\":\"https:\\\/\\\/schema.org\",\"@graph\":[{\"@type\":\"WebPage\",\"@id\":\"https:\\\/\\\/franciscobelmonte.com\\\/tienda\\\/casco-bmw-sao-paulo-blanco\\\/\",\"url\":\"https:\\\/\\\/franciscobelmonte.com\\\/tienda\\\/casco-bmw-sao-paulo-blanco\\\/\",\"name\":\"CASCO BMW SAO PAULO BLANCO - Boutique Francisco Belmonte\",\"isPartOf\":{\"@id\":\"https:\\\/\\\/franciscobelmonte.com\\\/tienda\\\/#website\"},\"primaryImageOfPage\":{\"@id\":\"https:\\\/\\\/franciscobelmonte.com\\\/tienda\\\/casco-bmw-sao-paulo-blanco\\\/#primaryimage\"},\"image\":{\"@id\":\"https:\\\/\\\/franciscobelmonte.com\\\/tienda\\\/casco-bmw-sao-paulo-blanco\\\/#primaryimage\"},\"thumbnailUrl\":\"https:\\\/\\\/franciscobelmonte.com\\\/tienda\\\/wp-content\\\/uploads\\\/2023\\\/07\\\/casco-bmw-sao-paulo-blanco.jpg\",\"datePublished\":\"2023-07-20T09:54:16+00:00\",\"dateModified\":\"2026-03-16T15:12:58+00:00\",\"description\":\"Casco BMW Sao Paulo Blanco. Cascos de moto BMW en Boutique BMW Motorrad Francisco Belmonte en Murcia. Descubre sus diferentes modelos.\",\"breadcrumb\":{\"@id\":\"https:\\\/\\\/franciscobelmonte.com\\\/tienda\\\/casco-bmw-sao-paulo-blanco\\\/#breadcrumb\"},\"inLanguage\":\"es\",\"potentialAction\":[{\"@type\":\"ReadAction\",\"target\":[\"https:\\\/\\\/franciscobelmonte.com\\\/tienda\\\/casco-bmw-sao-paulo-blanco\\\/\"]}]},{\"@type\":\"ImageObject\",\"inLanguage\":\"es\",\"@id\":\"https:\\\/\\\/franciscobelmonte.com\\\/tienda\\\/casco-bmw-sao-paulo-blanco\\\/#primaryimage\",\"url\":\"https:\\\/\\\/franciscobelmonte.com\\\/tienda\\\/wp-content\\\/uploads\\\/2023\\\/07\\\/casco-bmw-sao-paulo-blanco.jpg\",\"contentUrl\":\"https:\\\/\\\/franciscobelmonte.com\\\/tienda\\\/wp-content\\\/uploads\\\/2023\\\/07\\\/casco-bmw-sao-paulo-blanco.jpg\",\"width\":800,\"height\":800,\"caption\":\"casco bmw sao paulo blanco en murcia francisco belmonte\"},{\"@type\":\"BreadcrumbList\",\"@id\":\"https:\\\/\\\/franciscobelmonte.com\\\/tienda\\\/casco-bmw-sao-paulo-blanco\\\/#breadcrumb\",\"itemListElement\":[{\"@type\":\"ListItem\",\"position\":1,\"name\":\"Portada\",\"item\":\"https:\\\/\\\/franciscobelmonte.com\\\/tienda\\\/\"},{\"@type\":\"ListItem\",\"position\":2,\"name\":\"Tienda\",\"item\":\"https:\\\/\\\/franciscobelmonte.com\\\/tienda\\\/boutique-equipamiento-motero\\\/\"},{\"@type\":\"ListItem\",\"position\":3,\"name\":\"CASCO BMW SAO PAULO BLANCO\"}]},{\"@type\":\"WebSite\",\"@id\":\"https:\\\/\\\/franciscobelmonte.com\\\/tienda\\\/#website\",\"url\":\"https:\\\/\\\/franciscobelmonte.com\\\/tienda\\\/\",\"name\":\"Boutique Francisco Belmonte\",\"description\":\"Todo en complementos para motoristas\",\"publisher\":{\"@id\":\"https:\\\/\\\/franciscobelmonte.com\\\/tienda\\\/#organization\"},\"potentialAction\":[{\"@type\":\"SearchAction\",\"target\":{\"@type\":\"EntryPoint\",\"urlTemplate\":\"https:\\\/\\\/franciscobelmonte.com\\\/tienda\\\/?s={search_term_string}\"},\"query-input\":{\"@type\":\"PropertyValueSpecification\",\"valueRequired\":true,\"valueName\":\"search_term_string\"}}],\"inLanguage\":\"es\"},{\"@type\":\"Organization\",\"@id\":\"https:\\\/\\\/franciscobelmonte.com\\\/tienda\\\/#organization\",\"name\":\"Boutique Francisco Belmonte\",\"url\":\"https:\\\/\\\/franciscobelmonte.com\\\/tienda\\\/\",\"logo\":{\"@type\":\"ImageObject\",\"inLanguage\":\"es\",\"@id\":\"https:\\\/\\\/franciscobelmonte.com\\\/tienda\\\/#\\\/schema\\\/logo\\\/image\\\/\",\"url\":\"https:\\\/\\\/franciscobelmonte.com\\\/tienda\\\/wp-content\\\/uploads\\\/2021\\\/12\\\/Francisco-Belmonte-logo.png\",\"contentUrl\":\"https:\\\/\\\/franciscobelmonte.com\\\/tienda\\\/wp-content\\\/uploads\\\/2021\\\/12\\\/Francisco-Belmonte-logo.png\",\"width\":2153,\"height\":536,\"caption\":\"Boutique Francisco Belmonte\"},\"image\":{\"@id\":\"https:\\\/\\\/franciscobelmonte.com\\\/tienda\\\/#\\\/schema\\\/logo\\\/image\\\/\"},\"sameAs\":[\"https:\\\/\\\/www.facebook.com\\\/motosfranciscobelmonte\",\"https:\\\/\\\/www.instagram.com\\\/fco.belmonte\\\/\"]}]}<\/script>\n<!-- \/ Yoast SEO plugin. -->","yoast_head_json":{"title":"CASCO BMW SAO PAULO BLANCO - Boutique Francisco Belmonte","description":"Casco BMW Sao Paulo Blanco. Cascos de moto BMW en Boutique BMW Motorrad Francisco Belmonte en Murcia. Descubre sus diferentes modelos.","robots":{"index":"index","follow":"follow","max-snippet":"max-snippet:-1","max-image-preview":"max-image-preview:large","max-video-preview":"max-video-preview:-1"},"canonical":"https:\/\/franciscobelmonte.com\/tienda\/casco-bmw-sao-paulo-blanco\/","og_locale":"es_ES","og_type":"article","og_title":"CASCO BMW SAO PAULO BLANCO - Boutique Francisco Belmonte","og_description":"Casco BMW Sao Paulo Blanco. Cascos de moto BMW en Boutique BMW Motorrad Francisco Belmonte en Murcia. Descubre sus diferentes modelos.","og_url":"https:\/\/franciscobelmonte.com\/tienda\/casco-bmw-sao-paulo-blanco\/","og_site_name":"Boutique Francisco Belmonte","article_publisher":"https:\/\/www.facebook.com\/motosfranciscobelmonte","article_modified_time":"2026-03-16T15:12:58+00:00","og_image":[{"width":800,"height":800,"url":"https:\/\/franciscobelmonte.com\/tienda\/wp-content\/uploads\/2023\/07\/casco-bmw-sao-paulo-blanco.jpg","type":"image\/jpeg"}],"twitter_card":"summary_large_image","twitter_misc":{"Tiempo de lectura":"1 minuto"},"schema":{"@context":"https:\/\/schema.org","@graph":[{"@type":"WebPage","@id":"https:\/\/franciscobelmonte.com\/tienda\/casco-bmw-sao-paulo-blanco\/","url":"https:\/\/franciscobelmonte.com\/tienda\/casco-bmw-sao-paulo-blanco\/","name":"CASCO BMW SAO PAULO BLANCO - Boutique Francisco Belmonte","isPartOf":{"@id":"https:\/\/franciscobelmonte.com\/tienda\/#website"},"primaryImageOfPage":{"@id":"https:\/\/franciscobelmonte.com\/tienda\/casco-bmw-sao-paulo-blanco\/#primaryimage"},"image":{"@id":"https:\/\/franciscobelmonte.com\/tienda\/casco-bmw-sao-paulo-blanco\/#primaryimage"},"thumbnailUrl":"https:\/\/franciscobelmonte.com\/tienda\/wp-content\/uploads\/2023\/07\/casco-bmw-sao-paulo-blanco.jpg","datePublished":"2023-07-20T09:54:16+00:00","dateModified":"2026-03-16T15:12:58+00:00","description":"Casco BMW Sao Paulo Blanco. Cascos de moto BMW en Boutique BMW Motorrad Francisco Belmonte en Murcia. Descubre sus diferentes modelos.","breadcrumb":{"@id":"https:\/\/franciscobelmonte.com\/tienda\/casco-bmw-sao-paulo-blanco\/#breadcrumb"},"inLanguage":"es","potentialAction":[{"@type":"ReadAction","target":["https:\/\/franciscobelmonte.com\/tienda\/casco-bmw-sao-paulo-blanco\/"]}]},{"@type":"ImageObject","inLanguage":"es","@id":"https:\/\/franciscobelmonte.com\/tienda\/casco-bmw-sao-paulo-blanco\/#primaryimage","url":"https:\/\/franciscobelmonte.com\/tienda\/wp-content\/uploads\/2023\/07\/casco-bmw-sao-paulo-blanco.jpg","contentUrl":"https:\/\/franciscobelmonte.com\/tienda\/wp-content\/uploads\/2023\/07\/casco-bmw-sao-paulo-blanco.jpg","width":800,"height":800,"caption":"casco bmw sao paulo blanco en murcia francisco belmonte"},{"@type":"BreadcrumbList","@id":"https:\/\/franciscobelmonte.com\/tienda\/casco-bmw-sao-paulo-blanco\/#breadcrumb","itemListElement":[{"@type":"ListItem","position":1,"name":"Portada","item":"https:\/\/franciscobelmonte.com\/tienda\/"},{"@type":"ListItem","position":2,"name":"Tienda","item":"https:\/\/franciscobelmonte.com\/tienda\/boutique-equipamiento-motero\/"},{"@type":"ListItem","position":3,"name":"CASCO BMW SAO PAULO BLANCO"}]},{"@type":"WebSite","@id":"https:\/\/franciscobelmonte.com\/tienda\/#website","url":"https:\/\/franciscobelmonte.com\/tienda\/","name":"Boutique Francisco Belmonte","description":"Todo en complementos para motoristas","publisher":{"@id":"https:\/\/franciscobelmonte.com\/tienda\/#organization"},"potentialAction":[{"@type":"SearchAction","target":{"@type":"EntryPoint","urlTemplate":"https:\/\/franciscobelmonte.com\/tienda\/?s={search_term_string}"},"query-input":{"@type":"PropertyValueSpecification","valueRequired":true,"valueName":"search_term_string"}}],"inLanguage":"es"},{"@type":"Organization","@id":"https:\/\/franciscobelmonte.com\/tienda\/#organization","name":"Boutique Francisco Belmonte","url":"https:\/\/franciscobelmonte.com\/tienda\/","logo":{"@type":"ImageObject","inLanguage":"es","@id":"https:\/\/franciscobelmonte.com\/tienda\/#\/schema\/logo\/image\/","url":"https:\/\/franciscobelmonte.com\/tienda\/wp-content\/uploads\/2021\/12\/Francisco-Belmonte-logo.png","contentUrl":"https:\/\/franciscobelmonte.com\/tienda\/wp-content\/uploads\/2021\/12\/Francisco-Belmonte-logo.png","width":2153,"height":536,"caption":"Boutique Francisco Belmonte"},"image":{"@id":"https:\/\/franciscobelmonte.com\/tienda\/#\/schema\/logo\/image\/"},"sameAs":["https:\/\/www.facebook.com\/motosfranciscobelmonte","https:\/\/www.instagram.com\/fco.belmonte\/"]}]}},"jetpack_sharing_enabled":true,"brands":[{"id":184,"name":"Bmw","slug":"bmw"}],"_links":{"self":[{"href":"https:\/\/franciscobelmonte.com\/tienda\/wp-json\/wp\/v2\/product\/10323","targetHints":{"allow":["GET"]}}],"collection":[{"href":"https:\/\/franciscobelmonte.com\/tienda\/wp-json\/wp\/v2\/product"}],"about":[{"href":"https:\/\/franciscobelmonte.com\/tienda\/wp-json\/wp\/v2\/types\/product"}],"replies":[{"embeddable":true,"href":"https:\/\/franciscobelmonte.com\/tienda\/wp-json\/wp\/v2\/comments?post=10323"}],"wp:featuredmedia":[{"embeddable":true,"href":"https:\/\/franciscobelmonte.com\/tienda\/wp-json\/wp\/v2\/media\/10328"}],"wp:attachment":[{"href":"https:\/\/franciscobelmonte.com\/tienda\/wp-json\/wp\/v2\/media?parent=10323"}],"wp:term":[{"taxonomy":"pwb-brand","embeddable":true,"href":"https:\/\/franciscobelmonte.com\/tienda\/wp-json\/wp\/v2\/pwb-brand?post=10323"},{"taxonomy":"product_brand","embeddable":true,"href":"https:\/\/franciscobelmonte.com\/tienda\/wp-json\/wp\/v2\/product_brand?post=10323"},{"taxonomy":"product_cat","embeddable":true,"href":"https:\/\/franciscobelmonte.com\/tienda\/wp-json\/wp\/v2\/product_cat?post=10323"},{"taxonomy":"product_tag","embeddable":true,"href":"https:\/\/franciscobelmonte.com\/tienda\/wp-json\/wp\/v2\/product_tag?post=10323"}],"curies":[{"name":"wp","href":"https:\/\/api.w.org\/{rel}","templated":true}]}}