{"id":11149,"date":"2023-11-13T20:03:53","date_gmt":"2023-11-13T18:03:53","guid":{"rendered":"https:\/\/franciscobelmonte.com\/tienda\/?post_type=product&#038;p=11149"},"modified":"2026-03-16T15:03:37","modified_gmt":"2026-03-16T13:03:37","slug":"chaqueta-bmw-aravis-air-blanco","status":"publish","type":"product","link":"https:\/\/franciscobelmonte.com\/tienda\/chaqueta-bmw-aravis-air-blanco\/","title":{"rendered":"CHAQUETA BMW ARAVIS AIR BLANCO"},"content":{"rendered":"<h2>Chaqueta BMW Aravis Air Blanco<\/h2>\n<p><strong>Caracter\u00edsticas<\/strong><\/p>\n<ul>\n<li>Chaqueta ligera de verano<\/li>\n<li>La chaqueta tambi\u00e9n se puede transportar c\u00f3modamente como mochila gracias a dos cinturones integrados<\/li>\n<li>Incluye una chaqueta protectora para pon\u00e9rsela encima en caso de temperaturas m\u00e1s fr\u00edas<\/li>\n<li>Recubrimiento resistente al agua y a la suciedad<\/li>\n<\/ul>\n<p><strong>Funciones de seguridad<\/strong><\/p>\n<ul>\n<li>Protectores NP3 extra\u00edbles en hombros, codos y espalda<\/li>\n<li>Estampados reflectantes para una mejor visibilidad<\/li>\n<li>Material exterior sumamente resistente al roce<\/li>\n<li>Clase de protecci\u00f3n AA<\/li>\n<\/ul>\n<p><strong>Funcionalidad<\/strong><\/p>\n<ul>\n<li>Inserciones el\u00e1sticas debajo de los brazos para una libertad de movimiento \u00f3ptima<\/li>\n<li>El forro de malla y las inserciones de malla en el pecho y los brazos estimulan la circulaci\u00f3n del aire<\/li>\n<li>La chaqueta protectora ligera resistente al viento se puede guardar en el bolsillo trasero<\/li>\n<li>Dobladillos de manga ajustables en anchura con cierre de velcro<\/li>\n<li>Dos bolsillos laterales<\/li>\n<li>Un bolsillo trasero<\/li>\n<li>Tres bolsillos interiores, uno con cremallera<\/li>\n<li>Cremallera de uni\u00f3n corta y perimetral<\/li>\n<\/ul>\n<p><strong>Otros datos<\/strong><\/p>\n<ul>\n<li>Material exterior: 100% poliamida<\/li>\n<li>Inserciones el\u00e1sticas: 91% poliamida, 9% elast\u00e1n<\/li>\n<\/ul>\n<p>&nbsp;<\/p>\n<p>&nbsp;<\/p>\n<p>&nbsp;<\/p>\n<p>&nbsp;<\/p>\n<p>&nbsp;<\/p>\n<p>&nbsp;<\/p>\n<p>&nbsp;<\/p>\n<p>&nbsp;<\/p>\n<p>&nbsp;<\/p>\n","protected":false},"excerpt":{"rendered":"<p>La chaqueta Aravis AIR aporta frescura a las c\u00e1lidas fases de la temporada de motociclismo. Gracias a la malla grande y las inserciones el\u00e1sticas, no solo proporciona una libertad de movimiento \u00f3ptima, sino tambi\u00e9n una agradable circulaci\u00f3n del aire. Especialmente pr\u00e1ctico: Con dos bandoleras integradas, la chaqueta se puede llevar como mochila en caso de necesidad.<\/p>\n","protected":false},"featured_media":11153,"comment_status":"open","ping_status":"closed","template":"","meta":{"_themeisle_gutenberg_block_has_review":false},"pwb-brand":[184],"product_brand":[],"product_cat":[356,357,540],"product_tag":[633,886,838,887],"class_list":{"0":"post-11149","1":"product","2":"type-product","3":"status-publish","4":"has-post-thumbnail","6":"pwb-brand-bmw","7":"product_cat-boutique-bmw","8":"product_cat-chaquetas-bmw-motorrad","9":"product_cat-verano-chaquetas-bmw-motorrad","10":"product_tag-bmw","11":"product_tag-dto-navideno-bmw-40","12":"product_tag-inicio-temporada-bmw","13":"product_tag-rebajas-bmw-40","15":"first","16":"instock","17":"sale","18":"taxable","19":"shipping-taxable","20":"purchasable","21":"product-type-variable","22":"has-default-attributes"},"yoast_head":"<!-- This site is optimized with the Yoast SEO plugin v27.4 - https:\/\/yoast.com\/product\/yoast-seo-wordpress\/ -->\n<title>CHAQUETA BMW ARAVIS AIR BLANCO - Boutique Francisco Belmonte<\/title>\n<meta name=\"description\" content=\"Guantes BMW Aravis Air Blanco. Chaquetas de moto BMW en Boutique Francisco Belmonte en Murcia, en sus diferentes colores, al mejor precio.\" \/>\n<meta name=\"robots\" content=\"index, follow, max-snippet:-1, max-image-preview:large, max-video-preview:-1\" \/>\n<link rel=\"canonical\" href=\"https:\/\/franciscobelmonte.com\/tienda\/chaqueta-bmw-aravis-air-blanco\/\" \/>\n<meta property=\"og:locale\" content=\"es_ES\" \/>\n<meta property=\"og:type\" content=\"article\" \/>\n<meta property=\"og:title\" content=\"CHAQUETA BMW ARAVIS AIR BLANCO - Boutique Francisco Belmonte\" \/>\n<meta property=\"og:description\" content=\"Guantes BMW Aravis Air Blanco. Chaquetas de moto BMW en Boutique Francisco Belmonte en Murcia, en sus diferentes colores, al mejor precio.\" \/>\n<meta property=\"og:url\" content=\"https:\/\/franciscobelmonte.com\/tienda\/chaqueta-bmw-aravis-air-blanco\/\" \/>\n<meta property=\"og:site_name\" content=\"Boutique Francisco Belmonte\" \/>\n<meta property=\"article:publisher\" content=\"https:\/\/www.facebook.com\/motosfranciscobelmonte\" \/>\n<meta property=\"article:modified_time\" content=\"2026-03-16T13:03:37+00:00\" \/>\n<meta property=\"og:image\" content=\"https:\/\/franciscobelmonte.com\/tienda\/wp-content\/uploads\/2023\/11\/chaqueta-bmw-aravis-air-blanco.jpg\" \/>\n\t<meta property=\"og:image:width\" content=\"800\" \/>\n\t<meta property=\"og:image:height\" content=\"800\" \/>\n\t<meta property=\"og:image:type\" content=\"image\/jpeg\" \/>\n<meta name=\"twitter:card\" content=\"summary_large_image\" \/>\n<meta name=\"twitter:label1\" content=\"Tiempo de lectura\" \/>\n\t<meta name=\"twitter:data1\" content=\"1 minuto\" \/>\n<script type=\"application\/ld+json\" class=\"yoast-schema-graph\">{\"@context\":\"https:\\\/\\\/schema.org\",\"@graph\":[{\"@type\":\"WebPage\",\"@id\":\"https:\\\/\\\/franciscobelmonte.com\\\/tienda\\\/chaqueta-bmw-aravis-air-blanco\\\/\",\"url\":\"https:\\\/\\\/franciscobelmonte.com\\\/tienda\\\/chaqueta-bmw-aravis-air-blanco\\\/\",\"name\":\"CHAQUETA BMW ARAVIS AIR BLANCO - Boutique Francisco Belmonte\",\"isPartOf\":{\"@id\":\"https:\\\/\\\/franciscobelmonte.com\\\/tienda\\\/#website\"},\"primaryImageOfPage\":{\"@id\":\"https:\\\/\\\/franciscobelmonte.com\\\/tienda\\\/chaqueta-bmw-aravis-air-blanco\\\/#primaryimage\"},\"image\":{\"@id\":\"https:\\\/\\\/franciscobelmonte.com\\\/tienda\\\/chaqueta-bmw-aravis-air-blanco\\\/#primaryimage\"},\"thumbnailUrl\":\"https:\\\/\\\/franciscobelmonte.com\\\/tienda\\\/wp-content\\\/uploads\\\/2023\\\/11\\\/chaqueta-bmw-aravis-air-blanco.jpg\",\"datePublished\":\"2023-11-13T18:03:53+00:00\",\"dateModified\":\"2026-03-16T13:03:37+00:00\",\"description\":\"Guantes BMW Aravis Air Blanco. Chaquetas de moto BMW en Boutique Francisco Belmonte en Murcia, en sus diferentes colores, al mejor precio.\",\"breadcrumb\":{\"@id\":\"https:\\\/\\\/franciscobelmonte.com\\\/tienda\\\/chaqueta-bmw-aravis-air-blanco\\\/#breadcrumb\"},\"inLanguage\":\"es\",\"potentialAction\":[{\"@type\":\"ReadAction\",\"target\":[\"https:\\\/\\\/franciscobelmonte.com\\\/tienda\\\/chaqueta-bmw-aravis-air-blanco\\\/\"]}]},{\"@type\":\"ImageObject\",\"inLanguage\":\"es\",\"@id\":\"https:\\\/\\\/franciscobelmonte.com\\\/tienda\\\/chaqueta-bmw-aravis-air-blanco\\\/#primaryimage\",\"url\":\"https:\\\/\\\/franciscobelmonte.com\\\/tienda\\\/wp-content\\\/uploads\\\/2023\\\/11\\\/chaqueta-bmw-aravis-air-blanco.jpg\",\"contentUrl\":\"https:\\\/\\\/franciscobelmonte.com\\\/tienda\\\/wp-content\\\/uploads\\\/2023\\\/11\\\/chaqueta-bmw-aravis-air-blanco.jpg\",\"width\":800,\"height\":800,\"caption\":\"chaqueta bmw aravis air blanco en murcia francisco belmonte\"},{\"@type\":\"BreadcrumbList\",\"@id\":\"https:\\\/\\\/franciscobelmonte.com\\\/tienda\\\/chaqueta-bmw-aravis-air-blanco\\\/#breadcrumb\",\"itemListElement\":[{\"@type\":\"ListItem\",\"position\":1,\"name\":\"Portada\",\"item\":\"https:\\\/\\\/franciscobelmonte.com\\\/tienda\\\/\"},{\"@type\":\"ListItem\",\"position\":2,\"name\":\"Tienda\",\"item\":\"https:\\\/\\\/franciscobelmonte.com\\\/tienda\\\/boutique-equipamiento-motero\\\/\"},{\"@type\":\"ListItem\",\"position\":3,\"name\":\"CHAQUETA BMW ARAVIS AIR BLANCO\"}]},{\"@type\":\"WebSite\",\"@id\":\"https:\\\/\\\/franciscobelmonte.com\\\/tienda\\\/#website\",\"url\":\"https:\\\/\\\/franciscobelmonte.com\\\/tienda\\\/\",\"name\":\"Boutique Francisco Belmonte\",\"description\":\"Todo en complementos para motoristas\",\"publisher\":{\"@id\":\"https:\\\/\\\/franciscobelmonte.com\\\/tienda\\\/#organization\"},\"potentialAction\":[{\"@type\":\"SearchAction\",\"target\":{\"@type\":\"EntryPoint\",\"urlTemplate\":\"https:\\\/\\\/franciscobelmonte.com\\\/tienda\\\/?s={search_term_string}\"},\"query-input\":{\"@type\":\"PropertyValueSpecification\",\"valueRequired\":true,\"valueName\":\"search_term_string\"}}],\"inLanguage\":\"es\"},{\"@type\":\"Organization\",\"@id\":\"https:\\\/\\\/franciscobelmonte.com\\\/tienda\\\/#organization\",\"name\":\"Boutique Francisco Belmonte\",\"url\":\"https:\\\/\\\/franciscobelmonte.com\\\/tienda\\\/\",\"logo\":{\"@type\":\"ImageObject\",\"inLanguage\":\"es\",\"@id\":\"https:\\\/\\\/franciscobelmonte.com\\\/tienda\\\/#\\\/schema\\\/logo\\\/image\\\/\",\"url\":\"https:\\\/\\\/franciscobelmonte.com\\\/tienda\\\/wp-content\\\/uploads\\\/2021\\\/12\\\/Francisco-Belmonte-logo.png\",\"contentUrl\":\"https:\\\/\\\/franciscobelmonte.com\\\/tienda\\\/wp-content\\\/uploads\\\/2021\\\/12\\\/Francisco-Belmonte-logo.png\",\"width\":2153,\"height\":536,\"caption\":\"Boutique Francisco Belmonte\"},\"image\":{\"@id\":\"https:\\\/\\\/franciscobelmonte.com\\\/tienda\\\/#\\\/schema\\\/logo\\\/image\\\/\"},\"sameAs\":[\"https:\\\/\\\/www.facebook.com\\\/motosfranciscobelmonte\",\"https:\\\/\\\/www.instagram.com\\\/fco.belmonte\\\/\"]}]}<\/script>\n<!-- \/ Yoast SEO plugin. -->","yoast_head_json":{"title":"CHAQUETA BMW ARAVIS AIR BLANCO - Boutique Francisco Belmonte","description":"Guantes BMW Aravis Air Blanco. Chaquetas de moto BMW en Boutique Francisco Belmonte en Murcia, en sus diferentes colores, al mejor precio.","robots":{"index":"index","follow":"follow","max-snippet":"max-snippet:-1","max-image-preview":"max-image-preview:large","max-video-preview":"max-video-preview:-1"},"canonical":"https:\/\/franciscobelmonte.com\/tienda\/chaqueta-bmw-aravis-air-blanco\/","og_locale":"es_ES","og_type":"article","og_title":"CHAQUETA BMW ARAVIS AIR BLANCO - Boutique Francisco Belmonte","og_description":"Guantes BMW Aravis Air Blanco. Chaquetas de moto BMW en Boutique Francisco Belmonte en Murcia, en sus diferentes colores, al mejor precio.","og_url":"https:\/\/franciscobelmonte.com\/tienda\/chaqueta-bmw-aravis-air-blanco\/","og_site_name":"Boutique Francisco Belmonte","article_publisher":"https:\/\/www.facebook.com\/motosfranciscobelmonte","article_modified_time":"2026-03-16T13:03:37+00:00","og_image":[{"width":800,"height":800,"url":"https:\/\/franciscobelmonte.com\/tienda\/wp-content\/uploads\/2023\/11\/chaqueta-bmw-aravis-air-blanco.jpg","type":"image\/jpeg"}],"twitter_card":"summary_large_image","twitter_misc":{"Tiempo de lectura":"1 minuto"},"schema":{"@context":"https:\/\/schema.org","@graph":[{"@type":"WebPage","@id":"https:\/\/franciscobelmonte.com\/tienda\/chaqueta-bmw-aravis-air-blanco\/","url":"https:\/\/franciscobelmonte.com\/tienda\/chaqueta-bmw-aravis-air-blanco\/","name":"CHAQUETA BMW ARAVIS AIR BLANCO - Boutique Francisco Belmonte","isPartOf":{"@id":"https:\/\/franciscobelmonte.com\/tienda\/#website"},"primaryImageOfPage":{"@id":"https:\/\/franciscobelmonte.com\/tienda\/chaqueta-bmw-aravis-air-blanco\/#primaryimage"},"image":{"@id":"https:\/\/franciscobelmonte.com\/tienda\/chaqueta-bmw-aravis-air-blanco\/#primaryimage"},"thumbnailUrl":"https:\/\/franciscobelmonte.com\/tienda\/wp-content\/uploads\/2023\/11\/chaqueta-bmw-aravis-air-blanco.jpg","datePublished":"2023-11-13T18:03:53+00:00","dateModified":"2026-03-16T13:03:37+00:00","description":"Guantes BMW Aravis Air Blanco. Chaquetas de moto BMW en Boutique Francisco Belmonte en Murcia, en sus diferentes colores, al mejor precio.","breadcrumb":{"@id":"https:\/\/franciscobelmonte.com\/tienda\/chaqueta-bmw-aravis-air-blanco\/#breadcrumb"},"inLanguage":"es","potentialAction":[{"@type":"ReadAction","target":["https:\/\/franciscobelmonte.com\/tienda\/chaqueta-bmw-aravis-air-blanco\/"]}]},{"@type":"ImageObject","inLanguage":"es","@id":"https:\/\/franciscobelmonte.com\/tienda\/chaqueta-bmw-aravis-air-blanco\/#primaryimage","url":"https:\/\/franciscobelmonte.com\/tienda\/wp-content\/uploads\/2023\/11\/chaqueta-bmw-aravis-air-blanco.jpg","contentUrl":"https:\/\/franciscobelmonte.com\/tienda\/wp-content\/uploads\/2023\/11\/chaqueta-bmw-aravis-air-blanco.jpg","width":800,"height":800,"caption":"chaqueta bmw aravis air blanco en murcia francisco belmonte"},{"@type":"BreadcrumbList","@id":"https:\/\/franciscobelmonte.com\/tienda\/chaqueta-bmw-aravis-air-blanco\/#breadcrumb","itemListElement":[{"@type":"ListItem","position":1,"name":"Portada","item":"https:\/\/franciscobelmonte.com\/tienda\/"},{"@type":"ListItem","position":2,"name":"Tienda","item":"https:\/\/franciscobelmonte.com\/tienda\/boutique-equipamiento-motero\/"},{"@type":"ListItem","position":3,"name":"CHAQUETA BMW ARAVIS AIR BLANCO"}]},{"@type":"WebSite","@id":"https:\/\/franciscobelmonte.com\/tienda\/#website","url":"https:\/\/franciscobelmonte.com\/tienda\/","name":"Boutique Francisco Belmonte","description":"Todo en complementos para motoristas","publisher":{"@id":"https:\/\/franciscobelmonte.com\/tienda\/#organization"},"potentialAction":[{"@type":"SearchAction","target":{"@type":"EntryPoint","urlTemplate":"https:\/\/franciscobelmonte.com\/tienda\/?s={search_term_string}"},"query-input":{"@type":"PropertyValueSpecification","valueRequired":true,"valueName":"search_term_string"}}],"inLanguage":"es"},{"@type":"Organization","@id":"https:\/\/franciscobelmonte.com\/tienda\/#organization","name":"Boutique Francisco Belmonte","url":"https:\/\/franciscobelmonte.com\/tienda\/","logo":{"@type":"ImageObject","inLanguage":"es","@id":"https:\/\/franciscobelmonte.com\/tienda\/#\/schema\/logo\/image\/","url":"https:\/\/franciscobelmonte.com\/tienda\/wp-content\/uploads\/2021\/12\/Francisco-Belmonte-logo.png","contentUrl":"https:\/\/franciscobelmonte.com\/tienda\/wp-content\/uploads\/2021\/12\/Francisco-Belmonte-logo.png","width":2153,"height":536,"caption":"Boutique Francisco Belmonte"},"image":{"@id":"https:\/\/franciscobelmonte.com\/tienda\/#\/schema\/logo\/image\/"},"sameAs":["https:\/\/www.facebook.com\/motosfranciscobelmonte","https:\/\/www.instagram.com\/fco.belmonte\/"]}]}},"jetpack_sharing_enabled":true,"brands":[{"id":184,"name":"Bmw","slug":"bmw"}],"_links":{"self":[{"href":"https:\/\/franciscobelmonte.com\/tienda\/wp-json\/wp\/v2\/product\/11149","targetHints":{"allow":["GET"]}}],"collection":[{"href":"https:\/\/franciscobelmonte.com\/tienda\/wp-json\/wp\/v2\/product"}],"about":[{"href":"https:\/\/franciscobelmonte.com\/tienda\/wp-json\/wp\/v2\/types\/product"}],"replies":[{"embeddable":true,"href":"https:\/\/franciscobelmonte.com\/tienda\/wp-json\/wp\/v2\/comments?post=11149"}],"wp:featuredmedia":[{"embeddable":true,"href":"https:\/\/franciscobelmonte.com\/tienda\/wp-json\/wp\/v2\/media\/11153"}],"wp:attachment":[{"href":"https:\/\/franciscobelmonte.com\/tienda\/wp-json\/wp\/v2\/media?parent=11149"}],"wp:term":[{"taxonomy":"pwb-brand","embeddable":true,"href":"https:\/\/franciscobelmonte.com\/tienda\/wp-json\/wp\/v2\/pwb-brand?post=11149"},{"taxonomy":"product_brand","embeddable":true,"href":"https:\/\/franciscobelmonte.com\/tienda\/wp-json\/wp\/v2\/product_brand?post=11149"},{"taxonomy":"product_cat","embeddable":true,"href":"https:\/\/franciscobelmonte.com\/tienda\/wp-json\/wp\/v2\/product_cat?post=11149"},{"taxonomy":"product_tag","embeddable":true,"href":"https:\/\/franciscobelmonte.com\/tienda\/wp-json\/wp\/v2\/product_tag?post=11149"}],"curies":[{"name":"wp","href":"https:\/\/api.w.org\/{rel}","templated":true}]}}