{"id":1125,"date":"2022-02-24T10:27:08","date_gmt":"2022-02-24T10:27:08","guid":{"rendered":"https:\/\/franciscobelmonte.com\/?post_type=product&#038;p=1125"},"modified":"2026-01-09T13:02:00","modified_gmt":"2026-01-09T11:02:00","slug":"air-frame-d1-tex-negro","status":"publish","type":"product","link":"https:\/\/franciscobelmonte.com\/tienda\/air-frame-d1-tex-negro\/","title":{"rendered":"CHAQUETA DAINESE AIR FRAME D1 TEX NEGRO"},"content":{"rendered":"<h1>Chaqueta Dainese Air Frame D1 Tex Negro<\/h1>\n<p align=\"left\">Chaqueta de verano muy ligera y confortable confeccionada en combinaci\u00f3n de tejido QuickDry y tejido de malla para una mayor ventilaci\u00f3n. La chaqueta Air-Frame D1 Tex destaca por incorporar membrana cortaviento extra\u00edble. Incorpora protecciones compuestas certificadas en hombros y codos. Se trata de la evoluci\u00f3n del exitoso modelo Air-Frame Tex.<\/p>\n<p align=\"left\"><strong>Materiales<\/strong><\/p>\n<ul>\n<li>Tejido QuickDry.<\/li>\n<li>Inserciones en tejido de malla.<\/li>\n<\/ul>\n<p align=\"left\"><strong>Protecci\u00f3n<\/strong><\/p>\n<ul>\n<li>Protecciones compuestas desmontables en codos y hombros certificadas seg\u00fan la normativa EN 1621.1.<\/li>\n<li>Predisposici\u00f3n para montar un protector de espalda tipo G (no incluido).<\/li>\n<\/ul>\n<p align=\"left\"><strong>Confort<\/strong><\/p>\n<ul>\n<li>Cintura, mu\u00f1ecas y cuello regulables.<\/li>\n<li>Cremallera de conexi\u00f3n chaqueta-pantal\u00f3n Dainese.<\/li>\n<li>Ancho de las mangas con ajuste anti-flotante.<\/li>\n<li>Inserciones suaves en el cuello.<\/li>\n<li>Inserciones suaves y el\u00e1sticas en los pu\u00f1os.<\/li>\n<\/ul>\n<p align=\"left\"><strong>Temperatura<\/strong><\/p>\n<ul>\n<li>Membrana cortaviento extra\u00edble, para poder adaptarse mejor a las condiciones clim\u00e1ticas de cada momento.<\/li>\n<li>Forro interior en tejido Sanitized perforado para mayor transpiraci\u00f3n.<\/li>\n<li>Zonas de tejido perforado para una mejor ventilaci\u00f3n.<\/li>\n<\/ul>\n<p align=\"left\"><strong>Otras caracter\u00edsticas<\/strong><\/p>\n<ul>\n<li>Elementos reflectantes para ser m\u00e1s visible en conducci\u00f3n nocturna o con poca luz.<\/li>\n<li>2 bolsillos exteriores en la parte frontal.<\/li>\n<li>1 bolsillo interior.<\/li>\n<\/ul>\n","protected":false},"excerpt":{"rendered":"<p>Chaqueta de verano muy ligera y confortable confeccionada en combinaci\u00f3n de tejido QuickDry y tejido de malla para una mayor ventilaci\u00f3n. La chaqueta Air-Frame D1 Tex destaca por incorporar membrana cortaviento extra\u00edble. Incorpora protecciones compuestas certificadas en hombros y codos.<\/p>\n","protected":false},"featured_media":1134,"comment_status":"open","ping_status":"closed","template":"","meta":{"_themeisle_gutenberg_block_has_review":false},"pwb-brand":[189],"product_brand":[],"product_cat":[46,136],"product_tag":[865,888,772],"class_list":{"0":"post-1125","1":"product","2":"type-product","3":"status-publish","4":"has-post-thumbnail","6":"pwb-brand-dainese","7":"product_cat-chaquetas-de-moto","8":"product_cat-chaqueta-de-moto-verano","9":"product_tag-865","10":"product_tag-rebajas-40","11":"product_tag-todas-marcas-verano-25","13":"first","14":"instock","15":"sale","16":"taxable","17":"shipping-taxable","18":"purchasable","19":"product-type-variable","20":"has-default-attributes"},"yoast_head":"<!-- This site is optimized with the Yoast SEO plugin v27.4 - https:\/\/yoast.com\/product\/yoast-seo-wordpress\/ -->\n<title>CHAQUETA DAINESE AIR FRAME D1 TEX NEGRO - Boutique Francisco Belmonte<\/title>\n<meta name=\"description\" content=\"Chaqueta Dainese Air Frame D1 Tex color Negro. Puedes encontrarla en Boutique Francisco Belmonte en Murcia. Al mejor precio\" \/>\n<meta name=\"robots\" content=\"index, follow, max-snippet:-1, max-image-preview:large, max-video-preview:-1\" \/>\n<link rel=\"canonical\" href=\"https:\/\/franciscobelmonte.com\/tienda\/air-frame-d1-tex-negro\/\" \/>\n<meta property=\"og:locale\" content=\"es_ES\" \/>\n<meta property=\"og:type\" content=\"article\" \/>\n<meta property=\"og:title\" content=\"CHAQUETA DAINESE AIR FRAME D1 TEX NEGRO - Boutique Francisco Belmonte\" \/>\n<meta property=\"og:description\" content=\"Chaqueta Dainese Air Frame D1 Tex color Negro. Puedes encontrarla en Boutique Francisco Belmonte en Murcia. Al mejor precio\" \/>\n<meta property=\"og:url\" content=\"https:\/\/franciscobelmonte.com\/tienda\/air-frame-d1-tex-negro\/\" \/>\n<meta property=\"og:site_name\" content=\"Boutique Francisco Belmonte\" \/>\n<meta property=\"article:publisher\" content=\"https:\/\/www.facebook.com\/motosfranciscobelmonte\" \/>\n<meta property=\"article:modified_time\" content=\"2026-01-09T11:02:00+00:00\" \/>\n<meta property=\"og:image\" content=\"https:\/\/franciscobelmonte.com\/tienda\/wp-content\/uploads\/2022\/02\/chaqueta-dainese-air-frame-d1-tex-negro.jpg\" \/>\n\t<meta property=\"og:image:width\" content=\"800\" \/>\n\t<meta property=\"og:image:height\" content=\"800\" \/>\n\t<meta property=\"og:image:type\" content=\"image\/jpeg\" \/>\n<meta name=\"twitter:card\" content=\"summary_large_image\" \/>\n<meta name=\"twitter:label1\" content=\"Tiempo de lectura\" \/>\n\t<meta name=\"twitter:data1\" content=\"1 minuto\" \/>\n<script type=\"application\/ld+json\" class=\"yoast-schema-graph\">{\"@context\":\"https:\\\/\\\/schema.org\",\"@graph\":[{\"@type\":\"WebPage\",\"@id\":\"https:\\\/\\\/franciscobelmonte.com\\\/tienda\\\/air-frame-d1-tex-negro\\\/\",\"url\":\"https:\\\/\\\/franciscobelmonte.com\\\/tienda\\\/air-frame-d1-tex-negro\\\/\",\"name\":\"CHAQUETA DAINESE AIR FRAME D1 TEX NEGRO - Boutique Francisco Belmonte\",\"isPartOf\":{\"@id\":\"https:\\\/\\\/franciscobelmonte.com\\\/tienda\\\/#website\"},\"primaryImageOfPage\":{\"@id\":\"https:\\\/\\\/franciscobelmonte.com\\\/tienda\\\/air-frame-d1-tex-negro\\\/#primaryimage\"},\"image\":{\"@id\":\"https:\\\/\\\/franciscobelmonte.com\\\/tienda\\\/air-frame-d1-tex-negro\\\/#primaryimage\"},\"thumbnailUrl\":\"https:\\\/\\\/franciscobelmonte.com\\\/tienda\\\/wp-content\\\/uploads\\\/2022\\\/02\\\/chaqueta-dainese-air-frame-d1-tex-negro.jpg\",\"datePublished\":\"2022-02-24T10:27:08+00:00\",\"dateModified\":\"2026-01-09T11:02:00+00:00\",\"description\":\"Chaqueta Dainese Air Frame D1 Tex color Negro. Puedes encontrarla en Boutique Francisco Belmonte en Murcia. Al mejor precio\",\"breadcrumb\":{\"@id\":\"https:\\\/\\\/franciscobelmonte.com\\\/tienda\\\/air-frame-d1-tex-negro\\\/#breadcrumb\"},\"inLanguage\":\"es\",\"potentialAction\":[{\"@type\":\"ReadAction\",\"target\":[\"https:\\\/\\\/franciscobelmonte.com\\\/tienda\\\/air-frame-d1-tex-negro\\\/\"]}]},{\"@type\":\"ImageObject\",\"inLanguage\":\"es\",\"@id\":\"https:\\\/\\\/franciscobelmonte.com\\\/tienda\\\/air-frame-d1-tex-negro\\\/#primaryimage\",\"url\":\"https:\\\/\\\/franciscobelmonte.com\\\/tienda\\\/wp-content\\\/uploads\\\/2022\\\/02\\\/chaqueta-dainese-air-frame-d1-tex-negro.jpg\",\"contentUrl\":\"https:\\\/\\\/franciscobelmonte.com\\\/tienda\\\/wp-content\\\/uploads\\\/2022\\\/02\\\/chaqueta-dainese-air-frame-d1-tex-negro.jpg\",\"width\":800,\"height\":800,\"caption\":\"chaqueta dainese air frame d1 tex negro en murcia francisco belmonte\"},{\"@type\":\"BreadcrumbList\",\"@id\":\"https:\\\/\\\/franciscobelmonte.com\\\/tienda\\\/air-frame-d1-tex-negro\\\/#breadcrumb\",\"itemListElement\":[{\"@type\":\"ListItem\",\"position\":1,\"name\":\"Portada\",\"item\":\"https:\\\/\\\/franciscobelmonte.com\\\/tienda\\\/\"},{\"@type\":\"ListItem\",\"position\":2,\"name\":\"Tienda\",\"item\":\"https:\\\/\\\/franciscobelmonte.com\\\/tienda\\\/boutique-equipamiento-motero\\\/\"},{\"@type\":\"ListItem\",\"position\":3,\"name\":\"CHAQUETA DAINESE AIR FRAME D1 TEX NEGRO\"}]},{\"@type\":\"WebSite\",\"@id\":\"https:\\\/\\\/franciscobelmonte.com\\\/tienda\\\/#website\",\"url\":\"https:\\\/\\\/franciscobelmonte.com\\\/tienda\\\/\",\"name\":\"Boutique Francisco Belmonte\",\"description\":\"Todo en complementos para motoristas\",\"publisher\":{\"@id\":\"https:\\\/\\\/franciscobelmonte.com\\\/tienda\\\/#organization\"},\"potentialAction\":[{\"@type\":\"SearchAction\",\"target\":{\"@type\":\"EntryPoint\",\"urlTemplate\":\"https:\\\/\\\/franciscobelmonte.com\\\/tienda\\\/?s={search_term_string}\"},\"query-input\":{\"@type\":\"PropertyValueSpecification\",\"valueRequired\":true,\"valueName\":\"search_term_string\"}}],\"inLanguage\":\"es\"},{\"@type\":\"Organization\",\"@id\":\"https:\\\/\\\/franciscobelmonte.com\\\/tienda\\\/#organization\",\"name\":\"Boutique Francisco Belmonte\",\"url\":\"https:\\\/\\\/franciscobelmonte.com\\\/tienda\\\/\",\"logo\":{\"@type\":\"ImageObject\",\"inLanguage\":\"es\",\"@id\":\"https:\\\/\\\/franciscobelmonte.com\\\/tienda\\\/#\\\/schema\\\/logo\\\/image\\\/\",\"url\":\"https:\\\/\\\/franciscobelmonte.com\\\/tienda\\\/wp-content\\\/uploads\\\/2021\\\/12\\\/Francisco-Belmonte-logo.png\",\"contentUrl\":\"https:\\\/\\\/franciscobelmonte.com\\\/tienda\\\/wp-content\\\/uploads\\\/2021\\\/12\\\/Francisco-Belmonte-logo.png\",\"width\":2153,\"height\":536,\"caption\":\"Boutique Francisco Belmonte\"},\"image\":{\"@id\":\"https:\\\/\\\/franciscobelmonte.com\\\/tienda\\\/#\\\/schema\\\/logo\\\/image\\\/\"},\"sameAs\":[\"https:\\\/\\\/www.facebook.com\\\/motosfranciscobelmonte\",\"https:\\\/\\\/www.instagram.com\\\/fco.belmonte\\\/\"]}]}<\/script>\n<!-- \/ Yoast SEO plugin. -->","yoast_head_json":{"title":"CHAQUETA DAINESE AIR FRAME D1 TEX NEGRO - Boutique Francisco Belmonte","description":"Chaqueta Dainese Air Frame D1 Tex color Negro. Puedes encontrarla en Boutique Francisco Belmonte en Murcia. Al mejor precio","robots":{"index":"index","follow":"follow","max-snippet":"max-snippet:-1","max-image-preview":"max-image-preview:large","max-video-preview":"max-video-preview:-1"},"canonical":"https:\/\/franciscobelmonte.com\/tienda\/air-frame-d1-tex-negro\/","og_locale":"es_ES","og_type":"article","og_title":"CHAQUETA DAINESE AIR FRAME D1 TEX NEGRO - Boutique Francisco Belmonte","og_description":"Chaqueta Dainese Air Frame D1 Tex color Negro. Puedes encontrarla en Boutique Francisco Belmonte en Murcia. Al mejor precio","og_url":"https:\/\/franciscobelmonte.com\/tienda\/air-frame-d1-tex-negro\/","og_site_name":"Boutique Francisco Belmonte","article_publisher":"https:\/\/www.facebook.com\/motosfranciscobelmonte","article_modified_time":"2026-01-09T11:02:00+00:00","og_image":[{"width":800,"height":800,"url":"https:\/\/franciscobelmonte.com\/tienda\/wp-content\/uploads\/2022\/02\/chaqueta-dainese-air-frame-d1-tex-negro.jpg","type":"image\/jpeg"}],"twitter_card":"summary_large_image","twitter_misc":{"Tiempo de lectura":"1 minuto"},"schema":{"@context":"https:\/\/schema.org","@graph":[{"@type":"WebPage","@id":"https:\/\/franciscobelmonte.com\/tienda\/air-frame-d1-tex-negro\/","url":"https:\/\/franciscobelmonte.com\/tienda\/air-frame-d1-tex-negro\/","name":"CHAQUETA DAINESE AIR FRAME D1 TEX NEGRO - Boutique Francisco Belmonte","isPartOf":{"@id":"https:\/\/franciscobelmonte.com\/tienda\/#website"},"primaryImageOfPage":{"@id":"https:\/\/franciscobelmonte.com\/tienda\/air-frame-d1-tex-negro\/#primaryimage"},"image":{"@id":"https:\/\/franciscobelmonte.com\/tienda\/air-frame-d1-tex-negro\/#primaryimage"},"thumbnailUrl":"https:\/\/franciscobelmonte.com\/tienda\/wp-content\/uploads\/2022\/02\/chaqueta-dainese-air-frame-d1-tex-negro.jpg","datePublished":"2022-02-24T10:27:08+00:00","dateModified":"2026-01-09T11:02:00+00:00","description":"Chaqueta Dainese Air Frame D1 Tex color Negro. Puedes encontrarla en Boutique Francisco Belmonte en Murcia. Al mejor precio","breadcrumb":{"@id":"https:\/\/franciscobelmonte.com\/tienda\/air-frame-d1-tex-negro\/#breadcrumb"},"inLanguage":"es","potentialAction":[{"@type":"ReadAction","target":["https:\/\/franciscobelmonte.com\/tienda\/air-frame-d1-tex-negro\/"]}]},{"@type":"ImageObject","inLanguage":"es","@id":"https:\/\/franciscobelmonte.com\/tienda\/air-frame-d1-tex-negro\/#primaryimage","url":"https:\/\/franciscobelmonte.com\/tienda\/wp-content\/uploads\/2022\/02\/chaqueta-dainese-air-frame-d1-tex-negro.jpg","contentUrl":"https:\/\/franciscobelmonte.com\/tienda\/wp-content\/uploads\/2022\/02\/chaqueta-dainese-air-frame-d1-tex-negro.jpg","width":800,"height":800,"caption":"chaqueta dainese air frame d1 tex negro en murcia francisco belmonte"},{"@type":"BreadcrumbList","@id":"https:\/\/franciscobelmonte.com\/tienda\/air-frame-d1-tex-negro\/#breadcrumb","itemListElement":[{"@type":"ListItem","position":1,"name":"Portada","item":"https:\/\/franciscobelmonte.com\/tienda\/"},{"@type":"ListItem","position":2,"name":"Tienda","item":"https:\/\/franciscobelmonte.com\/tienda\/boutique-equipamiento-motero\/"},{"@type":"ListItem","position":3,"name":"CHAQUETA DAINESE AIR FRAME D1 TEX NEGRO"}]},{"@type":"WebSite","@id":"https:\/\/franciscobelmonte.com\/tienda\/#website","url":"https:\/\/franciscobelmonte.com\/tienda\/","name":"Boutique Francisco Belmonte","description":"Todo en complementos para motoristas","publisher":{"@id":"https:\/\/franciscobelmonte.com\/tienda\/#organization"},"potentialAction":[{"@type":"SearchAction","target":{"@type":"EntryPoint","urlTemplate":"https:\/\/franciscobelmonte.com\/tienda\/?s={search_term_string}"},"query-input":{"@type":"PropertyValueSpecification","valueRequired":true,"valueName":"search_term_string"}}],"inLanguage":"es"},{"@type":"Organization","@id":"https:\/\/franciscobelmonte.com\/tienda\/#organization","name":"Boutique Francisco Belmonte","url":"https:\/\/franciscobelmonte.com\/tienda\/","logo":{"@type":"ImageObject","inLanguage":"es","@id":"https:\/\/franciscobelmonte.com\/tienda\/#\/schema\/logo\/image\/","url":"https:\/\/franciscobelmonte.com\/tienda\/wp-content\/uploads\/2021\/12\/Francisco-Belmonte-logo.png","contentUrl":"https:\/\/franciscobelmonte.com\/tienda\/wp-content\/uploads\/2021\/12\/Francisco-Belmonte-logo.png","width":2153,"height":536,"caption":"Boutique Francisco Belmonte"},"image":{"@id":"https:\/\/franciscobelmonte.com\/tienda\/#\/schema\/logo\/image\/"},"sameAs":["https:\/\/www.facebook.com\/motosfranciscobelmonte","https:\/\/www.instagram.com\/fco.belmonte\/"]}]}},"jetpack_sharing_enabled":true,"brands":[{"id":189,"name":"Dainese","slug":"dainese"}],"_links":{"self":[{"href":"https:\/\/franciscobelmonte.com\/tienda\/wp-json\/wp\/v2\/product\/1125","targetHints":{"allow":["GET"]}}],"collection":[{"href":"https:\/\/franciscobelmonte.com\/tienda\/wp-json\/wp\/v2\/product"}],"about":[{"href":"https:\/\/franciscobelmonte.com\/tienda\/wp-json\/wp\/v2\/types\/product"}],"replies":[{"embeddable":true,"href":"https:\/\/franciscobelmonte.com\/tienda\/wp-json\/wp\/v2\/comments?post=1125"}],"wp:featuredmedia":[{"embeddable":true,"href":"https:\/\/franciscobelmonte.com\/tienda\/wp-json\/wp\/v2\/media\/1134"}],"wp:attachment":[{"href":"https:\/\/franciscobelmonte.com\/tienda\/wp-json\/wp\/v2\/media?parent=1125"}],"wp:term":[{"taxonomy":"pwb-brand","embeddable":true,"href":"https:\/\/franciscobelmonte.com\/tienda\/wp-json\/wp\/v2\/pwb-brand?post=1125"},{"taxonomy":"product_brand","embeddable":true,"href":"https:\/\/franciscobelmonte.com\/tienda\/wp-json\/wp\/v2\/product_brand?post=1125"},{"taxonomy":"product_cat","embeddable":true,"href":"https:\/\/franciscobelmonte.com\/tienda\/wp-json\/wp\/v2\/product_cat?post=1125"},{"taxonomy":"product_tag","embeddable":true,"href":"https:\/\/franciscobelmonte.com\/tienda\/wp-json\/wp\/v2\/product_tag?post=1125"}],"curies":[{"name":"wp","href":"https:\/\/api.w.org\/{rel}","templated":true}]}}