{"id":1155,"date":"2022-02-24T16:51:14","date_gmt":"2022-02-24T16:51:14","guid":{"rendered":"https:\/\/franciscobelmonte.com\/?post_type=product&#038;p=1155"},"modified":"2026-01-06T19:16:57","modified_gmt":"2026-01-06T17:16:57","slug":"alpinestars-luc-air-mood-indigo-azul","status":"publish","type":"product","link":"https:\/\/franciscobelmonte.com\/tienda\/alpinestars-luc-air-mood-indigo-azul\/","title":{"rendered":"CHAQUETA ALPINESTARS LUC AIR MOOD INDIGO AZUL"},"content":{"rendered":"<h1>Chaqueta Alpinestars Luc Air Mood Indigo Azul<\/h1>\n<p>Chaqueta ideal para desplazamientos urbanos. Incorpora amplios paneles de malla para una excelente ventilaci\u00f3n. Dispone de protecciones con certificaci\u00f3n CE y un perfil trasero m\u00e1s largo para mayor confort en posici\u00f3n de conducci\u00f3n.<\/p>\n<p><strong>Caracter\u00edsticas principales:<\/strong><\/p>\n<ul class=\"squareUl\">\n<li>Confeccionada en tejido de poli\u00e9ster 480D con doble recubrimiento de PU para mayor\u00a0 durabilidad, resistencia a la abrasi\u00f3n y resistencia al agua.<\/li>\n<li>Extensas inserciones de malla estrat\u00e9gicamente ubicadas para una \u00f3ptima ventilaci\u00f3n.<\/li>\n<li>Ligeras protecciones en codos y hombros con certificaci\u00f3n CE.<\/li>\n<li>Compartimento en el pecho con acolchado de espuma PE, en el que podemos montar el protector pectoral Alpinestars Nucleon (no incluido).<\/li>\n<li>Compartimento en la espalda con acolchado de espuma PE, en el que podemos montar los protectores dorsales Alpinestars Bionic Air o Alpinestars Nucleon (no incluidos).<\/li>\n<li>4 bolsillos externos con cremallera y 1 bolsillo interno impermeable.<\/li>\n<li>Mangas pre-curvadas para reducir la fatiga y mejorar el confort durante el pilotaje.<\/li>\n<li>Cintura y cuello regulables con botones.<\/li>\n<li>Interior del cuello en suave tejido.<\/li>\n<li>Perfil trasero m\u00e1s largo para mayor cobertura de la zona lumbar.<\/li>\n<\/ul>\n","protected":false},"excerpt":{"rendered":"<p>Chaqueta ideal para desplazamientos urbanos. Incorpora amplios paneles de malla para una excelente ventilaci\u00f3n. Dispone de protecciones con certificaci\u00f3n CE y un perfil trasero m\u00e1s largo para mayor confort en posici\u00f3n de conducci\u00f3n.<\/p>\n<p><a style=\"color: #0000ff;\" href=\"https:\/\/franciscobelmonte.com\/tienda\/wp-content\/uploads\/2022\/09\/Tallas-pantalones-y-chaquetas-alpinestars-hombre.png\" target=\"_blank\" rel=\"noopener\"><span style=\"font-size: xx-small;\"> Ver gu\u00eda de tallas<\/span><\/a><\/p>\n","protected":false},"featured_media":1162,"comment_status":"open","ping_status":"closed","template":"","meta":{"_themeisle_gutenberg_block_has_review":false},"pwb-brand":[186],"product_brand":[],"product_cat":[46,700,136],"product_tag":[374,416,530,529,889],"class_list":{"0":"post-1155","1":"product","2":"type-product","3":"status-publish","4":"has-post-thumbnail","6":"pwb-brand-alpinestars","7":"product_cat-chaquetas-de-moto","8":"product_cat-seleccion-san-valentin","9":"product_cat-chaqueta-de-moto-verano","10":"product_tag-alpinestars","11":"product_tag-liquidacion","12":"product_tag-liquidacion-30","13":"product_tag-liquidacion-chaqueta-alpinestars-luc-air","14":"product_tag-rebajas-liquidacion-70","16":"first","17":"instock","18":"sale","19":"taxable","20":"shipping-taxable","21":"purchasable","22":"product-type-variable","23":"has-default-attributes"},"yoast_head":"<!-- This site is optimized with the Yoast SEO plugin v27.4 - https:\/\/yoast.com\/product\/yoast-seo-wordpress\/ -->\n<title>CHAQUETA ALPINESTARS LUC AIR MOOD INDIGO AZUL - Boutique Francisco Belmonte<\/title>\n<meta name=\"description\" content=\"Chaqueta Alpinestars Luc Air Mood Indigo Azul. Puedes encontrarla en Boutique Francisco Belmonte en Murcia.\" \/>\n<meta name=\"robots\" content=\"index, follow, max-snippet:-1, max-image-preview:large, max-video-preview:-1\" \/>\n<link rel=\"canonical\" href=\"https:\/\/franciscobelmonte.com\/tienda\/alpinestars-luc-air-mood-indigo-azul\/\" \/>\n<meta property=\"og:locale\" content=\"es_ES\" \/>\n<meta property=\"og:type\" content=\"article\" \/>\n<meta property=\"og:title\" content=\"CHAQUETA ALPINESTARS LUC AIR MOOD INDIGO AZUL - Boutique Francisco Belmonte\" \/>\n<meta property=\"og:description\" content=\"Chaqueta Alpinestars Luc Air Mood Indigo Azul. Puedes encontrarla en Boutique Francisco Belmonte en Murcia.\" \/>\n<meta property=\"og:url\" content=\"https:\/\/franciscobelmonte.com\/tienda\/alpinestars-luc-air-mood-indigo-azul\/\" \/>\n<meta property=\"og:site_name\" content=\"Boutique Francisco Belmonte\" \/>\n<meta property=\"article:publisher\" content=\"https:\/\/www.facebook.com\/motosfranciscobelmonte\" \/>\n<meta property=\"article:modified_time\" content=\"2026-01-06T17:16:57+00:00\" \/>\n<meta property=\"og:image\" content=\"https:\/\/franciscobelmonte.com\/tienda\/wp-content\/uploads\/2022\/02\/chaqueta-alpinestars-luc-air-mood-indigo-azul.jpg\" \/>\n\t<meta property=\"og:image:width\" content=\"800\" \/>\n\t<meta property=\"og:image:height\" content=\"800\" \/>\n\t<meta property=\"og:image:type\" content=\"image\/jpeg\" \/>\n<meta name=\"twitter:card\" content=\"summary_large_image\" \/>\n<meta name=\"twitter:label1\" content=\"Tiempo de lectura\" \/>\n\t<meta name=\"twitter:data1\" content=\"1 minuto\" \/>\n<script type=\"application\/ld+json\" class=\"yoast-schema-graph\">{\"@context\":\"https:\\\/\\\/schema.org\",\"@graph\":[{\"@type\":\"WebPage\",\"@id\":\"https:\\\/\\\/franciscobelmonte.com\\\/tienda\\\/alpinestars-luc-air-mood-indigo-azul\\\/\",\"url\":\"https:\\\/\\\/franciscobelmonte.com\\\/tienda\\\/alpinestars-luc-air-mood-indigo-azul\\\/\",\"name\":\"CHAQUETA ALPINESTARS LUC AIR MOOD INDIGO AZUL - Boutique Francisco Belmonte\",\"isPartOf\":{\"@id\":\"https:\\\/\\\/franciscobelmonte.com\\\/tienda\\\/#website\"},\"primaryImageOfPage\":{\"@id\":\"https:\\\/\\\/franciscobelmonte.com\\\/tienda\\\/alpinestars-luc-air-mood-indigo-azul\\\/#primaryimage\"},\"image\":{\"@id\":\"https:\\\/\\\/franciscobelmonte.com\\\/tienda\\\/alpinestars-luc-air-mood-indigo-azul\\\/#primaryimage\"},\"thumbnailUrl\":\"https:\\\/\\\/franciscobelmonte.com\\\/tienda\\\/wp-content\\\/uploads\\\/2022\\\/02\\\/chaqueta-alpinestars-luc-air-mood-indigo-azul.jpg\",\"datePublished\":\"2022-02-24T16:51:14+00:00\",\"dateModified\":\"2026-01-06T17:16:57+00:00\",\"description\":\"Chaqueta Alpinestars Luc Air Mood Indigo Azul. Puedes encontrarla en Boutique Francisco Belmonte en Murcia.\",\"breadcrumb\":{\"@id\":\"https:\\\/\\\/franciscobelmonte.com\\\/tienda\\\/alpinestars-luc-air-mood-indigo-azul\\\/#breadcrumb\"},\"inLanguage\":\"es\",\"potentialAction\":[{\"@type\":\"ReadAction\",\"target\":[\"https:\\\/\\\/franciscobelmonte.com\\\/tienda\\\/alpinestars-luc-air-mood-indigo-azul\\\/\"]}]},{\"@type\":\"ImageObject\",\"inLanguage\":\"es\",\"@id\":\"https:\\\/\\\/franciscobelmonte.com\\\/tienda\\\/alpinestars-luc-air-mood-indigo-azul\\\/#primaryimage\",\"url\":\"https:\\\/\\\/franciscobelmonte.com\\\/tienda\\\/wp-content\\\/uploads\\\/2022\\\/02\\\/chaqueta-alpinestars-luc-air-mood-indigo-azul.jpg\",\"contentUrl\":\"https:\\\/\\\/franciscobelmonte.com\\\/tienda\\\/wp-content\\\/uploads\\\/2022\\\/02\\\/chaqueta-alpinestars-luc-air-mood-indigo-azul.jpg\",\"width\":800,\"height\":800,\"caption\":\"chaqueta alpinestars luc air mood indigo azul en murcia francisco belmonte\"},{\"@type\":\"BreadcrumbList\",\"@id\":\"https:\\\/\\\/franciscobelmonte.com\\\/tienda\\\/alpinestars-luc-air-mood-indigo-azul\\\/#breadcrumb\",\"itemListElement\":[{\"@type\":\"ListItem\",\"position\":1,\"name\":\"Portada\",\"item\":\"https:\\\/\\\/franciscobelmonte.com\\\/tienda\\\/\"},{\"@type\":\"ListItem\",\"position\":2,\"name\":\"Tienda\",\"item\":\"https:\\\/\\\/franciscobelmonte.com\\\/tienda\\\/boutique-equipamiento-motero\\\/\"},{\"@type\":\"ListItem\",\"position\":3,\"name\":\"CHAQUETA ALPINESTARS LUC AIR MOOD INDIGO AZUL\"}]},{\"@type\":\"WebSite\",\"@id\":\"https:\\\/\\\/franciscobelmonte.com\\\/tienda\\\/#website\",\"url\":\"https:\\\/\\\/franciscobelmonte.com\\\/tienda\\\/\",\"name\":\"Boutique Francisco Belmonte\",\"description\":\"Todo en complementos para motoristas\",\"publisher\":{\"@id\":\"https:\\\/\\\/franciscobelmonte.com\\\/tienda\\\/#organization\"},\"potentialAction\":[{\"@type\":\"SearchAction\",\"target\":{\"@type\":\"EntryPoint\",\"urlTemplate\":\"https:\\\/\\\/franciscobelmonte.com\\\/tienda\\\/?s={search_term_string}\"},\"query-input\":{\"@type\":\"PropertyValueSpecification\",\"valueRequired\":true,\"valueName\":\"search_term_string\"}}],\"inLanguage\":\"es\"},{\"@type\":\"Organization\",\"@id\":\"https:\\\/\\\/franciscobelmonte.com\\\/tienda\\\/#organization\",\"name\":\"Boutique Francisco Belmonte\",\"url\":\"https:\\\/\\\/franciscobelmonte.com\\\/tienda\\\/\",\"logo\":{\"@type\":\"ImageObject\",\"inLanguage\":\"es\",\"@id\":\"https:\\\/\\\/franciscobelmonte.com\\\/tienda\\\/#\\\/schema\\\/logo\\\/image\\\/\",\"url\":\"https:\\\/\\\/franciscobelmonte.com\\\/tienda\\\/wp-content\\\/uploads\\\/2021\\\/12\\\/Francisco-Belmonte-logo.png\",\"contentUrl\":\"https:\\\/\\\/franciscobelmonte.com\\\/tienda\\\/wp-content\\\/uploads\\\/2021\\\/12\\\/Francisco-Belmonte-logo.png\",\"width\":2153,\"height\":536,\"caption\":\"Boutique Francisco Belmonte\"},\"image\":{\"@id\":\"https:\\\/\\\/franciscobelmonte.com\\\/tienda\\\/#\\\/schema\\\/logo\\\/image\\\/\"},\"sameAs\":[\"https:\\\/\\\/www.facebook.com\\\/motosfranciscobelmonte\",\"https:\\\/\\\/www.instagram.com\\\/fco.belmonte\\\/\"]}]}<\/script>\n<!-- \/ Yoast SEO plugin. -->","yoast_head_json":{"title":"CHAQUETA ALPINESTARS LUC AIR MOOD INDIGO AZUL - Boutique Francisco Belmonte","description":"Chaqueta Alpinestars Luc Air Mood Indigo Azul. Puedes encontrarla en Boutique Francisco Belmonte en Murcia.","robots":{"index":"index","follow":"follow","max-snippet":"max-snippet:-1","max-image-preview":"max-image-preview:large","max-video-preview":"max-video-preview:-1"},"canonical":"https:\/\/franciscobelmonte.com\/tienda\/alpinestars-luc-air-mood-indigo-azul\/","og_locale":"es_ES","og_type":"article","og_title":"CHAQUETA ALPINESTARS LUC AIR MOOD INDIGO AZUL - Boutique Francisco Belmonte","og_description":"Chaqueta Alpinestars Luc Air Mood Indigo Azul. Puedes encontrarla en Boutique Francisco Belmonte en Murcia.","og_url":"https:\/\/franciscobelmonte.com\/tienda\/alpinestars-luc-air-mood-indigo-azul\/","og_site_name":"Boutique Francisco Belmonte","article_publisher":"https:\/\/www.facebook.com\/motosfranciscobelmonte","article_modified_time":"2026-01-06T17:16:57+00:00","og_image":[{"width":800,"height":800,"url":"https:\/\/franciscobelmonte.com\/tienda\/wp-content\/uploads\/2022\/02\/chaqueta-alpinestars-luc-air-mood-indigo-azul.jpg","type":"image\/jpeg"}],"twitter_card":"summary_large_image","twitter_misc":{"Tiempo de lectura":"1 minuto"},"schema":{"@context":"https:\/\/schema.org","@graph":[{"@type":"WebPage","@id":"https:\/\/franciscobelmonte.com\/tienda\/alpinestars-luc-air-mood-indigo-azul\/","url":"https:\/\/franciscobelmonte.com\/tienda\/alpinestars-luc-air-mood-indigo-azul\/","name":"CHAQUETA ALPINESTARS LUC AIR MOOD INDIGO AZUL - Boutique Francisco Belmonte","isPartOf":{"@id":"https:\/\/franciscobelmonte.com\/tienda\/#website"},"primaryImageOfPage":{"@id":"https:\/\/franciscobelmonte.com\/tienda\/alpinestars-luc-air-mood-indigo-azul\/#primaryimage"},"image":{"@id":"https:\/\/franciscobelmonte.com\/tienda\/alpinestars-luc-air-mood-indigo-azul\/#primaryimage"},"thumbnailUrl":"https:\/\/franciscobelmonte.com\/tienda\/wp-content\/uploads\/2022\/02\/chaqueta-alpinestars-luc-air-mood-indigo-azul.jpg","datePublished":"2022-02-24T16:51:14+00:00","dateModified":"2026-01-06T17:16:57+00:00","description":"Chaqueta Alpinestars Luc Air Mood Indigo Azul. Puedes encontrarla en Boutique Francisco Belmonte en Murcia.","breadcrumb":{"@id":"https:\/\/franciscobelmonte.com\/tienda\/alpinestars-luc-air-mood-indigo-azul\/#breadcrumb"},"inLanguage":"es","potentialAction":[{"@type":"ReadAction","target":["https:\/\/franciscobelmonte.com\/tienda\/alpinestars-luc-air-mood-indigo-azul\/"]}]},{"@type":"ImageObject","inLanguage":"es","@id":"https:\/\/franciscobelmonte.com\/tienda\/alpinestars-luc-air-mood-indigo-azul\/#primaryimage","url":"https:\/\/franciscobelmonte.com\/tienda\/wp-content\/uploads\/2022\/02\/chaqueta-alpinestars-luc-air-mood-indigo-azul.jpg","contentUrl":"https:\/\/franciscobelmonte.com\/tienda\/wp-content\/uploads\/2022\/02\/chaqueta-alpinestars-luc-air-mood-indigo-azul.jpg","width":800,"height":800,"caption":"chaqueta alpinestars luc air mood indigo azul en murcia francisco belmonte"},{"@type":"BreadcrumbList","@id":"https:\/\/franciscobelmonte.com\/tienda\/alpinestars-luc-air-mood-indigo-azul\/#breadcrumb","itemListElement":[{"@type":"ListItem","position":1,"name":"Portada","item":"https:\/\/franciscobelmonte.com\/tienda\/"},{"@type":"ListItem","position":2,"name":"Tienda","item":"https:\/\/franciscobelmonte.com\/tienda\/boutique-equipamiento-motero\/"},{"@type":"ListItem","position":3,"name":"CHAQUETA ALPINESTARS LUC AIR MOOD INDIGO AZUL"}]},{"@type":"WebSite","@id":"https:\/\/franciscobelmonte.com\/tienda\/#website","url":"https:\/\/franciscobelmonte.com\/tienda\/","name":"Boutique Francisco Belmonte","description":"Todo en complementos para motoristas","publisher":{"@id":"https:\/\/franciscobelmonte.com\/tienda\/#organization"},"potentialAction":[{"@type":"SearchAction","target":{"@type":"EntryPoint","urlTemplate":"https:\/\/franciscobelmonte.com\/tienda\/?s={search_term_string}"},"query-input":{"@type":"PropertyValueSpecification","valueRequired":true,"valueName":"search_term_string"}}],"inLanguage":"es"},{"@type":"Organization","@id":"https:\/\/franciscobelmonte.com\/tienda\/#organization","name":"Boutique Francisco Belmonte","url":"https:\/\/franciscobelmonte.com\/tienda\/","logo":{"@type":"ImageObject","inLanguage":"es","@id":"https:\/\/franciscobelmonte.com\/tienda\/#\/schema\/logo\/image\/","url":"https:\/\/franciscobelmonte.com\/tienda\/wp-content\/uploads\/2021\/12\/Francisco-Belmonte-logo.png","contentUrl":"https:\/\/franciscobelmonte.com\/tienda\/wp-content\/uploads\/2021\/12\/Francisco-Belmonte-logo.png","width":2153,"height":536,"caption":"Boutique Francisco Belmonte"},"image":{"@id":"https:\/\/franciscobelmonte.com\/tienda\/#\/schema\/logo\/image\/"},"sameAs":["https:\/\/www.facebook.com\/motosfranciscobelmonte","https:\/\/www.instagram.com\/fco.belmonte\/"]}]}},"jetpack_sharing_enabled":true,"brands":[{"id":186,"name":"Alpinestars","slug":"alpinestars"}],"_links":{"self":[{"href":"https:\/\/franciscobelmonte.com\/tienda\/wp-json\/wp\/v2\/product\/1155","targetHints":{"allow":["GET"]}}],"collection":[{"href":"https:\/\/franciscobelmonte.com\/tienda\/wp-json\/wp\/v2\/product"}],"about":[{"href":"https:\/\/franciscobelmonte.com\/tienda\/wp-json\/wp\/v2\/types\/product"}],"replies":[{"embeddable":true,"href":"https:\/\/franciscobelmonte.com\/tienda\/wp-json\/wp\/v2\/comments?post=1155"}],"wp:featuredmedia":[{"embeddable":true,"href":"https:\/\/franciscobelmonte.com\/tienda\/wp-json\/wp\/v2\/media\/1162"}],"wp:attachment":[{"href":"https:\/\/franciscobelmonte.com\/tienda\/wp-json\/wp\/v2\/media?parent=1155"}],"wp:term":[{"taxonomy":"pwb-brand","embeddable":true,"href":"https:\/\/franciscobelmonte.com\/tienda\/wp-json\/wp\/v2\/pwb-brand?post=1155"},{"taxonomy":"product_brand","embeddable":true,"href":"https:\/\/franciscobelmonte.com\/tienda\/wp-json\/wp\/v2\/product_brand?post=1155"},{"taxonomy":"product_cat","embeddable":true,"href":"https:\/\/franciscobelmonte.com\/tienda\/wp-json\/wp\/v2\/product_cat?post=1155"},{"taxonomy":"product_tag","embeddable":true,"href":"https:\/\/franciscobelmonte.com\/tienda\/wp-json\/wp\/v2\/product_tag?post=1155"}],"curies":[{"name":"wp","href":"https:\/\/api.w.org\/{rel}","templated":true}]}}