{"id":11962,"date":"2024-03-14T20:22:34","date_gmt":"2024-03-14T18:22:34","guid":{"rendered":"https:\/\/franciscobelmonte.com\/tienda\/?post_type=product&#038;p=11962"},"modified":"2026-01-06T20:39:59","modified_gmt":"2026-01-06T18:39:59","slug":"chaqueta-alpinestars-stella-smx-air-lady-negro-amarillo-rosa","status":"publish","type":"product","link":"https:\/\/franciscobelmonte.com\/tienda\/chaqueta-alpinestars-stella-smx-air-lady-negro-amarillo-rosa\/","title":{"rendered":"CHAQUETA ALPINESTARS STELLA SMX AIR LADY NEGRO \/ AMARILLO \/ ROSA"},"content":{"rendered":"<h1><strong>Chaqueta Alpinestars Stella SMX Air Lady Negro \/ Amarillo \/ Rosa<\/strong><\/h1>\n<p>A este modelo de chaqueta se ha incorporado material el\u00e1stico de poliamida extendida en la espalda, los hombros y los costados, con un material el\u00e1stico de alta densidad en la parte superior de la espalda. El material el\u00e1stico proporciona un ajuste. El material el\u00e1stico proporciona un ajuste adaptable y un alto nivel de libertad de movimiento, adem\u00e1s de ofrecer la capacidad de expansi\u00f3n perfecta para usar con el sistema de airbag Tech-Air 5.<\/p>\n<p><strong>Caracter\u00edsticas<\/strong><\/p>\n<ul>\n<li>Nueva construcci\u00f3n interior para actualizaciones de inserci\u00f3n de protecci\u00f3n Nucleon, lista para acomodar la nueva inserci\u00f3n protectora de espalda larga de Alpinestars<\/li>\n<li>Inserciones el\u00e1sticas estrat\u00e9gicas en el lateral del torso y en el panel superior de la espalda<\/li>\n<li>Listo para Tech-Air<\/li>\n<li>Chasis de malla con estiramiento mec\u00e1nico combinado con polyfabric 450D perforado en \u00e1reas clave, incluido el panel del cofre<\/li>\n<li>Inserciones el\u00e1sticas estrat\u00e9gicas en el lateral del torso y en el panel superior de la espalda<\/li>\n<li>Listo para Tech-Air<\/li>\n<li>Calce exclusivo para mujeres<\/li>\n<li>Forro aprueba de viento demsontable<\/li>\n<li>Ajustadores de cintura<\/li>\n<li>Protectores de hombros externos DFS lite<\/li>\n<\/ul>\n","protected":false},"excerpt":{"rendered":"<p>A este modelo de chaqueta se ha incorporado material el\u00e1stico de poliamida extendida en la espalda, los hombros y los costados, con un material el\u00e1stico de alta densidad en la parte superior de la espalda.<\/p>\n","protected":false},"featured_media":11971,"comment_status":"open","ping_status":"closed","template":"","meta":{"_themeisle_gutenberg_block_has_review":false},"pwb-brand":[],"product_brand":[],"product_cat":[46,136],"product_tag":[865,888,850,772],"class_list":{"0":"post-11962","1":"product","2":"type-product","3":"status-publish","4":"has-post-thumbnail","6":"product_cat-chaquetas-de-moto","7":"product_cat-chaqueta-de-moto-verano","8":"product_tag-865","9":"product_tag-rebajas-40","10":"product_tag-rebajas-ropa-verano-20","11":"product_tag-todas-marcas-verano-25","13":"first","14":"instock","15":"sale","16":"taxable","17":"shipping-taxable","18":"purchasable","19":"product-type-variable","20":"has-default-attributes"},"yoast_head":"<!-- This site is optimized with the Yoast SEO plugin v27.4 - https:\/\/yoast.com\/product\/yoast-seo-wordpress\/ -->\n<title>CHAQUETA ALPINESTARS STELLA SMX AIR LADY NEGRO \/ AMARILLO \/ ROSA - Boutique Francisco Belmonte<\/title>\n<meta name=\"description\" content=\"Chaqueta Alpinestars Stella SMX Air Lady Negro-Amarillo-Rosa . Chaquetas de moto Alpinestars al mejor precio en Murcia Francisco Belmonte.\" \/>\n<meta name=\"robots\" content=\"index, follow, max-snippet:-1, max-image-preview:large, max-video-preview:-1\" \/>\n<link rel=\"canonical\" href=\"https:\/\/franciscobelmonte.com\/tienda\/chaqueta-alpinestars-stella-smx-air-lady-negro-amarillo-rosa\/\" \/>\n<meta property=\"og:locale\" content=\"es_ES\" \/>\n<meta property=\"og:type\" content=\"article\" \/>\n<meta property=\"og:title\" content=\"CHAQUETA ALPINESTARS STELLA SMX AIR LADY NEGRO \/ AMARILLO \/ ROSA - Boutique Francisco Belmonte\" \/>\n<meta property=\"og:description\" content=\"Chaqueta Alpinestars Stella SMX Air Lady Negro-Amarillo-Rosa . Chaquetas de moto Alpinestars al mejor precio en Murcia Francisco Belmonte.\" \/>\n<meta property=\"og:url\" content=\"https:\/\/franciscobelmonte.com\/tienda\/chaqueta-alpinestars-stella-smx-air-lady-negro-amarillo-rosa\/\" \/>\n<meta property=\"og:site_name\" content=\"Boutique Francisco Belmonte\" \/>\n<meta property=\"article:publisher\" content=\"https:\/\/www.facebook.com\/motosfranciscobelmonte\" \/>\n<meta property=\"article:modified_time\" content=\"2026-01-06T18:39:59+00:00\" \/>\n<meta property=\"og:image\" content=\"https:\/\/franciscobelmonte.com\/tienda\/wp-content\/uploads\/2024\/03\/chaqueta-alpinestars-stella-smx-air-lady-negro-amarillo-rosa.jpg\" \/>\n\t<meta property=\"og:image:width\" content=\"800\" \/>\n\t<meta property=\"og:image:height\" content=\"800\" \/>\n\t<meta property=\"og:image:type\" content=\"image\/jpeg\" \/>\n<meta name=\"twitter:card\" content=\"summary_large_image\" \/>\n<meta name=\"twitter:label1\" content=\"Tiempo de lectura\" \/>\n\t<meta name=\"twitter:data1\" content=\"1 minuto\" \/>\n<script type=\"application\/ld+json\" class=\"yoast-schema-graph\">{\"@context\":\"https:\\\/\\\/schema.org\",\"@graph\":[{\"@type\":\"WebPage\",\"@id\":\"https:\\\/\\\/franciscobelmonte.com\\\/tienda\\\/chaqueta-alpinestars-stella-smx-air-lady-negro-amarillo-rosa\\\/\",\"url\":\"https:\\\/\\\/franciscobelmonte.com\\\/tienda\\\/chaqueta-alpinestars-stella-smx-air-lady-negro-amarillo-rosa\\\/\",\"name\":\"CHAQUETA ALPINESTARS STELLA SMX AIR LADY NEGRO \\\/ AMARILLO \\\/ ROSA - Boutique Francisco Belmonte\",\"isPartOf\":{\"@id\":\"https:\\\/\\\/franciscobelmonte.com\\\/tienda\\\/#website\"},\"primaryImageOfPage\":{\"@id\":\"https:\\\/\\\/franciscobelmonte.com\\\/tienda\\\/chaqueta-alpinestars-stella-smx-air-lady-negro-amarillo-rosa\\\/#primaryimage\"},\"image\":{\"@id\":\"https:\\\/\\\/franciscobelmonte.com\\\/tienda\\\/chaqueta-alpinestars-stella-smx-air-lady-negro-amarillo-rosa\\\/#primaryimage\"},\"thumbnailUrl\":\"https:\\\/\\\/franciscobelmonte.com\\\/tienda\\\/wp-content\\\/uploads\\\/2024\\\/03\\\/chaqueta-alpinestars-stella-smx-air-lady-negro-amarillo-rosa.jpg\",\"datePublished\":\"2024-03-14T18:22:34+00:00\",\"dateModified\":\"2026-01-06T18:39:59+00:00\",\"description\":\"Chaqueta Alpinestars Stella SMX Air Lady Negro-Amarillo-Rosa . Chaquetas de moto Alpinestars al mejor precio en Murcia Francisco Belmonte.\",\"breadcrumb\":{\"@id\":\"https:\\\/\\\/franciscobelmonte.com\\\/tienda\\\/chaqueta-alpinestars-stella-smx-air-lady-negro-amarillo-rosa\\\/#breadcrumb\"},\"inLanguage\":\"es\",\"potentialAction\":[{\"@type\":\"ReadAction\",\"target\":[\"https:\\\/\\\/franciscobelmonte.com\\\/tienda\\\/chaqueta-alpinestars-stella-smx-air-lady-negro-amarillo-rosa\\\/\"]}]},{\"@type\":\"ImageObject\",\"inLanguage\":\"es\",\"@id\":\"https:\\\/\\\/franciscobelmonte.com\\\/tienda\\\/chaqueta-alpinestars-stella-smx-air-lady-negro-amarillo-rosa\\\/#primaryimage\",\"url\":\"https:\\\/\\\/franciscobelmonte.com\\\/tienda\\\/wp-content\\\/uploads\\\/2024\\\/03\\\/chaqueta-alpinestars-stella-smx-air-lady-negro-amarillo-rosa.jpg\",\"contentUrl\":\"https:\\\/\\\/franciscobelmonte.com\\\/tienda\\\/wp-content\\\/uploads\\\/2024\\\/03\\\/chaqueta-alpinestars-stella-smx-air-lady-negro-amarillo-rosa.jpg\",\"width\":800,\"height\":800,\"caption\":\"chaqueta alpinestars stella smx air lady negro amarillo rosa en murcia francisco belmonte\"},{\"@type\":\"BreadcrumbList\",\"@id\":\"https:\\\/\\\/franciscobelmonte.com\\\/tienda\\\/chaqueta-alpinestars-stella-smx-air-lady-negro-amarillo-rosa\\\/#breadcrumb\",\"itemListElement\":[{\"@type\":\"ListItem\",\"position\":1,\"name\":\"Portada\",\"item\":\"https:\\\/\\\/franciscobelmonte.com\\\/tienda\\\/\"},{\"@type\":\"ListItem\",\"position\":2,\"name\":\"Tienda\",\"item\":\"https:\\\/\\\/franciscobelmonte.com\\\/tienda\\\/boutique-equipamiento-motero\\\/\"},{\"@type\":\"ListItem\",\"position\":3,\"name\":\"CHAQUETA ALPINESTARS STELLA SMX AIR LADY NEGRO \\\/ AMARILLO \\\/ ROSA\"}]},{\"@type\":\"WebSite\",\"@id\":\"https:\\\/\\\/franciscobelmonte.com\\\/tienda\\\/#website\",\"url\":\"https:\\\/\\\/franciscobelmonte.com\\\/tienda\\\/\",\"name\":\"Boutique Francisco Belmonte\",\"description\":\"Todo en complementos para motoristas\",\"publisher\":{\"@id\":\"https:\\\/\\\/franciscobelmonte.com\\\/tienda\\\/#organization\"},\"potentialAction\":[{\"@type\":\"SearchAction\",\"target\":{\"@type\":\"EntryPoint\",\"urlTemplate\":\"https:\\\/\\\/franciscobelmonte.com\\\/tienda\\\/?s={search_term_string}\"},\"query-input\":{\"@type\":\"PropertyValueSpecification\",\"valueRequired\":true,\"valueName\":\"search_term_string\"}}],\"inLanguage\":\"es\"},{\"@type\":\"Organization\",\"@id\":\"https:\\\/\\\/franciscobelmonte.com\\\/tienda\\\/#organization\",\"name\":\"Boutique Francisco Belmonte\",\"url\":\"https:\\\/\\\/franciscobelmonte.com\\\/tienda\\\/\",\"logo\":{\"@type\":\"ImageObject\",\"inLanguage\":\"es\",\"@id\":\"https:\\\/\\\/franciscobelmonte.com\\\/tienda\\\/#\\\/schema\\\/logo\\\/image\\\/\",\"url\":\"https:\\\/\\\/franciscobelmonte.com\\\/tienda\\\/wp-content\\\/uploads\\\/2021\\\/12\\\/Francisco-Belmonte-logo.png\",\"contentUrl\":\"https:\\\/\\\/franciscobelmonte.com\\\/tienda\\\/wp-content\\\/uploads\\\/2021\\\/12\\\/Francisco-Belmonte-logo.png\",\"width\":2153,\"height\":536,\"caption\":\"Boutique Francisco Belmonte\"},\"image\":{\"@id\":\"https:\\\/\\\/franciscobelmonte.com\\\/tienda\\\/#\\\/schema\\\/logo\\\/image\\\/\"},\"sameAs\":[\"https:\\\/\\\/www.facebook.com\\\/motosfranciscobelmonte\",\"https:\\\/\\\/www.instagram.com\\\/fco.belmonte\\\/\"]}]}<\/script>\n<!-- \/ Yoast SEO plugin. -->","yoast_head_json":{"title":"CHAQUETA ALPINESTARS STELLA SMX AIR LADY NEGRO \/ AMARILLO \/ ROSA - Boutique Francisco Belmonte","description":"Chaqueta Alpinestars Stella SMX Air Lady Negro-Amarillo-Rosa . Chaquetas de moto Alpinestars al mejor precio en Murcia Francisco Belmonte.","robots":{"index":"index","follow":"follow","max-snippet":"max-snippet:-1","max-image-preview":"max-image-preview:large","max-video-preview":"max-video-preview:-1"},"canonical":"https:\/\/franciscobelmonte.com\/tienda\/chaqueta-alpinestars-stella-smx-air-lady-negro-amarillo-rosa\/","og_locale":"es_ES","og_type":"article","og_title":"CHAQUETA ALPINESTARS STELLA SMX AIR LADY NEGRO \/ AMARILLO \/ ROSA - Boutique Francisco Belmonte","og_description":"Chaqueta Alpinestars Stella SMX Air Lady Negro-Amarillo-Rosa . Chaquetas de moto Alpinestars al mejor precio en Murcia Francisco Belmonte.","og_url":"https:\/\/franciscobelmonte.com\/tienda\/chaqueta-alpinestars-stella-smx-air-lady-negro-amarillo-rosa\/","og_site_name":"Boutique Francisco Belmonte","article_publisher":"https:\/\/www.facebook.com\/motosfranciscobelmonte","article_modified_time":"2026-01-06T18:39:59+00:00","og_image":[{"width":800,"height":800,"url":"https:\/\/franciscobelmonte.com\/tienda\/wp-content\/uploads\/2024\/03\/chaqueta-alpinestars-stella-smx-air-lady-negro-amarillo-rosa.jpg","type":"image\/jpeg"}],"twitter_card":"summary_large_image","twitter_misc":{"Tiempo de lectura":"1 minuto"},"schema":{"@context":"https:\/\/schema.org","@graph":[{"@type":"WebPage","@id":"https:\/\/franciscobelmonte.com\/tienda\/chaqueta-alpinestars-stella-smx-air-lady-negro-amarillo-rosa\/","url":"https:\/\/franciscobelmonte.com\/tienda\/chaqueta-alpinestars-stella-smx-air-lady-negro-amarillo-rosa\/","name":"CHAQUETA ALPINESTARS STELLA SMX AIR LADY NEGRO \/ AMARILLO \/ ROSA - Boutique Francisco Belmonte","isPartOf":{"@id":"https:\/\/franciscobelmonte.com\/tienda\/#website"},"primaryImageOfPage":{"@id":"https:\/\/franciscobelmonte.com\/tienda\/chaqueta-alpinestars-stella-smx-air-lady-negro-amarillo-rosa\/#primaryimage"},"image":{"@id":"https:\/\/franciscobelmonte.com\/tienda\/chaqueta-alpinestars-stella-smx-air-lady-negro-amarillo-rosa\/#primaryimage"},"thumbnailUrl":"https:\/\/franciscobelmonte.com\/tienda\/wp-content\/uploads\/2024\/03\/chaqueta-alpinestars-stella-smx-air-lady-negro-amarillo-rosa.jpg","datePublished":"2024-03-14T18:22:34+00:00","dateModified":"2026-01-06T18:39:59+00:00","description":"Chaqueta Alpinestars Stella SMX Air Lady Negro-Amarillo-Rosa . Chaquetas de moto Alpinestars al mejor precio en Murcia Francisco Belmonte.","breadcrumb":{"@id":"https:\/\/franciscobelmonte.com\/tienda\/chaqueta-alpinestars-stella-smx-air-lady-negro-amarillo-rosa\/#breadcrumb"},"inLanguage":"es","potentialAction":[{"@type":"ReadAction","target":["https:\/\/franciscobelmonte.com\/tienda\/chaqueta-alpinestars-stella-smx-air-lady-negro-amarillo-rosa\/"]}]},{"@type":"ImageObject","inLanguage":"es","@id":"https:\/\/franciscobelmonte.com\/tienda\/chaqueta-alpinestars-stella-smx-air-lady-negro-amarillo-rosa\/#primaryimage","url":"https:\/\/franciscobelmonte.com\/tienda\/wp-content\/uploads\/2024\/03\/chaqueta-alpinestars-stella-smx-air-lady-negro-amarillo-rosa.jpg","contentUrl":"https:\/\/franciscobelmonte.com\/tienda\/wp-content\/uploads\/2024\/03\/chaqueta-alpinestars-stella-smx-air-lady-negro-amarillo-rosa.jpg","width":800,"height":800,"caption":"chaqueta alpinestars stella smx air lady negro amarillo rosa en murcia francisco belmonte"},{"@type":"BreadcrumbList","@id":"https:\/\/franciscobelmonte.com\/tienda\/chaqueta-alpinestars-stella-smx-air-lady-negro-amarillo-rosa\/#breadcrumb","itemListElement":[{"@type":"ListItem","position":1,"name":"Portada","item":"https:\/\/franciscobelmonte.com\/tienda\/"},{"@type":"ListItem","position":2,"name":"Tienda","item":"https:\/\/franciscobelmonte.com\/tienda\/boutique-equipamiento-motero\/"},{"@type":"ListItem","position":3,"name":"CHAQUETA ALPINESTARS STELLA SMX AIR LADY NEGRO \/ AMARILLO \/ ROSA"}]},{"@type":"WebSite","@id":"https:\/\/franciscobelmonte.com\/tienda\/#website","url":"https:\/\/franciscobelmonte.com\/tienda\/","name":"Boutique Francisco Belmonte","description":"Todo en complementos para motoristas","publisher":{"@id":"https:\/\/franciscobelmonte.com\/tienda\/#organization"},"potentialAction":[{"@type":"SearchAction","target":{"@type":"EntryPoint","urlTemplate":"https:\/\/franciscobelmonte.com\/tienda\/?s={search_term_string}"},"query-input":{"@type":"PropertyValueSpecification","valueRequired":true,"valueName":"search_term_string"}}],"inLanguage":"es"},{"@type":"Organization","@id":"https:\/\/franciscobelmonte.com\/tienda\/#organization","name":"Boutique Francisco Belmonte","url":"https:\/\/franciscobelmonte.com\/tienda\/","logo":{"@type":"ImageObject","inLanguage":"es","@id":"https:\/\/franciscobelmonte.com\/tienda\/#\/schema\/logo\/image\/","url":"https:\/\/franciscobelmonte.com\/tienda\/wp-content\/uploads\/2021\/12\/Francisco-Belmonte-logo.png","contentUrl":"https:\/\/franciscobelmonte.com\/tienda\/wp-content\/uploads\/2021\/12\/Francisco-Belmonte-logo.png","width":2153,"height":536,"caption":"Boutique Francisco Belmonte"},"image":{"@id":"https:\/\/franciscobelmonte.com\/tienda\/#\/schema\/logo\/image\/"},"sameAs":["https:\/\/www.facebook.com\/motosfranciscobelmonte","https:\/\/www.instagram.com\/fco.belmonte\/"]}]}},"jetpack_sharing_enabled":true,"brands":[],"_links":{"self":[{"href":"https:\/\/franciscobelmonte.com\/tienda\/wp-json\/wp\/v2\/product\/11962","targetHints":{"allow":["GET"]}}],"collection":[{"href":"https:\/\/franciscobelmonte.com\/tienda\/wp-json\/wp\/v2\/product"}],"about":[{"href":"https:\/\/franciscobelmonte.com\/tienda\/wp-json\/wp\/v2\/types\/product"}],"replies":[{"embeddable":true,"href":"https:\/\/franciscobelmonte.com\/tienda\/wp-json\/wp\/v2\/comments?post=11962"}],"wp:featuredmedia":[{"embeddable":true,"href":"https:\/\/franciscobelmonte.com\/tienda\/wp-json\/wp\/v2\/media\/11971"}],"wp:attachment":[{"href":"https:\/\/franciscobelmonte.com\/tienda\/wp-json\/wp\/v2\/media?parent=11962"}],"wp:term":[{"taxonomy":"pwb-brand","embeddable":true,"href":"https:\/\/franciscobelmonte.com\/tienda\/wp-json\/wp\/v2\/pwb-brand?post=11962"},{"taxonomy":"product_brand","embeddable":true,"href":"https:\/\/franciscobelmonte.com\/tienda\/wp-json\/wp\/v2\/product_brand?post=11962"},{"taxonomy":"product_cat","embeddable":true,"href":"https:\/\/franciscobelmonte.com\/tienda\/wp-json\/wp\/v2\/product_cat?post=11962"},{"taxonomy":"product_tag","embeddable":true,"href":"https:\/\/franciscobelmonte.com\/tienda\/wp-json\/wp\/v2\/product_tag?post=11962"}],"curies":[{"name":"wp","href":"https:\/\/api.w.org\/{rel}","templated":true}]}}