{"id":12489,"date":"2024-07-16T12:54:43","date_gmt":"2024-07-16T10:54:43","guid":{"rendered":"https:\/\/franciscobelmonte.com\/tienda\/?post_type=product&#038;p=12489"},"modified":"2026-03-16T17:53:40","modified_gmt":"2026-03-16T15:53:40","slug":"chaqueta-bmw-swartberg-air-verde","status":"publish","type":"product","link":"https:\/\/franciscobelmonte.com\/tienda\/chaqueta-bmw-swartberg-air-verde\/","title":{"rendered":"CHAQUETA BMW SWARTBERG AIR VERDE"},"content":{"rendered":"<h2>Chaqueta BMW Swartberg air verde<\/h2>\n<p>La chaqueta Swartberg AIR con corte de cazadora deportiva es la compa\u00f1era perfecta para escapadas veraniegas. El material exterior es de poliamida resistente al roce y proporciona una ventilaci\u00f3n \u00f3ptima en todo momento. De esta forma, esta moderna chaqueta puede usarse sin problemas incluso en d\u00edas muy calurosos.<\/p>\n<h3>Caracter\u00edsticas destacadas del producto<\/h3>\n<ul>\n<li>Chaqueta de verano ligera con corte de cazadora moderna<\/li>\n<li>Cuello y pu\u00f1os con ribetes de punto<\/li>\n<li>Visibilidad mediante cintas reflectantes en la parte delantera<\/li>\n<li>Ventilaci\u00f3n \u00f3ptima para los d\u00edas calurosos de verano<\/li>\n<li>Aspecto deportivo<\/li>\n<li style=\"list-style-type: none;\"><\/li>\n<\/ul>\n<h3>Funciones de seguridad<\/h3>\n<ul>\n<li>Protectores NPL en hombros y codos<\/li>\n<li>Protector de espalda<\/li>\n<li>Con certificado con clase de protecci\u00f3n A<\/li>\n<li style=\"list-style-type: none;\"><\/li>\n<\/ul>\n<h3>Funcionalidad<\/h3>\n<ul>\n<li>Inserciones el\u00e1sticas<\/li>\n<\/ul>\n<h3>Datos clave<\/h3>\n<ul class=\"productdetails__list list\">\n<li>Material exterior: 100 % PES<\/li>\n<\/ul>\n<p>&nbsp;<\/p>\n<p>&nbsp;<\/p>\n<p>&nbsp;<\/p>\n<p>&nbsp;<\/p>\n<p>&nbsp;<\/p>\n<p>&nbsp;<\/p>\n<p>&nbsp;<\/p>\n","protected":false},"excerpt":{"rendered":"<p>La chaqueta Swartberg AIR con corte de cazadora deportiva es la compa\u00f1era perfecta para escapadas veraniegas. El material exterior es de poliamida resistente al roce y proporciona una ventilaci\u00f3n \u00f3ptima en todo momento.<\/p>\n","protected":false},"featured_media":12494,"comment_status":"open","ping_status":"closed","template":"","meta":{"_themeisle_gutenberg_block_has_review":false},"pwb-brand":[184],"product_brand":[],"product_cat":[356,357,540],"product_tag":[633,872,838,887],"class_list":{"0":"post-12489","1":"product","2":"type-product","3":"status-publish","4":"has-post-thumbnail","6":"pwb-brand-bmw","7":"product_cat-boutique-bmw","8":"product_cat-chaquetas-bmw-motorrad","9":"product_cat-verano-chaquetas-bmw-motorrad","10":"product_tag-bmw","11":"product_tag-feria-de-la-moto","12":"product_tag-inicio-temporada-bmw","13":"product_tag-rebajas-bmw-40","15":"first","16":"instock","17":"sale","18":"taxable","19":"shipping-taxable","20":"purchasable","21":"product-type-variable"},"yoast_head":"<!-- This site is optimized with the Yoast SEO plugin v27.4 - https:\/\/yoast.com\/product\/yoast-seo-wordpress\/ -->\n<title>CHAQUETA BMW SWARTBERG AIR VERDE - Boutique Francisco Belmonte<\/title>\n<meta name=\"description\" content=\"Chaqueta BMW Swartberg Air Verde. Chaquetas de moto BMW en Boutique BMW Motorrad en Murcia, en sus diferentes colores, al mejor precio.\" \/>\n<meta name=\"robots\" content=\"index, follow, max-snippet:-1, max-image-preview:large, max-video-preview:-1\" \/>\n<link rel=\"canonical\" href=\"https:\/\/franciscobelmonte.com\/tienda\/chaqueta-bmw-swartberg-air-verde\/\" \/>\n<meta property=\"og:locale\" content=\"es_ES\" \/>\n<meta property=\"og:type\" content=\"article\" \/>\n<meta property=\"og:title\" content=\"CHAQUETA BMW SWARTBERG AIR VERDE - Boutique Francisco Belmonte\" \/>\n<meta property=\"og:description\" content=\"Chaqueta BMW Swartberg Air Verde. Chaquetas de moto BMW en Boutique BMW Motorrad en Murcia, en sus diferentes colores, al mejor precio.\" \/>\n<meta property=\"og:url\" content=\"https:\/\/franciscobelmonte.com\/tienda\/chaqueta-bmw-swartberg-air-verde\/\" \/>\n<meta property=\"og:site_name\" content=\"Boutique Francisco Belmonte\" \/>\n<meta property=\"article:publisher\" content=\"https:\/\/www.facebook.com\/motosfranciscobelmonte\" \/>\n<meta property=\"article:modified_time\" content=\"2026-03-16T15:53:40+00:00\" \/>\n<meta property=\"og:image\" content=\"https:\/\/franciscobelmonte.com\/tienda\/wp-content\/uploads\/2024\/07\/chaqueta-bmw-swartberg-air-verde.jpg\" \/>\n\t<meta property=\"og:image:width\" content=\"800\" \/>\n\t<meta property=\"og:image:height\" content=\"800\" \/>\n\t<meta property=\"og:image:type\" content=\"image\/jpeg\" \/>\n<meta name=\"twitter:card\" content=\"summary_large_image\" \/>\n<meta name=\"twitter:label1\" content=\"Tiempo de lectura\" \/>\n\t<meta name=\"twitter:data1\" content=\"1 minuto\" \/>\n<script type=\"application\/ld+json\" class=\"yoast-schema-graph\">{\"@context\":\"https:\\\/\\\/schema.org\",\"@graph\":[{\"@type\":\"WebPage\",\"@id\":\"https:\\\/\\\/franciscobelmonte.com\\\/tienda\\\/chaqueta-bmw-swartberg-air-verde\\\/\",\"url\":\"https:\\\/\\\/franciscobelmonte.com\\\/tienda\\\/chaqueta-bmw-swartberg-air-verde\\\/\",\"name\":\"CHAQUETA BMW SWARTBERG AIR VERDE - Boutique Francisco Belmonte\",\"isPartOf\":{\"@id\":\"https:\\\/\\\/franciscobelmonte.com\\\/tienda\\\/#website\"},\"primaryImageOfPage\":{\"@id\":\"https:\\\/\\\/franciscobelmonte.com\\\/tienda\\\/chaqueta-bmw-swartberg-air-verde\\\/#primaryimage\"},\"image\":{\"@id\":\"https:\\\/\\\/franciscobelmonte.com\\\/tienda\\\/chaqueta-bmw-swartberg-air-verde\\\/#primaryimage\"},\"thumbnailUrl\":\"https:\\\/\\\/franciscobelmonte.com\\\/tienda\\\/wp-content\\\/uploads\\\/2024\\\/07\\\/chaqueta-bmw-swartberg-air-verde.jpg\",\"datePublished\":\"2024-07-16T10:54:43+00:00\",\"dateModified\":\"2026-03-16T15:53:40+00:00\",\"description\":\"Chaqueta BMW Swartberg Air Verde. Chaquetas de moto BMW en Boutique BMW Motorrad en Murcia, en sus diferentes colores, al mejor precio.\",\"breadcrumb\":{\"@id\":\"https:\\\/\\\/franciscobelmonte.com\\\/tienda\\\/chaqueta-bmw-swartberg-air-verde\\\/#breadcrumb\"},\"inLanguage\":\"es\",\"potentialAction\":[{\"@type\":\"ReadAction\",\"target\":[\"https:\\\/\\\/franciscobelmonte.com\\\/tienda\\\/chaqueta-bmw-swartberg-air-verde\\\/\"]}]},{\"@type\":\"ImageObject\",\"inLanguage\":\"es\",\"@id\":\"https:\\\/\\\/franciscobelmonte.com\\\/tienda\\\/chaqueta-bmw-swartberg-air-verde\\\/#primaryimage\",\"url\":\"https:\\\/\\\/franciscobelmonte.com\\\/tienda\\\/wp-content\\\/uploads\\\/2024\\\/07\\\/chaqueta-bmw-swartberg-air-verde.jpg\",\"contentUrl\":\"https:\\\/\\\/franciscobelmonte.com\\\/tienda\\\/wp-content\\\/uploads\\\/2024\\\/07\\\/chaqueta-bmw-swartberg-air-verde.jpg\",\"width\":800,\"height\":800,\"caption\":\"chaqueta bmw swartberg air verde en murcia francisco belmonte\"},{\"@type\":\"BreadcrumbList\",\"@id\":\"https:\\\/\\\/franciscobelmonte.com\\\/tienda\\\/chaqueta-bmw-swartberg-air-verde\\\/#breadcrumb\",\"itemListElement\":[{\"@type\":\"ListItem\",\"position\":1,\"name\":\"Portada\",\"item\":\"https:\\\/\\\/franciscobelmonte.com\\\/tienda\\\/\"},{\"@type\":\"ListItem\",\"position\":2,\"name\":\"Tienda\",\"item\":\"https:\\\/\\\/franciscobelmonte.com\\\/tienda\\\/boutique-equipamiento-motero\\\/\"},{\"@type\":\"ListItem\",\"position\":3,\"name\":\"CHAQUETA BMW SWARTBERG AIR VERDE\"}]},{\"@type\":\"WebSite\",\"@id\":\"https:\\\/\\\/franciscobelmonte.com\\\/tienda\\\/#website\",\"url\":\"https:\\\/\\\/franciscobelmonte.com\\\/tienda\\\/\",\"name\":\"Boutique Francisco Belmonte\",\"description\":\"Todo en complementos para motoristas\",\"publisher\":{\"@id\":\"https:\\\/\\\/franciscobelmonte.com\\\/tienda\\\/#organization\"},\"potentialAction\":[{\"@type\":\"SearchAction\",\"target\":{\"@type\":\"EntryPoint\",\"urlTemplate\":\"https:\\\/\\\/franciscobelmonte.com\\\/tienda\\\/?s={search_term_string}\"},\"query-input\":{\"@type\":\"PropertyValueSpecification\",\"valueRequired\":true,\"valueName\":\"search_term_string\"}}],\"inLanguage\":\"es\"},{\"@type\":\"Organization\",\"@id\":\"https:\\\/\\\/franciscobelmonte.com\\\/tienda\\\/#organization\",\"name\":\"Boutique Francisco Belmonte\",\"url\":\"https:\\\/\\\/franciscobelmonte.com\\\/tienda\\\/\",\"logo\":{\"@type\":\"ImageObject\",\"inLanguage\":\"es\",\"@id\":\"https:\\\/\\\/franciscobelmonte.com\\\/tienda\\\/#\\\/schema\\\/logo\\\/image\\\/\",\"url\":\"https:\\\/\\\/franciscobelmonte.com\\\/tienda\\\/wp-content\\\/uploads\\\/2021\\\/12\\\/Francisco-Belmonte-logo.png\",\"contentUrl\":\"https:\\\/\\\/franciscobelmonte.com\\\/tienda\\\/wp-content\\\/uploads\\\/2021\\\/12\\\/Francisco-Belmonte-logo.png\",\"width\":2153,\"height\":536,\"caption\":\"Boutique Francisco Belmonte\"},\"image\":{\"@id\":\"https:\\\/\\\/franciscobelmonte.com\\\/tienda\\\/#\\\/schema\\\/logo\\\/image\\\/\"},\"sameAs\":[\"https:\\\/\\\/www.facebook.com\\\/motosfranciscobelmonte\",\"https:\\\/\\\/www.instagram.com\\\/fco.belmonte\\\/\"]}]}<\/script>\n<!-- \/ Yoast SEO plugin. -->","yoast_head_json":{"title":"CHAQUETA BMW SWARTBERG AIR VERDE - Boutique Francisco Belmonte","description":"Chaqueta BMW Swartberg Air Verde. Chaquetas de moto BMW en Boutique BMW Motorrad en Murcia, en sus diferentes colores, al mejor precio.","robots":{"index":"index","follow":"follow","max-snippet":"max-snippet:-1","max-image-preview":"max-image-preview:large","max-video-preview":"max-video-preview:-1"},"canonical":"https:\/\/franciscobelmonte.com\/tienda\/chaqueta-bmw-swartberg-air-verde\/","og_locale":"es_ES","og_type":"article","og_title":"CHAQUETA BMW SWARTBERG AIR VERDE - Boutique Francisco Belmonte","og_description":"Chaqueta BMW Swartberg Air Verde. Chaquetas de moto BMW en Boutique BMW Motorrad en Murcia, en sus diferentes colores, al mejor precio.","og_url":"https:\/\/franciscobelmonte.com\/tienda\/chaqueta-bmw-swartberg-air-verde\/","og_site_name":"Boutique Francisco Belmonte","article_publisher":"https:\/\/www.facebook.com\/motosfranciscobelmonte","article_modified_time":"2026-03-16T15:53:40+00:00","og_image":[{"width":800,"height":800,"url":"https:\/\/franciscobelmonte.com\/tienda\/wp-content\/uploads\/2024\/07\/chaqueta-bmw-swartberg-air-verde.jpg","type":"image\/jpeg"}],"twitter_card":"summary_large_image","twitter_misc":{"Tiempo de lectura":"1 minuto"},"schema":{"@context":"https:\/\/schema.org","@graph":[{"@type":"WebPage","@id":"https:\/\/franciscobelmonte.com\/tienda\/chaqueta-bmw-swartberg-air-verde\/","url":"https:\/\/franciscobelmonte.com\/tienda\/chaqueta-bmw-swartberg-air-verde\/","name":"CHAQUETA BMW SWARTBERG AIR VERDE - Boutique Francisco Belmonte","isPartOf":{"@id":"https:\/\/franciscobelmonte.com\/tienda\/#website"},"primaryImageOfPage":{"@id":"https:\/\/franciscobelmonte.com\/tienda\/chaqueta-bmw-swartberg-air-verde\/#primaryimage"},"image":{"@id":"https:\/\/franciscobelmonte.com\/tienda\/chaqueta-bmw-swartberg-air-verde\/#primaryimage"},"thumbnailUrl":"https:\/\/franciscobelmonte.com\/tienda\/wp-content\/uploads\/2024\/07\/chaqueta-bmw-swartberg-air-verde.jpg","datePublished":"2024-07-16T10:54:43+00:00","dateModified":"2026-03-16T15:53:40+00:00","description":"Chaqueta BMW Swartberg Air Verde. Chaquetas de moto BMW en Boutique BMW Motorrad en Murcia, en sus diferentes colores, al mejor precio.","breadcrumb":{"@id":"https:\/\/franciscobelmonte.com\/tienda\/chaqueta-bmw-swartberg-air-verde\/#breadcrumb"},"inLanguage":"es","potentialAction":[{"@type":"ReadAction","target":["https:\/\/franciscobelmonte.com\/tienda\/chaqueta-bmw-swartberg-air-verde\/"]}]},{"@type":"ImageObject","inLanguage":"es","@id":"https:\/\/franciscobelmonte.com\/tienda\/chaqueta-bmw-swartberg-air-verde\/#primaryimage","url":"https:\/\/franciscobelmonte.com\/tienda\/wp-content\/uploads\/2024\/07\/chaqueta-bmw-swartberg-air-verde.jpg","contentUrl":"https:\/\/franciscobelmonte.com\/tienda\/wp-content\/uploads\/2024\/07\/chaqueta-bmw-swartberg-air-verde.jpg","width":800,"height":800,"caption":"chaqueta bmw swartberg air verde en murcia francisco belmonte"},{"@type":"BreadcrumbList","@id":"https:\/\/franciscobelmonte.com\/tienda\/chaqueta-bmw-swartberg-air-verde\/#breadcrumb","itemListElement":[{"@type":"ListItem","position":1,"name":"Portada","item":"https:\/\/franciscobelmonte.com\/tienda\/"},{"@type":"ListItem","position":2,"name":"Tienda","item":"https:\/\/franciscobelmonte.com\/tienda\/boutique-equipamiento-motero\/"},{"@type":"ListItem","position":3,"name":"CHAQUETA BMW SWARTBERG AIR VERDE"}]},{"@type":"WebSite","@id":"https:\/\/franciscobelmonte.com\/tienda\/#website","url":"https:\/\/franciscobelmonte.com\/tienda\/","name":"Boutique Francisco Belmonte","description":"Todo en complementos para motoristas","publisher":{"@id":"https:\/\/franciscobelmonte.com\/tienda\/#organization"},"potentialAction":[{"@type":"SearchAction","target":{"@type":"EntryPoint","urlTemplate":"https:\/\/franciscobelmonte.com\/tienda\/?s={search_term_string}"},"query-input":{"@type":"PropertyValueSpecification","valueRequired":true,"valueName":"search_term_string"}}],"inLanguage":"es"},{"@type":"Organization","@id":"https:\/\/franciscobelmonte.com\/tienda\/#organization","name":"Boutique Francisco Belmonte","url":"https:\/\/franciscobelmonte.com\/tienda\/","logo":{"@type":"ImageObject","inLanguage":"es","@id":"https:\/\/franciscobelmonte.com\/tienda\/#\/schema\/logo\/image\/","url":"https:\/\/franciscobelmonte.com\/tienda\/wp-content\/uploads\/2021\/12\/Francisco-Belmonte-logo.png","contentUrl":"https:\/\/franciscobelmonte.com\/tienda\/wp-content\/uploads\/2021\/12\/Francisco-Belmonte-logo.png","width":2153,"height":536,"caption":"Boutique Francisco Belmonte"},"image":{"@id":"https:\/\/franciscobelmonte.com\/tienda\/#\/schema\/logo\/image\/"},"sameAs":["https:\/\/www.facebook.com\/motosfranciscobelmonte","https:\/\/www.instagram.com\/fco.belmonte\/"]}]}},"jetpack_sharing_enabled":true,"brands":[{"id":184,"name":"Bmw","slug":"bmw"}],"_links":{"self":[{"href":"https:\/\/franciscobelmonte.com\/tienda\/wp-json\/wp\/v2\/product\/12489","targetHints":{"allow":["GET"]}}],"collection":[{"href":"https:\/\/franciscobelmonte.com\/tienda\/wp-json\/wp\/v2\/product"}],"about":[{"href":"https:\/\/franciscobelmonte.com\/tienda\/wp-json\/wp\/v2\/types\/product"}],"replies":[{"embeddable":true,"href":"https:\/\/franciscobelmonte.com\/tienda\/wp-json\/wp\/v2\/comments?post=12489"}],"wp:featuredmedia":[{"embeddable":true,"href":"https:\/\/franciscobelmonte.com\/tienda\/wp-json\/wp\/v2\/media\/12494"}],"wp:attachment":[{"href":"https:\/\/franciscobelmonte.com\/tienda\/wp-json\/wp\/v2\/media?parent=12489"}],"wp:term":[{"taxonomy":"pwb-brand","embeddable":true,"href":"https:\/\/franciscobelmonte.com\/tienda\/wp-json\/wp\/v2\/pwb-brand?post=12489"},{"taxonomy":"product_brand","embeddable":true,"href":"https:\/\/franciscobelmonte.com\/tienda\/wp-json\/wp\/v2\/product_brand?post=12489"},{"taxonomy":"product_cat","embeddable":true,"href":"https:\/\/franciscobelmonte.com\/tienda\/wp-json\/wp\/v2\/product_cat?post=12489"},{"taxonomy":"product_tag","embeddable":true,"href":"https:\/\/franciscobelmonte.com\/tienda\/wp-json\/wp\/v2\/product_tag?post=12489"}],"curies":[{"name":"wp","href":"https:\/\/api.w.org\/{rel}","templated":true}]}}