{"id":12775,"date":"2024-10-18T09:17:22","date_gmt":"2024-10-18T07:17:22","guid":{"rendered":"https:\/\/franciscobelmonte.com\/tienda\/?post_type=product&#038;p=12775"},"modified":"2026-01-06T20:16:22","modified_gmt":"2026-01-06T18:16:22","slug":"casco-alpinestars-supertech-r10-blanco-negro","status":"publish","type":"product","link":"https:\/\/franciscobelmonte.com\/tienda\/casco-alpinestars-supertech-r10-blanco-negro\/","title":{"rendered":"CASCO ALPINESTARS SUPERTECH R10 BLANCO \/ NEGRO"},"content":{"rendered":"<h2>Casco ALPINESTARS Supertech R10 Blanco \/ Negro<\/h2>\n<p>Destaca por los materiales ultraligeros y resistentes, el perfil sumamente aerodin\u00e1mico con aler\u00f3n trasero. El sistema de ventilaci\u00f3n extenso de alto rendimiento y los acolchados internos de comodidad inigualable que ofrecen un casco tope de gama que brinda la m\u00e1xima protecci\u00f3n a todos los motociclistas ya sean de pista o de carretera.<\/p>\n<p>Destaca su calota exterior ultraligera fabricada en fibra de carbono 3K y varios materiales que proporcionan una gran resistencia y protecci\u00f3n a la vez que garantizan una excelente aerodin\u00e1mica y estabilidad a altas velocidades gracias a su aler\u00f3n trasero.<\/p>\n<p><strong>Caracter\u00edsticas t\u00e9cnicas<\/strong><\/p>\n<ul>\n<li>Calota exterior fabricada con tecnolog\u00eda avanzada de moldeado multicapa con fibra de carbono 3K, fibra de aramida y fibra de vidrio de alta densidad que ofrecen excelente ligereza y m\u00e1xima protecci\u00f3n contra los impactos.<\/li>\n<li>Calota interior de de espuma EPS de distintas densidades dise\u00f1ada para la absorci\u00f3n de impactos fuertes.<\/li>\n<li>Sistema A-Head desarrollado por Alpinestars, mediante el cual se proporciona un correcto ajuste de altura y \u00e1ngulo para que el casco se ajuste a la perfecci\u00f3n a la posici\u00f3n de la cabeza en cualquier postura de conducci\u00f3n.<\/li>\n<li>Dispone de una pantalla de alta claridad con un nivel \u00f3ptico de clase 1 que ofrece hasta 220\u00ba de visi\u00f3n lateral y 57\u00ba vertical para garantizar la m\u00e1xima visi\u00f3n en cualquier posici\u00f3n de conducci\u00f3n.<\/li>\n<li>Incluye mecanismo de bloqueo met\u00e1lico en el lateral y un cierre met\u00e1lico en la zona de la barbilla para evitar el desprendimiento no deseado de la pantalla durante un impacto.<\/li>\n<li>El S-R10 permite la instalaci\u00f3n de 2 alerones traseros intercambiables.<\/li>\n<li>Sistema de ventilaci\u00f3n muy eficaz formado por 11 puertos de ventilaci\u00f3n estrat\u00e9gicamente ubicados con 7 entradas de aire y 4 extractores para una excelente distribuci\u00f3n del aire y evacuaci\u00f3n del calor.<\/li>\n<li>Extractores de aire traseros: dos extractores en la parte del aler\u00f3n trasero para una excelente evacuaci\u00f3n del aire caliente.<\/li>\n<li>Almohadillas en la zona de las orejas para una mayor comodidad ya que reducen el ruido en el interior del casco.<\/li>\n<li>Deflector de aliento que evita el empa\u00f1amiento.<\/li>\n<li>Cierre mediante doble hebilla met\u00e1lica con correa de 25mm fabricada en nailon de alta resistencia.<\/li>\n<li>Homologaci\u00f3n para los est\u00e1ndares ECE 22-06.<\/li>\n<\/ul>\n<p>&nbsp;<\/p>\n<p>&nbsp;<\/p>\n<p>&nbsp;<\/p>\n","protected":false},"excerpt":{"rendered":"<p>Destaca por los materiales ultraligeros y resistentes, el perfil sumamente aerodin\u00e1mico con aler\u00f3n trasero. El sistema de ventilaci\u00f3n extenso de alto rendimiento y los acolchados internos de comodidad inigualable que ofrecen un casco tope de gama que brinda la m\u00e1xima protecci\u00f3n a todos los motociclistas ya sean de pista o de carretera.<\/p>\n<p>Destaca su calota exterior ultraligera fabricada en fibra de carbono 3K y varios materiales que proporcionan una gran resistencia y protecci\u00f3n a la vez que garantizan una excelente aerodin\u00e1mica y estabilidad a altas velocidades gracias a su aler\u00f3n trasero.<\/p>\n","protected":false},"featured_media":12780,"comment_status":"open","ping_status":"closed","template":"","meta":{"_themeisle_gutenberg_block_has_review":false},"pwb-brand":[226],"product_brand":[],"product_cat":[15,145],"product_tag":[891],"class_list":{"0":"post-12775","1":"product","2":"type-product","3":"status-publish","4":"has-post-thumbnail","6":"pwb-brand-scorpion","7":"product_cat-casco-de-moto","8":"product_cat-cascos-de-moto-integrales","9":"product_tag-rebajas-18","11":"first","12":"instock","13":"taxable","14":"shipping-taxable","15":"purchasable","16":"product-type-variable","17":"has-default-attributes"},"yoast_head":"<!-- This site is optimized with the Yoast SEO plugin v27.4 - https:\/\/yoast.com\/product\/yoast-seo-wordpress\/ -->\n<title>CASCO ALPINESTARS SUPERTECH R10 BLANCO \/ NEGRO - Boutique Francisco Belmonte<\/title>\n<meta name=\"description\" content=\"Casco Alpinestars Supertech R10 Blanco-Negro. Cascos de moto integral Alpinestars en Murcia Francisco Belmonte. Al mejor precio\" \/>\n<meta name=\"robots\" content=\"index, follow, max-snippet:-1, max-image-preview:large, max-video-preview:-1\" \/>\n<link rel=\"canonical\" href=\"https:\/\/franciscobelmonte.com\/tienda\/casco-alpinestars-supertech-r10-blanco-negro\/\" \/>\n<meta property=\"og:locale\" content=\"es_ES\" \/>\n<meta property=\"og:type\" content=\"article\" \/>\n<meta property=\"og:title\" content=\"CASCO ALPINESTARS SUPERTECH R10 BLANCO \/ NEGRO - Boutique Francisco Belmonte\" \/>\n<meta property=\"og:description\" content=\"Casco Alpinestars Supertech R10 Blanco-Negro. Cascos de moto integral Alpinestars en Murcia Francisco Belmonte. Al mejor precio\" \/>\n<meta property=\"og:url\" content=\"https:\/\/franciscobelmonte.com\/tienda\/casco-alpinestars-supertech-r10-blanco-negro\/\" \/>\n<meta property=\"og:site_name\" content=\"Boutique Francisco Belmonte\" \/>\n<meta property=\"article:publisher\" content=\"https:\/\/www.facebook.com\/motosfranciscobelmonte\" \/>\n<meta property=\"article:modified_time\" content=\"2026-01-06T18:16:22+00:00\" \/>\n<meta property=\"og:image\" content=\"https:\/\/franciscobelmonte.com\/tienda\/wp-content\/uploads\/2024\/10\/casco-alpinestars-supertech-r10-blanco-negro.webp\" \/>\n\t<meta property=\"og:image:width\" content=\"800\" \/>\n\t<meta property=\"og:image:height\" content=\"800\" \/>\n\t<meta property=\"og:image:type\" content=\"image\/webp\" \/>\n<meta name=\"twitter:card\" content=\"summary_large_image\" \/>\n<meta name=\"twitter:label1\" content=\"Tiempo de lectura\" \/>\n\t<meta name=\"twitter:data1\" content=\"1 minuto\" \/>\n<script type=\"application\/ld+json\" class=\"yoast-schema-graph\">{\"@context\":\"https:\\\/\\\/schema.org\",\"@graph\":[{\"@type\":\"WebPage\",\"@id\":\"https:\\\/\\\/franciscobelmonte.com\\\/tienda\\\/casco-alpinestars-supertech-r10-blanco-negro\\\/\",\"url\":\"https:\\\/\\\/franciscobelmonte.com\\\/tienda\\\/casco-alpinestars-supertech-r10-blanco-negro\\\/\",\"name\":\"CASCO ALPINESTARS SUPERTECH R10 BLANCO \\\/ NEGRO - Boutique Francisco Belmonte\",\"isPartOf\":{\"@id\":\"https:\\\/\\\/franciscobelmonte.com\\\/tienda\\\/#website\"},\"primaryImageOfPage\":{\"@id\":\"https:\\\/\\\/franciscobelmonte.com\\\/tienda\\\/casco-alpinestars-supertech-r10-blanco-negro\\\/#primaryimage\"},\"image\":{\"@id\":\"https:\\\/\\\/franciscobelmonte.com\\\/tienda\\\/casco-alpinestars-supertech-r10-blanco-negro\\\/#primaryimage\"},\"thumbnailUrl\":\"https:\\\/\\\/franciscobelmonte.com\\\/tienda\\\/wp-content\\\/uploads\\\/2024\\\/10\\\/casco-alpinestars-supertech-r10-blanco-negro.webp\",\"datePublished\":\"2024-10-18T07:17:22+00:00\",\"dateModified\":\"2026-01-06T18:16:22+00:00\",\"description\":\"Casco Alpinestars Supertech R10 Blanco-Negro. Cascos de moto integral Alpinestars en Murcia Francisco Belmonte. Al mejor precio\",\"breadcrumb\":{\"@id\":\"https:\\\/\\\/franciscobelmonte.com\\\/tienda\\\/casco-alpinestars-supertech-r10-blanco-negro\\\/#breadcrumb\"},\"inLanguage\":\"es\",\"potentialAction\":[{\"@type\":\"ReadAction\",\"target\":[\"https:\\\/\\\/franciscobelmonte.com\\\/tienda\\\/casco-alpinestars-supertech-r10-blanco-negro\\\/\"]}]},{\"@type\":\"ImageObject\",\"inLanguage\":\"es\",\"@id\":\"https:\\\/\\\/franciscobelmonte.com\\\/tienda\\\/casco-alpinestars-supertech-r10-blanco-negro\\\/#primaryimage\",\"url\":\"https:\\\/\\\/franciscobelmonte.com\\\/tienda\\\/wp-content\\\/uploads\\\/2024\\\/10\\\/casco-alpinestars-supertech-r10-blanco-negro.webp\",\"contentUrl\":\"https:\\\/\\\/franciscobelmonte.com\\\/tienda\\\/wp-content\\\/uploads\\\/2024\\\/10\\\/casco-alpinestars-supertech-r10-blanco-negro.webp\",\"width\":800,\"height\":800,\"caption\":\"casco alpinestars supertech r10 blanco negro en francisco belmonte murcia\"},{\"@type\":\"BreadcrumbList\",\"@id\":\"https:\\\/\\\/franciscobelmonte.com\\\/tienda\\\/casco-alpinestars-supertech-r10-blanco-negro\\\/#breadcrumb\",\"itemListElement\":[{\"@type\":\"ListItem\",\"position\":1,\"name\":\"Portada\",\"item\":\"https:\\\/\\\/franciscobelmonte.com\\\/tienda\\\/\"},{\"@type\":\"ListItem\",\"position\":2,\"name\":\"Tienda\",\"item\":\"https:\\\/\\\/franciscobelmonte.com\\\/tienda\\\/boutique-equipamiento-motero\\\/\"},{\"@type\":\"ListItem\",\"position\":3,\"name\":\"CASCO ALPINESTARS SUPERTECH R10 BLANCO \\\/ NEGRO\"}]},{\"@type\":\"WebSite\",\"@id\":\"https:\\\/\\\/franciscobelmonte.com\\\/tienda\\\/#website\",\"url\":\"https:\\\/\\\/franciscobelmonte.com\\\/tienda\\\/\",\"name\":\"Boutique Francisco Belmonte\",\"description\":\"Todo en complementos para motoristas\",\"publisher\":{\"@id\":\"https:\\\/\\\/franciscobelmonte.com\\\/tienda\\\/#organization\"},\"potentialAction\":[{\"@type\":\"SearchAction\",\"target\":{\"@type\":\"EntryPoint\",\"urlTemplate\":\"https:\\\/\\\/franciscobelmonte.com\\\/tienda\\\/?s={search_term_string}\"},\"query-input\":{\"@type\":\"PropertyValueSpecification\",\"valueRequired\":true,\"valueName\":\"search_term_string\"}}],\"inLanguage\":\"es\"},{\"@type\":\"Organization\",\"@id\":\"https:\\\/\\\/franciscobelmonte.com\\\/tienda\\\/#organization\",\"name\":\"Boutique Francisco Belmonte\",\"url\":\"https:\\\/\\\/franciscobelmonte.com\\\/tienda\\\/\",\"logo\":{\"@type\":\"ImageObject\",\"inLanguage\":\"es\",\"@id\":\"https:\\\/\\\/franciscobelmonte.com\\\/tienda\\\/#\\\/schema\\\/logo\\\/image\\\/\",\"url\":\"https:\\\/\\\/franciscobelmonte.com\\\/tienda\\\/wp-content\\\/uploads\\\/2021\\\/12\\\/Francisco-Belmonte-logo.png\",\"contentUrl\":\"https:\\\/\\\/franciscobelmonte.com\\\/tienda\\\/wp-content\\\/uploads\\\/2021\\\/12\\\/Francisco-Belmonte-logo.png\",\"width\":2153,\"height\":536,\"caption\":\"Boutique Francisco Belmonte\"},\"image\":{\"@id\":\"https:\\\/\\\/franciscobelmonte.com\\\/tienda\\\/#\\\/schema\\\/logo\\\/image\\\/\"},\"sameAs\":[\"https:\\\/\\\/www.facebook.com\\\/motosfranciscobelmonte\",\"https:\\\/\\\/www.instagram.com\\\/fco.belmonte\\\/\"]}]}<\/script>\n<!-- \/ Yoast SEO plugin. -->","yoast_head_json":{"title":"CASCO ALPINESTARS SUPERTECH R10 BLANCO \/ NEGRO - Boutique Francisco Belmonte","description":"Casco Alpinestars Supertech R10 Blanco-Negro. Cascos de moto integral Alpinestars en Murcia Francisco Belmonte. Al mejor precio","robots":{"index":"index","follow":"follow","max-snippet":"max-snippet:-1","max-image-preview":"max-image-preview:large","max-video-preview":"max-video-preview:-1"},"canonical":"https:\/\/franciscobelmonte.com\/tienda\/casco-alpinestars-supertech-r10-blanco-negro\/","og_locale":"es_ES","og_type":"article","og_title":"CASCO ALPINESTARS SUPERTECH R10 BLANCO \/ NEGRO - Boutique Francisco Belmonte","og_description":"Casco Alpinestars Supertech R10 Blanco-Negro. Cascos de moto integral Alpinestars en Murcia Francisco Belmonte. Al mejor precio","og_url":"https:\/\/franciscobelmonte.com\/tienda\/casco-alpinestars-supertech-r10-blanco-negro\/","og_site_name":"Boutique Francisco Belmonte","article_publisher":"https:\/\/www.facebook.com\/motosfranciscobelmonte","article_modified_time":"2026-01-06T18:16:22+00:00","og_image":[{"width":800,"height":800,"url":"https:\/\/franciscobelmonte.com\/tienda\/wp-content\/uploads\/2024\/10\/casco-alpinestars-supertech-r10-blanco-negro.webp","type":"image\/webp"}],"twitter_card":"summary_large_image","twitter_misc":{"Tiempo de lectura":"1 minuto"},"schema":{"@context":"https:\/\/schema.org","@graph":[{"@type":"WebPage","@id":"https:\/\/franciscobelmonte.com\/tienda\/casco-alpinestars-supertech-r10-blanco-negro\/","url":"https:\/\/franciscobelmonte.com\/tienda\/casco-alpinestars-supertech-r10-blanco-negro\/","name":"CASCO ALPINESTARS SUPERTECH R10 BLANCO \/ NEGRO - Boutique Francisco Belmonte","isPartOf":{"@id":"https:\/\/franciscobelmonte.com\/tienda\/#website"},"primaryImageOfPage":{"@id":"https:\/\/franciscobelmonte.com\/tienda\/casco-alpinestars-supertech-r10-blanco-negro\/#primaryimage"},"image":{"@id":"https:\/\/franciscobelmonte.com\/tienda\/casco-alpinestars-supertech-r10-blanco-negro\/#primaryimage"},"thumbnailUrl":"https:\/\/franciscobelmonte.com\/tienda\/wp-content\/uploads\/2024\/10\/casco-alpinestars-supertech-r10-blanco-negro.webp","datePublished":"2024-10-18T07:17:22+00:00","dateModified":"2026-01-06T18:16:22+00:00","description":"Casco Alpinestars Supertech R10 Blanco-Negro. Cascos de moto integral Alpinestars en Murcia Francisco Belmonte. Al mejor precio","breadcrumb":{"@id":"https:\/\/franciscobelmonte.com\/tienda\/casco-alpinestars-supertech-r10-blanco-negro\/#breadcrumb"},"inLanguage":"es","potentialAction":[{"@type":"ReadAction","target":["https:\/\/franciscobelmonte.com\/tienda\/casco-alpinestars-supertech-r10-blanco-negro\/"]}]},{"@type":"ImageObject","inLanguage":"es","@id":"https:\/\/franciscobelmonte.com\/tienda\/casco-alpinestars-supertech-r10-blanco-negro\/#primaryimage","url":"https:\/\/franciscobelmonte.com\/tienda\/wp-content\/uploads\/2024\/10\/casco-alpinestars-supertech-r10-blanco-negro.webp","contentUrl":"https:\/\/franciscobelmonte.com\/tienda\/wp-content\/uploads\/2024\/10\/casco-alpinestars-supertech-r10-blanco-negro.webp","width":800,"height":800,"caption":"casco alpinestars supertech r10 blanco negro en francisco belmonte murcia"},{"@type":"BreadcrumbList","@id":"https:\/\/franciscobelmonte.com\/tienda\/casco-alpinestars-supertech-r10-blanco-negro\/#breadcrumb","itemListElement":[{"@type":"ListItem","position":1,"name":"Portada","item":"https:\/\/franciscobelmonte.com\/tienda\/"},{"@type":"ListItem","position":2,"name":"Tienda","item":"https:\/\/franciscobelmonte.com\/tienda\/boutique-equipamiento-motero\/"},{"@type":"ListItem","position":3,"name":"CASCO ALPINESTARS SUPERTECH R10 BLANCO \/ NEGRO"}]},{"@type":"WebSite","@id":"https:\/\/franciscobelmonte.com\/tienda\/#website","url":"https:\/\/franciscobelmonte.com\/tienda\/","name":"Boutique Francisco Belmonte","description":"Todo en complementos para motoristas","publisher":{"@id":"https:\/\/franciscobelmonte.com\/tienda\/#organization"},"potentialAction":[{"@type":"SearchAction","target":{"@type":"EntryPoint","urlTemplate":"https:\/\/franciscobelmonte.com\/tienda\/?s={search_term_string}"},"query-input":{"@type":"PropertyValueSpecification","valueRequired":true,"valueName":"search_term_string"}}],"inLanguage":"es"},{"@type":"Organization","@id":"https:\/\/franciscobelmonte.com\/tienda\/#organization","name":"Boutique Francisco Belmonte","url":"https:\/\/franciscobelmonte.com\/tienda\/","logo":{"@type":"ImageObject","inLanguage":"es","@id":"https:\/\/franciscobelmonte.com\/tienda\/#\/schema\/logo\/image\/","url":"https:\/\/franciscobelmonte.com\/tienda\/wp-content\/uploads\/2021\/12\/Francisco-Belmonte-logo.png","contentUrl":"https:\/\/franciscobelmonte.com\/tienda\/wp-content\/uploads\/2021\/12\/Francisco-Belmonte-logo.png","width":2153,"height":536,"caption":"Boutique Francisco Belmonte"},"image":{"@id":"https:\/\/franciscobelmonte.com\/tienda\/#\/schema\/logo\/image\/"},"sameAs":["https:\/\/www.facebook.com\/motosfranciscobelmonte","https:\/\/www.instagram.com\/fco.belmonte\/"]}]}},"jetpack_sharing_enabled":true,"brands":[{"id":226,"name":"Scorpion","slug":"scorpion"}],"_links":{"self":[{"href":"https:\/\/franciscobelmonte.com\/tienda\/wp-json\/wp\/v2\/product\/12775","targetHints":{"allow":["GET"]}}],"collection":[{"href":"https:\/\/franciscobelmonte.com\/tienda\/wp-json\/wp\/v2\/product"}],"about":[{"href":"https:\/\/franciscobelmonte.com\/tienda\/wp-json\/wp\/v2\/types\/product"}],"replies":[{"embeddable":true,"href":"https:\/\/franciscobelmonte.com\/tienda\/wp-json\/wp\/v2\/comments?post=12775"}],"wp:featuredmedia":[{"embeddable":true,"href":"https:\/\/franciscobelmonte.com\/tienda\/wp-json\/wp\/v2\/media\/12780"}],"wp:attachment":[{"href":"https:\/\/franciscobelmonte.com\/tienda\/wp-json\/wp\/v2\/media?parent=12775"}],"wp:term":[{"taxonomy":"pwb-brand","embeddable":true,"href":"https:\/\/franciscobelmonte.com\/tienda\/wp-json\/wp\/v2\/pwb-brand?post=12775"},{"taxonomy":"product_brand","embeddable":true,"href":"https:\/\/franciscobelmonte.com\/tienda\/wp-json\/wp\/v2\/product_brand?post=12775"},{"taxonomy":"product_cat","embeddable":true,"href":"https:\/\/franciscobelmonte.com\/tienda\/wp-json\/wp\/v2\/product_cat?post=12775"},{"taxonomy":"product_tag","embeddable":true,"href":"https:\/\/franciscobelmonte.com\/tienda\/wp-json\/wp\/v2\/product_tag?post=12775"}],"curies":[{"name":"wp","href":"https:\/\/api.w.org\/{rel}","templated":true}]}}