{"id":1792,"date":"2022-03-09T17:34:42","date_gmt":"2022-03-09T17:34:42","guid":{"rendered":"https:\/\/franciscobelmonte.com\/tienda\/?post_type=product&#038;p=1792"},"modified":"2025-04-01T13:04:14","modified_gmt":"2025-04-01T11:04:14","slug":"casco-caberg-duke-2-blanco","status":"publish","type":"product","link":"https:\/\/franciscobelmonte.com\/tienda\/casco-caberg-duke-2-blanco\/","title":{"rendered":"CASCO CABERG DUKE 2 BLANCO"},"content":{"rendered":"<h1>Casco CABERG Duke 2 Blanco<\/h1>\n<p>Se trata de la evoluci\u00f3n del exitoso casco Caberg Duke. El nuevo modular <strong>Caberg Duke 2<\/strong> cuenta con un dise\u00f1o m\u00e1s estilizado y m\u00e1s aerodin\u00e1mico que el de su predecesor. Este casco de peso ligero y tama\u00f1o compacto est\u00e1 realizado 100% en Italia ofrece soluciones t\u00e9cnicas innovadoras con un precio asequible. Dispone de calota exterior fabricada en policarbonato avanzado y una pr\u00e1ctica pantalla solar dotada del exclusivo sistema Double Visor Tech de sencillo manejo. El casco Caberg Duke 2 posee la doble homologaci\u00f3n P\/J; permite al motorista circular con la mentonera abierta y de una forma segura, gracias al selector (posicionado en la parte izquierda del casco) de bloqueo de la mentonera en la posici\u00f3n apertura m\u00e1xima. Cuenta con acolchados extra\u00edbles y lavables realizados con tejidos transpirables e hipoalerg\u00e9nicos.<\/p>\n<p><strong>Caracter\u00edsticas principales<\/strong><\/p>\n<ul style=\"list-style-type: square;\">\n<li>Calota exterior realizada en resina termopl\u00e1stica (THH LG CHEM HI-IMPACT ABS) resistente y ligera; ofrece 5 estrellas en los prestigiosos Test Sharp (es la puntuaci\u00f3n m\u00e1xima de seguridad).<\/li>\n<li>Sistema exclusivo Double Visor Tech, se trata de una pantalla solar retr\u00e1ctil (ahumada oscura) con mecanismo de accionamiento en la zona central de casco. Este mecanismo es muy pr\u00e1ctico y sencillo de manejar y permite al motorista conducir siempre con la luz adecuada.<\/li>\n<li>Pantalla transparente antirayas preparada para instalar el Pinlock 100% antivaho (incluido de serie).<\/li>\n<li>Mecanismos de la pantalla dise\u00f1ados para un cambio r\u00e1pido de la misma sin herramientas.<\/li>\n<li>Interior completamente desmontable y lavable, realizado con tejido altamente transpirable y antis\u00e9ptico. Almohadillas de doble densidad con tecnolog\u00eda 3D.<\/li>\n<li>Sistema de ventilaci\u00f3n dotado de entradas de aire y canales internos para mantener la cabeza fresca.<\/li>\n<li>Predisposici\u00f3n para instalar el Bluetooth opcional Caberg Just Speak Evo (se vende por separado).<\/li>\n<li>cierre con hebilla microm\u00e9trica, muy sencillo de utilizar incluso para los motoristas menos experimentados.<\/li>\n<li>Peso: 1.550 +\/- 50 gr.<\/li>\n<\/ul>\n","protected":false},"excerpt":{"rendered":"<p>Se trata de la evoluci\u00f3n del exitoso casco Caberg Duke. El nuevo modular <strong>Caberg Duke 2<\/strong> cuenta con un dise\u00f1o m\u00e1s estilizado y m\u00e1s aerodin\u00e1mico que el de su predecesor. Este casco de peso ligero y tama\u00f1o compacto est\u00e1 realizado 100% en Italia ofrece soluciones t\u00e9cnicas innovadoras con un precio asequible.<\/p>\n","protected":false},"featured_media":1798,"comment_status":"open","ping_status":"closed","template":"","meta":{"_themeisle_gutenberg_block_has_review":false},"pwb-brand":[187],"product_brand":[],"product_cat":[15,144,700],"product_tag":[460,416,733],"class_list":{"0":"post-1792","1":"product","2":"type-product","3":"status-publish","4":"has-post-thumbnail","6":"pwb-brand-caberg","7":"product_cat-casco-de-moto","8":"product_cat-cascos-de-moto-modulares","9":"product_cat-seleccion-san-valentin","10":"product_tag-casco-caberg-duke-2-blanco","11":"product_tag-liquidacion","12":"product_tag-liquidacion-25","14":"first","15":"instock","16":"sale","17":"taxable","18":"shipping-taxable","19":"purchasable","20":"product-type-variable","21":"has-default-attributes"},"yoast_head":"<!-- This site is optimized with the Yoast SEO plugin v27.4 - https:\/\/yoast.com\/product\/yoast-seo-wordpress\/ -->\n<title>CASCO CABERG DUKE 2 BLANCO - Boutique Francisco Belmonte<\/title>\n<meta name=\"description\" content=\"Casco de moto Caberg Duke 2 blanco. Cascos Caberg en Murcia Francisco Belmonte, al mejor precio, en todos sus modelos y colores.\" \/>\n<meta name=\"robots\" content=\"index, follow, max-snippet:-1, max-image-preview:large, max-video-preview:-1\" \/>\n<link rel=\"canonical\" href=\"https:\/\/franciscobelmonte.com\/tienda\/casco-caberg-duke-2-blanco\/\" \/>\n<meta property=\"og:locale\" content=\"es_ES\" \/>\n<meta property=\"og:type\" content=\"article\" \/>\n<meta property=\"og:title\" content=\"CASCO CABERG DUKE 2 BLANCO - Boutique Francisco Belmonte\" \/>\n<meta property=\"og:description\" content=\"Casco de moto Caberg Duke 2 blanco. Cascos Caberg en Murcia Francisco Belmonte, al mejor precio, en todos sus modelos y colores.\" \/>\n<meta property=\"og:url\" content=\"https:\/\/franciscobelmonte.com\/tienda\/casco-caberg-duke-2-blanco\/\" \/>\n<meta property=\"og:site_name\" content=\"Boutique Francisco Belmonte\" \/>\n<meta property=\"article:publisher\" content=\"https:\/\/www.facebook.com\/motosfranciscobelmonte\" \/>\n<meta property=\"article:modified_time\" content=\"2025-04-01T11:04:14+00:00\" \/>\n<meta property=\"og:image\" content=\"https:\/\/franciscobelmonte.com\/tienda\/wp-content\/uploads\/2022\/03\/Casco-Caberg-Duke-2-Blanco.jpg\" \/>\n\t<meta property=\"og:image:width\" content=\"800\" \/>\n\t<meta property=\"og:image:height\" content=\"800\" \/>\n\t<meta property=\"og:image:type\" content=\"image\/jpeg\" \/>\n<meta name=\"twitter:card\" content=\"summary_large_image\" \/>\n<meta name=\"twitter:label1\" content=\"Tiempo de lectura\" \/>\n\t<meta name=\"twitter:data1\" content=\"2 minutos\" \/>\n<script type=\"application\/ld+json\" class=\"yoast-schema-graph\">{\"@context\":\"https:\\\/\\\/schema.org\",\"@graph\":[{\"@type\":\"WebPage\",\"@id\":\"https:\\\/\\\/franciscobelmonte.com\\\/tienda\\\/casco-caberg-duke-2-blanco\\\/\",\"url\":\"https:\\\/\\\/franciscobelmonte.com\\\/tienda\\\/casco-caberg-duke-2-blanco\\\/\",\"name\":\"CASCO CABERG DUKE 2 BLANCO - Boutique Francisco Belmonte\",\"isPartOf\":{\"@id\":\"https:\\\/\\\/franciscobelmonte.com\\\/tienda\\\/#website\"},\"primaryImageOfPage\":{\"@id\":\"https:\\\/\\\/franciscobelmonte.com\\\/tienda\\\/casco-caberg-duke-2-blanco\\\/#primaryimage\"},\"image\":{\"@id\":\"https:\\\/\\\/franciscobelmonte.com\\\/tienda\\\/casco-caberg-duke-2-blanco\\\/#primaryimage\"},\"thumbnailUrl\":\"https:\\\/\\\/franciscobelmonte.com\\\/tienda\\\/wp-content\\\/uploads\\\/2022\\\/03\\\/Casco-Caberg-Duke-2-Blanco.jpg\",\"datePublished\":\"2022-03-09T17:34:42+00:00\",\"dateModified\":\"2025-04-01T11:04:14+00:00\",\"description\":\"Casco de moto Caberg Duke 2 blanco. Cascos Caberg en Murcia Francisco Belmonte, al mejor precio, en todos sus modelos y colores.\",\"breadcrumb\":{\"@id\":\"https:\\\/\\\/franciscobelmonte.com\\\/tienda\\\/casco-caberg-duke-2-blanco\\\/#breadcrumb\"},\"inLanguage\":\"es\",\"potentialAction\":[{\"@type\":\"ReadAction\",\"target\":[\"https:\\\/\\\/franciscobelmonte.com\\\/tienda\\\/casco-caberg-duke-2-blanco\\\/\"]}]},{\"@type\":\"ImageObject\",\"inLanguage\":\"es\",\"@id\":\"https:\\\/\\\/franciscobelmonte.com\\\/tienda\\\/casco-caberg-duke-2-blanco\\\/#primaryimage\",\"url\":\"https:\\\/\\\/franciscobelmonte.com\\\/tienda\\\/wp-content\\\/uploads\\\/2022\\\/03\\\/Casco-Caberg-Duke-2-Blanco.jpg\",\"contentUrl\":\"https:\\\/\\\/franciscobelmonte.com\\\/tienda\\\/wp-content\\\/uploads\\\/2022\\\/03\\\/Casco-Caberg-Duke-2-Blanco.jpg\",\"width\":800,\"height\":800,\"caption\":\"casco caberg duke 2 blanco en murcia francisco belmonte\"},{\"@type\":\"BreadcrumbList\",\"@id\":\"https:\\\/\\\/franciscobelmonte.com\\\/tienda\\\/casco-caberg-duke-2-blanco\\\/#breadcrumb\",\"itemListElement\":[{\"@type\":\"ListItem\",\"position\":1,\"name\":\"Portada\",\"item\":\"https:\\\/\\\/franciscobelmonte.com\\\/tienda\\\/\"},{\"@type\":\"ListItem\",\"position\":2,\"name\":\"Tienda\",\"item\":\"https:\\\/\\\/franciscobelmonte.com\\\/tienda\\\/boutique-equipamiento-motero\\\/\"},{\"@type\":\"ListItem\",\"position\":3,\"name\":\"CASCO CABERG DUKE 2 BLANCO\"}]},{\"@type\":\"WebSite\",\"@id\":\"https:\\\/\\\/franciscobelmonte.com\\\/tienda\\\/#website\",\"url\":\"https:\\\/\\\/franciscobelmonte.com\\\/tienda\\\/\",\"name\":\"Boutique Francisco Belmonte\",\"description\":\"Todo en complementos para motoristas\",\"publisher\":{\"@id\":\"https:\\\/\\\/franciscobelmonte.com\\\/tienda\\\/#organization\"},\"potentialAction\":[{\"@type\":\"SearchAction\",\"target\":{\"@type\":\"EntryPoint\",\"urlTemplate\":\"https:\\\/\\\/franciscobelmonte.com\\\/tienda\\\/?s={search_term_string}\"},\"query-input\":{\"@type\":\"PropertyValueSpecification\",\"valueRequired\":true,\"valueName\":\"search_term_string\"}}],\"inLanguage\":\"es\"},{\"@type\":\"Organization\",\"@id\":\"https:\\\/\\\/franciscobelmonte.com\\\/tienda\\\/#organization\",\"name\":\"Boutique Francisco Belmonte\",\"url\":\"https:\\\/\\\/franciscobelmonte.com\\\/tienda\\\/\",\"logo\":{\"@type\":\"ImageObject\",\"inLanguage\":\"es\",\"@id\":\"https:\\\/\\\/franciscobelmonte.com\\\/tienda\\\/#\\\/schema\\\/logo\\\/image\\\/\",\"url\":\"https:\\\/\\\/franciscobelmonte.com\\\/tienda\\\/wp-content\\\/uploads\\\/2021\\\/12\\\/Francisco-Belmonte-logo.png\",\"contentUrl\":\"https:\\\/\\\/franciscobelmonte.com\\\/tienda\\\/wp-content\\\/uploads\\\/2021\\\/12\\\/Francisco-Belmonte-logo.png\",\"width\":2153,\"height\":536,\"caption\":\"Boutique Francisco Belmonte\"},\"image\":{\"@id\":\"https:\\\/\\\/franciscobelmonte.com\\\/tienda\\\/#\\\/schema\\\/logo\\\/image\\\/\"},\"sameAs\":[\"https:\\\/\\\/www.facebook.com\\\/motosfranciscobelmonte\",\"https:\\\/\\\/www.instagram.com\\\/fco.belmonte\\\/\"]}]}<\/script>\n<!-- \/ Yoast SEO plugin. -->","yoast_head_json":{"title":"CASCO CABERG DUKE 2 BLANCO - Boutique Francisco Belmonte","description":"Casco de moto Caberg Duke 2 blanco. Cascos Caberg en Murcia Francisco Belmonte, al mejor precio, en todos sus modelos y colores.","robots":{"index":"index","follow":"follow","max-snippet":"max-snippet:-1","max-image-preview":"max-image-preview:large","max-video-preview":"max-video-preview:-1"},"canonical":"https:\/\/franciscobelmonte.com\/tienda\/casco-caberg-duke-2-blanco\/","og_locale":"es_ES","og_type":"article","og_title":"CASCO CABERG DUKE 2 BLANCO - Boutique Francisco Belmonte","og_description":"Casco de moto Caberg Duke 2 blanco. Cascos Caberg en Murcia Francisco Belmonte, al mejor precio, en todos sus modelos y colores.","og_url":"https:\/\/franciscobelmonte.com\/tienda\/casco-caberg-duke-2-blanco\/","og_site_name":"Boutique Francisco Belmonte","article_publisher":"https:\/\/www.facebook.com\/motosfranciscobelmonte","article_modified_time":"2025-04-01T11:04:14+00:00","og_image":[{"width":800,"height":800,"url":"https:\/\/franciscobelmonte.com\/tienda\/wp-content\/uploads\/2022\/03\/Casco-Caberg-Duke-2-Blanco.jpg","type":"image\/jpeg"}],"twitter_card":"summary_large_image","twitter_misc":{"Tiempo de lectura":"2 minutos"},"schema":{"@context":"https:\/\/schema.org","@graph":[{"@type":"WebPage","@id":"https:\/\/franciscobelmonte.com\/tienda\/casco-caberg-duke-2-blanco\/","url":"https:\/\/franciscobelmonte.com\/tienda\/casco-caberg-duke-2-blanco\/","name":"CASCO CABERG DUKE 2 BLANCO - Boutique Francisco Belmonte","isPartOf":{"@id":"https:\/\/franciscobelmonte.com\/tienda\/#website"},"primaryImageOfPage":{"@id":"https:\/\/franciscobelmonte.com\/tienda\/casco-caberg-duke-2-blanco\/#primaryimage"},"image":{"@id":"https:\/\/franciscobelmonte.com\/tienda\/casco-caberg-duke-2-blanco\/#primaryimage"},"thumbnailUrl":"https:\/\/franciscobelmonte.com\/tienda\/wp-content\/uploads\/2022\/03\/Casco-Caberg-Duke-2-Blanco.jpg","datePublished":"2022-03-09T17:34:42+00:00","dateModified":"2025-04-01T11:04:14+00:00","description":"Casco de moto Caberg Duke 2 blanco. Cascos Caberg en Murcia Francisco Belmonte, al mejor precio, en todos sus modelos y colores.","breadcrumb":{"@id":"https:\/\/franciscobelmonte.com\/tienda\/casco-caberg-duke-2-blanco\/#breadcrumb"},"inLanguage":"es","potentialAction":[{"@type":"ReadAction","target":["https:\/\/franciscobelmonte.com\/tienda\/casco-caberg-duke-2-blanco\/"]}]},{"@type":"ImageObject","inLanguage":"es","@id":"https:\/\/franciscobelmonte.com\/tienda\/casco-caberg-duke-2-blanco\/#primaryimage","url":"https:\/\/franciscobelmonte.com\/tienda\/wp-content\/uploads\/2022\/03\/Casco-Caberg-Duke-2-Blanco.jpg","contentUrl":"https:\/\/franciscobelmonte.com\/tienda\/wp-content\/uploads\/2022\/03\/Casco-Caberg-Duke-2-Blanco.jpg","width":800,"height":800,"caption":"casco caberg duke 2 blanco en murcia francisco belmonte"},{"@type":"BreadcrumbList","@id":"https:\/\/franciscobelmonte.com\/tienda\/casco-caberg-duke-2-blanco\/#breadcrumb","itemListElement":[{"@type":"ListItem","position":1,"name":"Portada","item":"https:\/\/franciscobelmonte.com\/tienda\/"},{"@type":"ListItem","position":2,"name":"Tienda","item":"https:\/\/franciscobelmonte.com\/tienda\/boutique-equipamiento-motero\/"},{"@type":"ListItem","position":3,"name":"CASCO CABERG DUKE 2 BLANCO"}]},{"@type":"WebSite","@id":"https:\/\/franciscobelmonte.com\/tienda\/#website","url":"https:\/\/franciscobelmonte.com\/tienda\/","name":"Boutique Francisco Belmonte","description":"Todo en complementos para motoristas","publisher":{"@id":"https:\/\/franciscobelmonte.com\/tienda\/#organization"},"potentialAction":[{"@type":"SearchAction","target":{"@type":"EntryPoint","urlTemplate":"https:\/\/franciscobelmonte.com\/tienda\/?s={search_term_string}"},"query-input":{"@type":"PropertyValueSpecification","valueRequired":true,"valueName":"search_term_string"}}],"inLanguage":"es"},{"@type":"Organization","@id":"https:\/\/franciscobelmonte.com\/tienda\/#organization","name":"Boutique Francisco Belmonte","url":"https:\/\/franciscobelmonte.com\/tienda\/","logo":{"@type":"ImageObject","inLanguage":"es","@id":"https:\/\/franciscobelmonte.com\/tienda\/#\/schema\/logo\/image\/","url":"https:\/\/franciscobelmonte.com\/tienda\/wp-content\/uploads\/2021\/12\/Francisco-Belmonte-logo.png","contentUrl":"https:\/\/franciscobelmonte.com\/tienda\/wp-content\/uploads\/2021\/12\/Francisco-Belmonte-logo.png","width":2153,"height":536,"caption":"Boutique Francisco Belmonte"},"image":{"@id":"https:\/\/franciscobelmonte.com\/tienda\/#\/schema\/logo\/image\/"},"sameAs":["https:\/\/www.facebook.com\/motosfranciscobelmonte","https:\/\/www.instagram.com\/fco.belmonte\/"]}]}},"jetpack_sharing_enabled":true,"brands":[{"id":187,"name":"Caberg","slug":"caberg"}],"_links":{"self":[{"href":"https:\/\/franciscobelmonte.com\/tienda\/wp-json\/wp\/v2\/product\/1792","targetHints":{"allow":["GET"]}}],"collection":[{"href":"https:\/\/franciscobelmonte.com\/tienda\/wp-json\/wp\/v2\/product"}],"about":[{"href":"https:\/\/franciscobelmonte.com\/tienda\/wp-json\/wp\/v2\/types\/product"}],"replies":[{"embeddable":true,"href":"https:\/\/franciscobelmonte.com\/tienda\/wp-json\/wp\/v2\/comments?post=1792"}],"wp:featuredmedia":[{"embeddable":true,"href":"https:\/\/franciscobelmonte.com\/tienda\/wp-json\/wp\/v2\/media\/1798"}],"wp:attachment":[{"href":"https:\/\/franciscobelmonte.com\/tienda\/wp-json\/wp\/v2\/media?parent=1792"}],"wp:term":[{"taxonomy":"pwb-brand","embeddable":true,"href":"https:\/\/franciscobelmonte.com\/tienda\/wp-json\/wp\/v2\/pwb-brand?post=1792"},{"taxonomy":"product_brand","embeddable":true,"href":"https:\/\/franciscobelmonte.com\/tienda\/wp-json\/wp\/v2\/product_brand?post=1792"},{"taxonomy":"product_cat","embeddable":true,"href":"https:\/\/franciscobelmonte.com\/tienda\/wp-json\/wp\/v2\/product_cat?post=1792"},{"taxonomy":"product_tag","embeddable":true,"href":"https:\/\/franciscobelmonte.com\/tienda\/wp-json\/wp\/v2\/product_tag?post=1792"}],"curies":[{"name":"wp","href":"https:\/\/api.w.org\/{rel}","templated":true}]}}