{"id":4918,"date":"2022-07-18T16:00:07","date_gmt":"2022-07-18T16:00:07","guid":{"rendered":"https:\/\/franciscobelmonte.com\/tienda\/?post_type=product&#038;p=4918"},"modified":"2026-01-06T19:17:34","modified_gmt":"2026-01-06T17:17:34","slug":"chaqueta-alpinestars-viper-v3-air-negro","status":"publish","type":"product","link":"https:\/\/franciscobelmonte.com\/tienda\/chaqueta-alpinestars-viper-v3-air-negro\/","title":{"rendered":"CHAQUETA ALPINESTARS VIPER V3 AIR NEGRO"},"content":{"rendered":"<h1>Chaqueta ALPINESTARS Viper V3 Air Negro<\/h1>\n<p>Chaqueta de verano que ofrece una excelente ventilaci\u00f3n gracias a sus amplios paneles de malla ventilada 3D en la parte frontal, espalda y las mangas. dispone de un forro cortaviento extra\u00edble para poder llevarla cuando las temperaturas disminuyen. Completan esta chaqueta: protectores Nucleon Flex Plus certificados en hombros y codos. Ha sido dise\u00f1ada con un corte m\u00e1s fino dise\u00f1ado para ofrecer la mayor protecci\u00f3n del nivel de protecci\u00f3n, esta chaqueta est\u00e1 preparada para Tech-Air \/ Tech-Air 5.<\/p>\n<p><strong>Confecci\u00f3n<\/strong><\/p>\n<ul>\n<li>Confeccionada en poli\u00e9ster con amplios paneles de malla ventilada 3D en la zona frontal, en los brazos y en la espalda para m\u00e1xima ventilaci\u00f3n.<\/li>\n<li>Forro cortaviento desmontable para m\u00e1xima ventilaci\u00f3n.<\/li>\n<\/ul>\n<p><strong>Seguridad<\/strong><\/p>\n<ul>\n<li>Protecciones de hombros y codos Nucleon Flex Plus flexibles y transpirables para un corte delgado y seguro.<\/li>\n<li>Compartimientos en el pecho y en la espalda en los que podemos montar los protectores Alpinestars Nucleon (no incluidos).<\/li>\n<li>Detalles reflectantes para ser m\u00e1s visible en conducci\u00f3n nocturna o con poca luz.<\/li>\n<li>Predisposici\u00f3n para la instalaci\u00f3n del sistema de airbag Tech-Air 5 \/ Tech-Air de Alpinestars (no incluido).<\/li>\n<\/ul>\n<p><strong>Confort y alto rendimiento<\/strong><\/p>\n<ul>\n<li>Ajuste deportivo con mangas pre-curvadas para reducir la fatiga mientras pilotamos.<\/li>\n<li>Cuello de perfil bajo con confortable tejido de microfibra en el interior y tejido texturizado 3D.<\/li>\n<li>Cintura, pu\u00f1os y ancho de las mangas ajustables.<\/li>\n<li>2 bolsillos externos con cremallera.<\/li>\n<li>2 bolsillos interiores.<\/li>\n<li>Bolsillo interior impermeable en el pecho.<\/li>\n<li>Cremallera de conexi\u00f3n chaqueta-pantal\u00f3n Alpinestars.<\/li>\n<\/ul>\n<p><strong>Homologaci\u00f3n<\/strong><\/p>\n<ul>\n<li>Chaqueta certificada seg\u00fan la normativa CE Cat.II &#8211; prEN17092 Clase A.<\/li>\n<\/ul>\n<p>&nbsp;<\/p>\n","protected":false},"excerpt":{"rendered":"<p>Chaqueta de verano que ofrece una excelente ventilaci\u00f3n gracias a sus amplios paneles de malla ventilada 3D en la parte frontal, espalda y las mangas. dispone de un forro cortaviento extra\u00edble para poder llevarla cuando las temperaturas disminuyen.<\/p>\n<p><a style=\"color: #0000ff;\" href=\"https:\/\/franciscobelmonte.com\/tienda\/wp-content\/uploads\/2022\/09\/Tallas-pantalones-y-chaquetas-alpinestars-hombre.png\" target=\"_blank\" rel=\"noopener\"><span style=\"font-size: xx-small;\"> Ver gu\u00eda de tallas<\/span><\/a><\/p>\n","protected":false},"featured_media":4924,"comment_status":"open","ping_status":"closed","template":"","meta":{"_themeisle_gutenberg_block_has_review":false},"pwb-brand":[186],"product_brand":[],"product_cat":[46,136],"product_tag":[865,885,888,850,772],"class_list":{"0":"post-4918","1":"product","2":"type-product","3":"status-publish","4":"has-post-thumbnail","6":"pwb-brand-alpinestars","7":"product_cat-chaquetas-de-moto","8":"product_cat-chaqueta-de-moto-verano","9":"product_tag-865","10":"product_tag-dto-navideno-25","11":"product_tag-rebajas-40","12":"product_tag-rebajas-ropa-verano-20","13":"product_tag-todas-marcas-verano-25","15":"first","16":"instock","17":"sale","18":"taxable","19":"shipping-taxable","20":"purchasable","21":"product-type-variable","22":"has-default-attributes"},"yoast_head":"<!-- This site is optimized with the Yoast SEO plugin v27.5 - https:\/\/yoast.com\/product\/yoast-seo-wordpress\/ -->\n<title>CHAQUETA ALPINESTARS VIPER V3 AIR NEGRO - Boutique Francisco Belmonte<\/title>\n<meta name=\"description\" content=\"Chaqueta Alpinestars Viper V3 Air Negro. Chaquetas de moto Alpinestars en Murcia en Francisco Belmonte al mejor precio. Desc\u00fabrelas\" \/>\n<meta name=\"robots\" content=\"index, follow, max-snippet:-1, max-image-preview:large, max-video-preview:-1\" \/>\n<link rel=\"canonical\" href=\"https:\/\/franciscobelmonte.com\/tienda\/chaqueta-alpinestars-viper-v3-air-negro\/\" \/>\n<meta property=\"og:locale\" content=\"es_ES\" \/>\n<meta property=\"og:type\" content=\"article\" \/>\n<meta property=\"og:title\" content=\"CHAQUETA ALPINESTARS VIPER V3 AIR NEGRO - Boutique Francisco Belmonte\" \/>\n<meta property=\"og:description\" content=\"Chaqueta Alpinestars Viper V3 Air Negro. Chaquetas de moto Alpinestars en Murcia en Francisco Belmonte al mejor precio. Desc\u00fabrelas\" \/>\n<meta property=\"og:url\" content=\"https:\/\/franciscobelmonte.com\/tienda\/chaqueta-alpinestars-viper-v3-air-negro\/\" \/>\n<meta property=\"og:site_name\" content=\"Boutique Francisco Belmonte\" \/>\n<meta property=\"article:publisher\" content=\"https:\/\/www.facebook.com\/motosfranciscobelmonte\" \/>\n<meta property=\"article:modified_time\" content=\"2026-01-06T17:17:34+00:00\" \/>\n<meta property=\"og:image\" content=\"https:\/\/franciscobelmonte.com\/tienda\/wp-content\/uploads\/2022\/07\/chaqueta-alpinestars-viper-v3-air-negro.jpg\" \/>\n\t<meta property=\"og:image:width\" content=\"800\" \/>\n\t<meta property=\"og:image:height\" content=\"800\" \/>\n\t<meta property=\"og:image:type\" content=\"image\/jpeg\" \/>\n<meta name=\"twitter:card\" content=\"summary_large_image\" \/>\n<meta name=\"twitter:label1\" content=\"Tiempo de lectura\" \/>\n\t<meta name=\"twitter:data1\" content=\"1 minuto\" \/>\n<script type=\"application\/ld+json\" class=\"yoast-schema-graph\">{\"@context\":\"https:\\\/\\\/schema.org\",\"@graph\":[{\"@type\":\"WebPage\",\"@id\":\"https:\\\/\\\/franciscobelmonte.com\\\/tienda\\\/chaqueta-alpinestars-viper-v3-air-negro\\\/\",\"url\":\"https:\\\/\\\/franciscobelmonte.com\\\/tienda\\\/chaqueta-alpinestars-viper-v3-air-negro\\\/\",\"name\":\"CHAQUETA ALPINESTARS VIPER V3 AIR NEGRO - Boutique Francisco Belmonte\",\"isPartOf\":{\"@id\":\"https:\\\/\\\/franciscobelmonte.com\\\/tienda\\\/#website\"},\"primaryImageOfPage\":{\"@id\":\"https:\\\/\\\/franciscobelmonte.com\\\/tienda\\\/chaqueta-alpinestars-viper-v3-air-negro\\\/#primaryimage\"},\"image\":{\"@id\":\"https:\\\/\\\/franciscobelmonte.com\\\/tienda\\\/chaqueta-alpinestars-viper-v3-air-negro\\\/#primaryimage\"},\"thumbnailUrl\":\"https:\\\/\\\/franciscobelmonte.com\\\/tienda\\\/wp-content\\\/uploads\\\/2022\\\/07\\\/chaqueta-alpinestars-viper-v3-air-negro.jpg\",\"datePublished\":\"2022-07-18T16:00:07+00:00\",\"dateModified\":\"2026-01-06T17:17:34+00:00\",\"description\":\"Chaqueta Alpinestars Viper V3 Air Negro. Chaquetas de moto Alpinestars en Murcia en Francisco Belmonte al mejor precio. Desc\u00fabrelas\",\"breadcrumb\":{\"@id\":\"https:\\\/\\\/franciscobelmonte.com\\\/tienda\\\/chaqueta-alpinestars-viper-v3-air-negro\\\/#breadcrumb\"},\"inLanguage\":\"es\",\"potentialAction\":[{\"@type\":\"ReadAction\",\"target\":[\"https:\\\/\\\/franciscobelmonte.com\\\/tienda\\\/chaqueta-alpinestars-viper-v3-air-negro\\\/\"]}]},{\"@type\":\"ImageObject\",\"inLanguage\":\"es\",\"@id\":\"https:\\\/\\\/franciscobelmonte.com\\\/tienda\\\/chaqueta-alpinestars-viper-v3-air-negro\\\/#primaryimage\",\"url\":\"https:\\\/\\\/franciscobelmonte.com\\\/tienda\\\/wp-content\\\/uploads\\\/2022\\\/07\\\/chaqueta-alpinestars-viper-v3-air-negro.jpg\",\"contentUrl\":\"https:\\\/\\\/franciscobelmonte.com\\\/tienda\\\/wp-content\\\/uploads\\\/2022\\\/07\\\/chaqueta-alpinestars-viper-v3-air-negro.jpg\",\"width\":800,\"height\":800,\"caption\":\"chaqueta alpinestars viper v3 air negro en murcia francisco belmonte\"},{\"@type\":\"BreadcrumbList\",\"@id\":\"https:\\\/\\\/franciscobelmonte.com\\\/tienda\\\/chaqueta-alpinestars-viper-v3-air-negro\\\/#breadcrumb\",\"itemListElement\":[{\"@type\":\"ListItem\",\"position\":1,\"name\":\"Portada\",\"item\":\"https:\\\/\\\/franciscobelmonte.com\\\/tienda\\\/\"},{\"@type\":\"ListItem\",\"position\":2,\"name\":\"Tienda\",\"item\":\"https:\\\/\\\/franciscobelmonte.com\\\/tienda\\\/boutique-equipamiento-motero\\\/\"},{\"@type\":\"ListItem\",\"position\":3,\"name\":\"CHAQUETA ALPINESTARS VIPER V3 AIR NEGRO\"}]},{\"@type\":\"WebSite\",\"@id\":\"https:\\\/\\\/franciscobelmonte.com\\\/tienda\\\/#website\",\"url\":\"https:\\\/\\\/franciscobelmonte.com\\\/tienda\\\/\",\"name\":\"Boutique Francisco Belmonte\",\"description\":\"Todo en complementos para motoristas\",\"publisher\":{\"@id\":\"https:\\\/\\\/franciscobelmonte.com\\\/tienda\\\/#organization\"},\"potentialAction\":[{\"@type\":\"SearchAction\",\"target\":{\"@type\":\"EntryPoint\",\"urlTemplate\":\"https:\\\/\\\/franciscobelmonte.com\\\/tienda\\\/?s={search_term_string}\"},\"query-input\":{\"@type\":\"PropertyValueSpecification\",\"valueRequired\":true,\"valueName\":\"search_term_string\"}}],\"inLanguage\":\"es\"},{\"@type\":\"Organization\",\"@id\":\"https:\\\/\\\/franciscobelmonte.com\\\/tienda\\\/#organization\",\"name\":\"Boutique Francisco Belmonte\",\"url\":\"https:\\\/\\\/franciscobelmonte.com\\\/tienda\\\/\",\"logo\":{\"@type\":\"ImageObject\",\"inLanguage\":\"es\",\"@id\":\"https:\\\/\\\/franciscobelmonte.com\\\/tienda\\\/#\\\/schema\\\/logo\\\/image\\\/\",\"url\":\"https:\\\/\\\/franciscobelmonte.com\\\/tienda\\\/wp-content\\\/uploads\\\/2021\\\/12\\\/Francisco-Belmonte-logo.png\",\"contentUrl\":\"https:\\\/\\\/franciscobelmonte.com\\\/tienda\\\/wp-content\\\/uploads\\\/2021\\\/12\\\/Francisco-Belmonte-logo.png\",\"width\":2153,\"height\":536,\"caption\":\"Boutique Francisco Belmonte\"},\"image\":{\"@id\":\"https:\\\/\\\/franciscobelmonte.com\\\/tienda\\\/#\\\/schema\\\/logo\\\/image\\\/\"},\"sameAs\":[\"https:\\\/\\\/www.facebook.com\\\/motosfranciscobelmonte\",\"https:\\\/\\\/www.instagram.com\\\/fco.belmonte\\\/\"]}]}<\/script>\n<!-- \/ Yoast SEO plugin. -->","yoast_head_json":{"title":"CHAQUETA ALPINESTARS VIPER V3 AIR NEGRO - Boutique Francisco Belmonte","description":"Chaqueta Alpinestars Viper V3 Air Negro. Chaquetas de moto Alpinestars en Murcia en Francisco Belmonte al mejor precio. Desc\u00fabrelas","robots":{"index":"index","follow":"follow","max-snippet":"max-snippet:-1","max-image-preview":"max-image-preview:large","max-video-preview":"max-video-preview:-1"},"canonical":"https:\/\/franciscobelmonte.com\/tienda\/chaqueta-alpinestars-viper-v3-air-negro\/","og_locale":"es_ES","og_type":"article","og_title":"CHAQUETA ALPINESTARS VIPER V3 AIR NEGRO - Boutique Francisco Belmonte","og_description":"Chaqueta Alpinestars Viper V3 Air Negro. Chaquetas de moto Alpinestars en Murcia en Francisco Belmonte al mejor precio. Desc\u00fabrelas","og_url":"https:\/\/franciscobelmonte.com\/tienda\/chaqueta-alpinestars-viper-v3-air-negro\/","og_site_name":"Boutique Francisco Belmonte","article_publisher":"https:\/\/www.facebook.com\/motosfranciscobelmonte","article_modified_time":"2026-01-06T17:17:34+00:00","og_image":[{"width":800,"height":800,"url":"https:\/\/franciscobelmonte.com\/tienda\/wp-content\/uploads\/2022\/07\/chaqueta-alpinestars-viper-v3-air-negro.jpg","type":"image\/jpeg"}],"twitter_card":"summary_large_image","twitter_misc":{"Tiempo de lectura":"1 minuto"},"schema":{"@context":"https:\/\/schema.org","@graph":[{"@type":"WebPage","@id":"https:\/\/franciscobelmonte.com\/tienda\/chaqueta-alpinestars-viper-v3-air-negro\/","url":"https:\/\/franciscobelmonte.com\/tienda\/chaqueta-alpinestars-viper-v3-air-negro\/","name":"CHAQUETA ALPINESTARS VIPER V3 AIR NEGRO - Boutique Francisco Belmonte","isPartOf":{"@id":"https:\/\/franciscobelmonte.com\/tienda\/#website"},"primaryImageOfPage":{"@id":"https:\/\/franciscobelmonte.com\/tienda\/chaqueta-alpinestars-viper-v3-air-negro\/#primaryimage"},"image":{"@id":"https:\/\/franciscobelmonte.com\/tienda\/chaqueta-alpinestars-viper-v3-air-negro\/#primaryimage"},"thumbnailUrl":"https:\/\/franciscobelmonte.com\/tienda\/wp-content\/uploads\/2022\/07\/chaqueta-alpinestars-viper-v3-air-negro.jpg","datePublished":"2022-07-18T16:00:07+00:00","dateModified":"2026-01-06T17:17:34+00:00","description":"Chaqueta Alpinestars Viper V3 Air Negro. Chaquetas de moto Alpinestars en Murcia en Francisco Belmonte al mejor precio. Desc\u00fabrelas","breadcrumb":{"@id":"https:\/\/franciscobelmonte.com\/tienda\/chaqueta-alpinestars-viper-v3-air-negro\/#breadcrumb"},"inLanguage":"es","potentialAction":[{"@type":"ReadAction","target":["https:\/\/franciscobelmonte.com\/tienda\/chaqueta-alpinestars-viper-v3-air-negro\/"]}]},{"@type":"ImageObject","inLanguage":"es","@id":"https:\/\/franciscobelmonte.com\/tienda\/chaqueta-alpinestars-viper-v3-air-negro\/#primaryimage","url":"https:\/\/franciscobelmonte.com\/tienda\/wp-content\/uploads\/2022\/07\/chaqueta-alpinestars-viper-v3-air-negro.jpg","contentUrl":"https:\/\/franciscobelmonte.com\/tienda\/wp-content\/uploads\/2022\/07\/chaqueta-alpinestars-viper-v3-air-negro.jpg","width":800,"height":800,"caption":"chaqueta alpinestars viper v3 air negro en murcia francisco belmonte"},{"@type":"BreadcrumbList","@id":"https:\/\/franciscobelmonte.com\/tienda\/chaqueta-alpinestars-viper-v3-air-negro\/#breadcrumb","itemListElement":[{"@type":"ListItem","position":1,"name":"Portada","item":"https:\/\/franciscobelmonte.com\/tienda\/"},{"@type":"ListItem","position":2,"name":"Tienda","item":"https:\/\/franciscobelmonte.com\/tienda\/boutique-equipamiento-motero\/"},{"@type":"ListItem","position":3,"name":"CHAQUETA ALPINESTARS VIPER V3 AIR NEGRO"}]},{"@type":"WebSite","@id":"https:\/\/franciscobelmonte.com\/tienda\/#website","url":"https:\/\/franciscobelmonte.com\/tienda\/","name":"Boutique Francisco Belmonte","description":"Todo en complementos para motoristas","publisher":{"@id":"https:\/\/franciscobelmonte.com\/tienda\/#organization"},"potentialAction":[{"@type":"SearchAction","target":{"@type":"EntryPoint","urlTemplate":"https:\/\/franciscobelmonte.com\/tienda\/?s={search_term_string}"},"query-input":{"@type":"PropertyValueSpecification","valueRequired":true,"valueName":"search_term_string"}}],"inLanguage":"es"},{"@type":"Organization","@id":"https:\/\/franciscobelmonte.com\/tienda\/#organization","name":"Boutique Francisco Belmonte","url":"https:\/\/franciscobelmonte.com\/tienda\/","logo":{"@type":"ImageObject","inLanguage":"es","@id":"https:\/\/franciscobelmonte.com\/tienda\/#\/schema\/logo\/image\/","url":"https:\/\/franciscobelmonte.com\/tienda\/wp-content\/uploads\/2021\/12\/Francisco-Belmonte-logo.png","contentUrl":"https:\/\/franciscobelmonte.com\/tienda\/wp-content\/uploads\/2021\/12\/Francisco-Belmonte-logo.png","width":2153,"height":536,"caption":"Boutique Francisco Belmonte"},"image":{"@id":"https:\/\/franciscobelmonte.com\/tienda\/#\/schema\/logo\/image\/"},"sameAs":["https:\/\/www.facebook.com\/motosfranciscobelmonte","https:\/\/www.instagram.com\/fco.belmonte\/"]}]}},"jetpack_sharing_enabled":true,"brands":[{"id":186,"name":"Alpinestars","slug":"alpinestars"}],"_links":{"self":[{"href":"https:\/\/franciscobelmonte.com\/tienda\/wp-json\/wp\/v2\/product\/4918","targetHints":{"allow":["GET"]}}],"collection":[{"href":"https:\/\/franciscobelmonte.com\/tienda\/wp-json\/wp\/v2\/product"}],"about":[{"href":"https:\/\/franciscobelmonte.com\/tienda\/wp-json\/wp\/v2\/types\/product"}],"replies":[{"embeddable":true,"href":"https:\/\/franciscobelmonte.com\/tienda\/wp-json\/wp\/v2\/comments?post=4918"}],"wp:featuredmedia":[{"embeddable":true,"href":"https:\/\/franciscobelmonte.com\/tienda\/wp-json\/wp\/v2\/media\/4924"}],"wp:attachment":[{"href":"https:\/\/franciscobelmonte.com\/tienda\/wp-json\/wp\/v2\/media?parent=4918"}],"wp:term":[{"taxonomy":"pwb-brand","embeddable":true,"href":"https:\/\/franciscobelmonte.com\/tienda\/wp-json\/wp\/v2\/pwb-brand?post=4918"},{"taxonomy":"product_brand","embeddable":true,"href":"https:\/\/franciscobelmonte.com\/tienda\/wp-json\/wp\/v2\/product_brand?post=4918"},{"taxonomy":"product_cat","embeddable":true,"href":"https:\/\/franciscobelmonte.com\/tienda\/wp-json\/wp\/v2\/product_cat?post=4918"},{"taxonomy":"product_tag","embeddable":true,"href":"https:\/\/franciscobelmonte.com\/tienda\/wp-json\/wp\/v2\/product_tag?post=4918"}],"curies":[{"name":"wp","href":"https:\/\/api.w.org\/{rel}","templated":true}]}}