{"id":5213,"date":"2022-08-02T08:43:04","date_gmt":"2022-08-02T08:43:04","guid":{"rendered":"https:\/\/franciscobelmonte.com\/tienda\/?post_type=product&#038;p=5213"},"modified":"2026-01-22T10:28:16","modified_gmt":"2026-01-22T08:28:16","slug":"espaldera-alpinestars-nucleon-kr-2i-negro","status":"publish","type":"product","link":"https:\/\/franciscobelmonte.com\/tienda\/espaldera-alpinestars-nucleon-kr-2i-negro\/","title":{"rendered":"ESPALDERA ALPINESTARS NUCLEON KR-2i NEGRO"},"content":{"rendered":"<h2>Espaldera Alpinestars Nucleon KR-2I Negro<\/h2>\n<div class=\"layoutArea\">\n<div class=\"column\"><span style=\"color: #555555; font-size: 14.4px;\">Esta protecci\u00f3n de espalda est\u00e1 realizada en PU inyectado resistente a los impactos, con una forma contorneada para un ajuste anat\u00f3mico y adaptable. Incorpora perforaciones para una mayor ventilaci\u00f3n, comodidad y transpirabilidad, y se caracteriza por su ligereza y flexibilidad.<\/span><\/div>\n<\/div>\n<div class=\"layoutArea\">\n<div class=\"column\">\n<div class=\"page\" title=\"Page 32\">\n<div class=\"section\">\n<div class=\"layoutArea\">\n<div class=\"column\">\n<p><strong>Caracter\u00edsticas t\u00e9cnicas:<\/strong><\/p>\n<ul>\n<li>Esta protecci\u00f3n de espalda est\u00e1 realizada en PU inyectado resistente a los impactos, con una forma contorneada para un ajuste anat\u00f3mico y adaptable.<\/li>\n<li>Incorpora perforaciones para una mayor ventilaci\u00f3n, comodidad y transpirabilidad, y se caracteriza por su ligereza y flexibilidad.<\/li>\n<li>Ha obtenido la homologaci\u00f3n CE, Nivel 2, de acuerdo a la norma sobre los protectores de espalda (EN1621-2:2014)<\/li>\n<\/ul>\n<\/div>\n<\/div>\n<\/div>\n<\/div>\n<\/div>\n<\/div>\n","protected":false},"excerpt":{"rendered":"<p><span style=\"color: #555555; font-size: 14.4px;\">Esta protecci\u00f3n de espalda est\u00e1 realizada en PU inyectado resistente a los impactos, con una forma contorneada para un ajuste anat\u00f3mico y adaptable.<\/span><\/p>\n<p>&nbsp;<\/p>\n","protected":false},"featured_media":5221,"comment_status":"open","ping_status":"closed","template":"","meta":{"_themeisle_gutenberg_block_has_review":false},"pwb-brand":[186],"product_brand":[],"product_cat":[60],"product_tag":[865,771,888],"class_list":{"0":"post-5213","1":"product","2":"type-product","3":"status-publish","4":"has-post-thumbnail","6":"pwb-brand-alpinestars","7":"product_cat-protecciones","8":"product_tag-865","9":"product_tag-alpinestars-sin-rebajas-25","10":"product_tag-rebajas-40","12":"first","13":"instock","14":"sale","15":"taxable","16":"shipping-taxable","17":"purchasable","18":"product-type-variable","19":"has-default-attributes"},"yoast_head":"<!-- This site is optimized with the Yoast SEO plugin v27.4 - https:\/\/yoast.com\/product\/yoast-seo-wordpress\/ -->\n<title>ESPALDERA ALPINESTARS NUCLEON KR-2i NEGRO - Boutique Francisco Belmonte<\/title>\n<meta name=\"description\" content=\"Espaldera Alpinestars Nucleon KR-2i Negro. Espladeras de moto Alpinestars en nuestra Boutique Francisco Belmonte en Murcia.\" \/>\n<meta name=\"robots\" content=\"index, follow, max-snippet:-1, max-image-preview:large, max-video-preview:-1\" \/>\n<link rel=\"canonical\" href=\"https:\/\/franciscobelmonte.com\/tienda\/espaldera-alpinestars-nucleon-kr-2i-negro\/\" \/>\n<meta property=\"og:locale\" content=\"es_ES\" \/>\n<meta property=\"og:type\" content=\"article\" \/>\n<meta property=\"og:title\" content=\"ESPALDERA ALPINESTARS NUCLEON KR-2i NEGRO - Boutique Francisco Belmonte\" \/>\n<meta property=\"og:description\" content=\"Espaldera Alpinestars Nucleon KR-2i Negro. Espladeras de moto Alpinestars en nuestra Boutique Francisco Belmonte en Murcia.\" \/>\n<meta property=\"og:url\" content=\"https:\/\/franciscobelmonte.com\/tienda\/espaldera-alpinestars-nucleon-kr-2i-negro\/\" \/>\n<meta property=\"og:site_name\" content=\"Boutique Francisco Belmonte\" \/>\n<meta property=\"article:publisher\" content=\"https:\/\/www.facebook.com\/motosfranciscobelmonte\" \/>\n<meta property=\"article:modified_time\" content=\"2026-01-22T08:28:16+00:00\" \/>\n<meta property=\"og:image\" content=\"https:\/\/franciscobelmonte.com\/tienda\/wp-content\/uploads\/2022\/08\/espaldera-alpinestars-nucleon-kr-2i-negra.jpg\" \/>\n\t<meta property=\"og:image:width\" content=\"619\" \/>\n\t<meta property=\"og:image:height\" content=\"800\" \/>\n\t<meta property=\"og:image:type\" content=\"image\/jpeg\" \/>\n<meta name=\"twitter:card\" content=\"summary_large_image\" \/>\n<meta name=\"twitter:label1\" content=\"Tiempo de lectura\" \/>\n\t<meta name=\"twitter:data1\" content=\"1 minuto\" \/>\n<script type=\"application\/ld+json\" class=\"yoast-schema-graph\">{\"@context\":\"https:\\\/\\\/schema.org\",\"@graph\":[{\"@type\":\"WebPage\",\"@id\":\"https:\\\/\\\/franciscobelmonte.com\\\/tienda\\\/espaldera-alpinestars-nucleon-kr-2i-negro\\\/\",\"url\":\"https:\\\/\\\/franciscobelmonte.com\\\/tienda\\\/espaldera-alpinestars-nucleon-kr-2i-negro\\\/\",\"name\":\"ESPALDERA ALPINESTARS NUCLEON KR-2i NEGRO - Boutique Francisco Belmonte\",\"isPartOf\":{\"@id\":\"https:\\\/\\\/franciscobelmonte.com\\\/tienda\\\/#website\"},\"primaryImageOfPage\":{\"@id\":\"https:\\\/\\\/franciscobelmonte.com\\\/tienda\\\/espaldera-alpinestars-nucleon-kr-2i-negro\\\/#primaryimage\"},\"image\":{\"@id\":\"https:\\\/\\\/franciscobelmonte.com\\\/tienda\\\/espaldera-alpinestars-nucleon-kr-2i-negro\\\/#primaryimage\"},\"thumbnailUrl\":\"https:\\\/\\\/franciscobelmonte.com\\\/tienda\\\/wp-content\\\/uploads\\\/2022\\\/08\\\/espaldera-alpinestars-nucleon-kr-2i-negra.jpg\",\"datePublished\":\"2022-08-02T08:43:04+00:00\",\"dateModified\":\"2026-01-22T08:28:16+00:00\",\"description\":\"Espaldera Alpinestars Nucleon KR-2i Negro. Espladeras de moto Alpinestars en nuestra Boutique Francisco Belmonte en Murcia.\",\"breadcrumb\":{\"@id\":\"https:\\\/\\\/franciscobelmonte.com\\\/tienda\\\/espaldera-alpinestars-nucleon-kr-2i-negro\\\/#breadcrumb\"},\"inLanguage\":\"es\",\"potentialAction\":[{\"@type\":\"ReadAction\",\"target\":[\"https:\\\/\\\/franciscobelmonte.com\\\/tienda\\\/espaldera-alpinestars-nucleon-kr-2i-negro\\\/\"]}]},{\"@type\":\"ImageObject\",\"inLanguage\":\"es\",\"@id\":\"https:\\\/\\\/franciscobelmonte.com\\\/tienda\\\/espaldera-alpinestars-nucleon-kr-2i-negro\\\/#primaryimage\",\"url\":\"https:\\\/\\\/franciscobelmonte.com\\\/tienda\\\/wp-content\\\/uploads\\\/2022\\\/08\\\/espaldera-alpinestars-nucleon-kr-2i-negra.jpg\",\"contentUrl\":\"https:\\\/\\\/franciscobelmonte.com\\\/tienda\\\/wp-content\\\/uploads\\\/2022\\\/08\\\/espaldera-alpinestars-nucleon-kr-2i-negra.jpg\",\"width\":619,\"height\":800,\"caption\":\"espaldera alpinestars nucleon kr 2i negro en murcia francisco belmonte\"},{\"@type\":\"BreadcrumbList\",\"@id\":\"https:\\\/\\\/franciscobelmonte.com\\\/tienda\\\/espaldera-alpinestars-nucleon-kr-2i-negro\\\/#breadcrumb\",\"itemListElement\":[{\"@type\":\"ListItem\",\"position\":1,\"name\":\"Portada\",\"item\":\"https:\\\/\\\/franciscobelmonte.com\\\/tienda\\\/\"},{\"@type\":\"ListItem\",\"position\":2,\"name\":\"Tienda\",\"item\":\"https:\\\/\\\/franciscobelmonte.com\\\/tienda\\\/boutique-equipamiento-motero\\\/\"},{\"@type\":\"ListItem\",\"position\":3,\"name\":\"ESPALDERA ALPINESTARS NUCLEON KR-2i NEGRO\"}]},{\"@type\":\"WebSite\",\"@id\":\"https:\\\/\\\/franciscobelmonte.com\\\/tienda\\\/#website\",\"url\":\"https:\\\/\\\/franciscobelmonte.com\\\/tienda\\\/\",\"name\":\"Boutique Francisco Belmonte\",\"description\":\"Todo en complementos para motoristas\",\"publisher\":{\"@id\":\"https:\\\/\\\/franciscobelmonte.com\\\/tienda\\\/#organization\"},\"potentialAction\":[{\"@type\":\"SearchAction\",\"target\":{\"@type\":\"EntryPoint\",\"urlTemplate\":\"https:\\\/\\\/franciscobelmonte.com\\\/tienda\\\/?s={search_term_string}\"},\"query-input\":{\"@type\":\"PropertyValueSpecification\",\"valueRequired\":true,\"valueName\":\"search_term_string\"}}],\"inLanguage\":\"es\"},{\"@type\":\"Organization\",\"@id\":\"https:\\\/\\\/franciscobelmonte.com\\\/tienda\\\/#organization\",\"name\":\"Boutique Francisco Belmonte\",\"url\":\"https:\\\/\\\/franciscobelmonte.com\\\/tienda\\\/\",\"logo\":{\"@type\":\"ImageObject\",\"inLanguage\":\"es\",\"@id\":\"https:\\\/\\\/franciscobelmonte.com\\\/tienda\\\/#\\\/schema\\\/logo\\\/image\\\/\",\"url\":\"https:\\\/\\\/franciscobelmonte.com\\\/tienda\\\/wp-content\\\/uploads\\\/2021\\\/12\\\/Francisco-Belmonte-logo.png\",\"contentUrl\":\"https:\\\/\\\/franciscobelmonte.com\\\/tienda\\\/wp-content\\\/uploads\\\/2021\\\/12\\\/Francisco-Belmonte-logo.png\",\"width\":2153,\"height\":536,\"caption\":\"Boutique Francisco Belmonte\"},\"image\":{\"@id\":\"https:\\\/\\\/franciscobelmonte.com\\\/tienda\\\/#\\\/schema\\\/logo\\\/image\\\/\"},\"sameAs\":[\"https:\\\/\\\/www.facebook.com\\\/motosfranciscobelmonte\",\"https:\\\/\\\/www.instagram.com\\\/fco.belmonte\\\/\"]}]}<\/script>\n<!-- \/ Yoast SEO plugin. -->","yoast_head_json":{"title":"ESPALDERA ALPINESTARS NUCLEON KR-2i NEGRO - Boutique Francisco Belmonte","description":"Espaldera Alpinestars Nucleon KR-2i Negro. Espladeras de moto Alpinestars en nuestra Boutique Francisco Belmonte en Murcia.","robots":{"index":"index","follow":"follow","max-snippet":"max-snippet:-1","max-image-preview":"max-image-preview:large","max-video-preview":"max-video-preview:-1"},"canonical":"https:\/\/franciscobelmonte.com\/tienda\/espaldera-alpinestars-nucleon-kr-2i-negro\/","og_locale":"es_ES","og_type":"article","og_title":"ESPALDERA ALPINESTARS NUCLEON KR-2i NEGRO - Boutique Francisco Belmonte","og_description":"Espaldera Alpinestars Nucleon KR-2i Negro. Espladeras de moto Alpinestars en nuestra Boutique Francisco Belmonte en Murcia.","og_url":"https:\/\/franciscobelmonte.com\/tienda\/espaldera-alpinestars-nucleon-kr-2i-negro\/","og_site_name":"Boutique Francisco Belmonte","article_publisher":"https:\/\/www.facebook.com\/motosfranciscobelmonte","article_modified_time":"2026-01-22T08:28:16+00:00","og_image":[{"width":619,"height":800,"url":"https:\/\/franciscobelmonte.com\/tienda\/wp-content\/uploads\/2022\/08\/espaldera-alpinestars-nucleon-kr-2i-negra.jpg","type":"image\/jpeg"}],"twitter_card":"summary_large_image","twitter_misc":{"Tiempo de lectura":"1 minuto"},"schema":{"@context":"https:\/\/schema.org","@graph":[{"@type":"WebPage","@id":"https:\/\/franciscobelmonte.com\/tienda\/espaldera-alpinestars-nucleon-kr-2i-negro\/","url":"https:\/\/franciscobelmonte.com\/tienda\/espaldera-alpinestars-nucleon-kr-2i-negro\/","name":"ESPALDERA ALPINESTARS NUCLEON KR-2i NEGRO - Boutique Francisco Belmonte","isPartOf":{"@id":"https:\/\/franciscobelmonte.com\/tienda\/#website"},"primaryImageOfPage":{"@id":"https:\/\/franciscobelmonte.com\/tienda\/espaldera-alpinestars-nucleon-kr-2i-negro\/#primaryimage"},"image":{"@id":"https:\/\/franciscobelmonte.com\/tienda\/espaldera-alpinestars-nucleon-kr-2i-negro\/#primaryimage"},"thumbnailUrl":"https:\/\/franciscobelmonte.com\/tienda\/wp-content\/uploads\/2022\/08\/espaldera-alpinestars-nucleon-kr-2i-negra.jpg","datePublished":"2022-08-02T08:43:04+00:00","dateModified":"2026-01-22T08:28:16+00:00","description":"Espaldera Alpinestars Nucleon KR-2i Negro. Espladeras de moto Alpinestars en nuestra Boutique Francisco Belmonte en Murcia.","breadcrumb":{"@id":"https:\/\/franciscobelmonte.com\/tienda\/espaldera-alpinestars-nucleon-kr-2i-negro\/#breadcrumb"},"inLanguage":"es","potentialAction":[{"@type":"ReadAction","target":["https:\/\/franciscobelmonte.com\/tienda\/espaldera-alpinestars-nucleon-kr-2i-negro\/"]}]},{"@type":"ImageObject","inLanguage":"es","@id":"https:\/\/franciscobelmonte.com\/tienda\/espaldera-alpinestars-nucleon-kr-2i-negro\/#primaryimage","url":"https:\/\/franciscobelmonte.com\/tienda\/wp-content\/uploads\/2022\/08\/espaldera-alpinestars-nucleon-kr-2i-negra.jpg","contentUrl":"https:\/\/franciscobelmonte.com\/tienda\/wp-content\/uploads\/2022\/08\/espaldera-alpinestars-nucleon-kr-2i-negra.jpg","width":619,"height":800,"caption":"espaldera alpinestars nucleon kr 2i negro en murcia francisco belmonte"},{"@type":"BreadcrumbList","@id":"https:\/\/franciscobelmonte.com\/tienda\/espaldera-alpinestars-nucleon-kr-2i-negro\/#breadcrumb","itemListElement":[{"@type":"ListItem","position":1,"name":"Portada","item":"https:\/\/franciscobelmonte.com\/tienda\/"},{"@type":"ListItem","position":2,"name":"Tienda","item":"https:\/\/franciscobelmonte.com\/tienda\/boutique-equipamiento-motero\/"},{"@type":"ListItem","position":3,"name":"ESPALDERA ALPINESTARS NUCLEON KR-2i NEGRO"}]},{"@type":"WebSite","@id":"https:\/\/franciscobelmonte.com\/tienda\/#website","url":"https:\/\/franciscobelmonte.com\/tienda\/","name":"Boutique Francisco Belmonte","description":"Todo en complementos para motoristas","publisher":{"@id":"https:\/\/franciscobelmonte.com\/tienda\/#organization"},"potentialAction":[{"@type":"SearchAction","target":{"@type":"EntryPoint","urlTemplate":"https:\/\/franciscobelmonte.com\/tienda\/?s={search_term_string}"},"query-input":{"@type":"PropertyValueSpecification","valueRequired":true,"valueName":"search_term_string"}}],"inLanguage":"es"},{"@type":"Organization","@id":"https:\/\/franciscobelmonte.com\/tienda\/#organization","name":"Boutique Francisco Belmonte","url":"https:\/\/franciscobelmonte.com\/tienda\/","logo":{"@type":"ImageObject","inLanguage":"es","@id":"https:\/\/franciscobelmonte.com\/tienda\/#\/schema\/logo\/image\/","url":"https:\/\/franciscobelmonte.com\/tienda\/wp-content\/uploads\/2021\/12\/Francisco-Belmonte-logo.png","contentUrl":"https:\/\/franciscobelmonte.com\/tienda\/wp-content\/uploads\/2021\/12\/Francisco-Belmonte-logo.png","width":2153,"height":536,"caption":"Boutique Francisco Belmonte"},"image":{"@id":"https:\/\/franciscobelmonte.com\/tienda\/#\/schema\/logo\/image\/"},"sameAs":["https:\/\/www.facebook.com\/motosfranciscobelmonte","https:\/\/www.instagram.com\/fco.belmonte\/"]}]}},"jetpack_sharing_enabled":true,"brands":[{"id":186,"name":"Alpinestars","slug":"alpinestars"}],"_links":{"self":[{"href":"https:\/\/franciscobelmonte.com\/tienda\/wp-json\/wp\/v2\/product\/5213","targetHints":{"allow":["GET"]}}],"collection":[{"href":"https:\/\/franciscobelmonte.com\/tienda\/wp-json\/wp\/v2\/product"}],"about":[{"href":"https:\/\/franciscobelmonte.com\/tienda\/wp-json\/wp\/v2\/types\/product"}],"replies":[{"embeddable":true,"href":"https:\/\/franciscobelmonte.com\/tienda\/wp-json\/wp\/v2\/comments?post=5213"}],"wp:featuredmedia":[{"embeddable":true,"href":"https:\/\/franciscobelmonte.com\/tienda\/wp-json\/wp\/v2\/media\/5221"}],"wp:attachment":[{"href":"https:\/\/franciscobelmonte.com\/tienda\/wp-json\/wp\/v2\/media?parent=5213"}],"wp:term":[{"taxonomy":"pwb-brand","embeddable":true,"href":"https:\/\/franciscobelmonte.com\/tienda\/wp-json\/wp\/v2\/pwb-brand?post=5213"},{"taxonomy":"product_brand","embeddable":true,"href":"https:\/\/franciscobelmonte.com\/tienda\/wp-json\/wp\/v2\/product_brand?post=5213"},{"taxonomy":"product_cat","embeddable":true,"href":"https:\/\/franciscobelmonte.com\/tienda\/wp-json\/wp\/v2\/product_cat?post=5213"},{"taxonomy":"product_tag","embeddable":true,"href":"https:\/\/franciscobelmonte.com\/tienda\/wp-json\/wp\/v2\/product_tag?post=5213"}],"curies":[{"name":"wp","href":"https:\/\/api.w.org\/{rel}","templated":true}]}}