{"id":6760,"date":"2022-10-07T11:05:12","date_gmt":"2022-10-07T11:05:12","guid":{"rendered":"https:\/\/franciscobelmonte.com\/tienda\/?post_type=product&#038;p=6760"},"modified":"2026-01-05T09:21:22","modified_gmt":"2026-01-05T07:21:22","slug":"chaqueta-ls2-phase-man-negro","status":"publish","type":"product","link":"https:\/\/franciscobelmonte.com\/tienda\/chaqueta-ls2-phase-man-negro\/","title":{"rendered":"CHAQUETA LS2 PHASE MAN NEGRO"},"content":{"rendered":"<h1>Chaqueta LS2 Phase Man Negro<\/h1>\n<p><strong>Construcci\u00f3n<\/strong><\/p>\n<ul>\n<li>Tejido de poli\u00e9ster 600D 92T.<\/li>\n<li>Tejido Ripstop (poli\u00e9ster).<\/li>\n<li>Forro de malla fija.<\/li>\n<li>Forro impermeable fijo.<\/li>\n<li>La membrana es de 5000 mm.<\/li>\n<li>La permeabilidad al aire es de 3000 f\/m\u00b2\/24h.<\/li>\n<li>Forro de invierno extra\u00edble de algod\u00f3n.<\/li>\n<\/ul>\n<p><strong>Protecci\u00f3n<\/strong><\/p>\n<ul>\n<li>Protector blando de rebote lento en hombros y codos.<\/li>\n<li>Costuras de seguridad en zona de alto riesgo.<\/li>\n<li>Protectores de hombro y codo CE extra\u00edbles.<\/li>\n<li>EN1621-1: 2012 Nivel 1.<\/li>\n<li>Bolsillo protector de codo con sistema variable.<\/li>\n<li>Son posibles 2 posiciones de protecci\u00f3n.<\/li>\n<\/ul>\n<p><strong>Caracter\u00edsticas<\/strong><\/p>\n<ul>\n<li>Almohadilla de confort para el cuello.<\/li>\n<li>Los detalles reflectantes mejoran la visibilidad del piloto.<\/li>\n<li>Cremallera delantera YKK.<\/li>\n<li>Preparada para unir pantal\u00f3n con cremallera YKK.<\/li>\n<li>Buena permeabilidad al aire y absorci\u00f3n de humedad.<\/li>\n<li>Ancho del pu\u00f1o de la manga con cremallera ajustable.<\/li>\n<li>Refuerzo de material resistente a la abrasi\u00f3n en paneles de hombro.<\/li>\n<li>Ajuste del brazo.<\/li>\n<li>Hebilla ajustable en cadera y brazos.<\/li>\n<li>1 bolsillo en el pecho (cierre de cremallera).<\/li>\n<li>2 bolsillos laterales.<\/li>\n<li>1 bolsillo Napole\u00f3n en el pecho.<\/li>\n<li>1 bolsillo impermeable interno.<\/li>\n<\/ul>\n","protected":false},"excerpt":{"rendered":"<p>Chaqueta LS2 Phase Man Negro Construcci\u00f3n Tejido de poli\u00e9ster 600D 92T. Tejido Ripstop (poli\u00e9ster). Forro de malla fija. Forro impermeable fijo. La membrana es de 5000 mm. La permeabilidad al aire es de 3000 f\/m\u00b2\/24h. Forro de invierno extra\u00edble de algod\u00f3n. Protecci\u00f3n Protector blando de rebote lento en hombros y codos. Costuras de seguridad en [&#8230;]\n","protected":false},"featured_media":6767,"comment_status":"open","ping_status":"closed","template":"","meta":{"_themeisle_gutenberg_block_has_review":false},"pwb-brand":[225],"product_brand":[],"product_cat":[46,137],"product_tag":[885,775,888,849],"class_list":{"0":"post-6760","1":"product","2":"type-product","3":"status-publish","4":"has-post-thumbnail","6":"pwb-brand-ls2-helmets","7":"product_cat-chaquetas-de-moto","8":"product_cat-chaquetas-de-moto-invierno","9":"product_tag-dto-navideno-25","10":"product_tag-ls2-sin-rebajas-20","11":"product_tag-rebajas-40","12":"product_tag-rebajas-ropa-invierno-25","14":"first","15":"instock","16":"sale","17":"taxable","18":"shipping-taxable","19":"purchasable","20":"product-type-variable","21":"has-default-attributes"},"yoast_head":"<!-- This site is optimized with the Yoast SEO plugin v27.4 - https:\/\/yoast.com\/product\/yoast-seo-wordpress\/ -->\n<title>CHAQUETA LS2 PHASE MAN NEGRO - Boutique Francisco Belmonte<\/title>\n<meta name=\"description\" content=\"Chaqueta LS2 Phase Man Negro. Chaquetas de moto LS2 en Murcia, Francisco Belmonte al mejor precio en sus diferentes colores.\" \/>\n<meta name=\"robots\" content=\"index, follow, max-snippet:-1, max-image-preview:large, max-video-preview:-1\" \/>\n<link rel=\"canonical\" href=\"https:\/\/franciscobelmonte.com\/tienda\/chaqueta-ls2-phase-man-negro\/\" \/>\n<meta property=\"og:locale\" content=\"es_ES\" \/>\n<meta property=\"og:type\" content=\"article\" \/>\n<meta property=\"og:title\" content=\"CHAQUETA LS2 PHASE MAN NEGRO - Boutique Francisco Belmonte\" \/>\n<meta property=\"og:description\" content=\"Chaqueta LS2 Phase Man Negro. Chaquetas de moto LS2 en Murcia, Francisco Belmonte al mejor precio en sus diferentes colores.\" \/>\n<meta property=\"og:url\" content=\"https:\/\/franciscobelmonte.com\/tienda\/chaqueta-ls2-phase-man-negro\/\" \/>\n<meta property=\"og:site_name\" content=\"Boutique Francisco Belmonte\" \/>\n<meta property=\"article:publisher\" content=\"https:\/\/www.facebook.com\/motosfranciscobelmonte\" \/>\n<meta property=\"article:modified_time\" content=\"2026-01-05T07:21:22+00:00\" \/>\n<meta property=\"og:image\" content=\"https:\/\/franciscobelmonte.com\/tienda\/wp-content\/uploads\/2022\/10\/chaqueta-ls2-phase-man-negro.jpg\" \/>\n\t<meta property=\"og:image:width\" content=\"800\" \/>\n\t<meta property=\"og:image:height\" content=\"800\" \/>\n\t<meta property=\"og:image:type\" content=\"image\/jpeg\" \/>\n<meta name=\"twitter:card\" content=\"summary_large_image\" \/>\n<meta name=\"twitter:label1\" content=\"Tiempo de lectura\" \/>\n\t<meta name=\"twitter:data1\" content=\"1 minuto\" \/>\n<script type=\"application\/ld+json\" class=\"yoast-schema-graph\">{\"@context\":\"https:\\\/\\\/schema.org\",\"@graph\":[{\"@type\":\"WebPage\",\"@id\":\"https:\\\/\\\/franciscobelmonte.com\\\/tienda\\\/chaqueta-ls2-phase-man-negro\\\/\",\"url\":\"https:\\\/\\\/franciscobelmonte.com\\\/tienda\\\/chaqueta-ls2-phase-man-negro\\\/\",\"name\":\"CHAQUETA LS2 PHASE MAN NEGRO - Boutique Francisco Belmonte\",\"isPartOf\":{\"@id\":\"https:\\\/\\\/franciscobelmonte.com\\\/tienda\\\/#website\"},\"primaryImageOfPage\":{\"@id\":\"https:\\\/\\\/franciscobelmonte.com\\\/tienda\\\/chaqueta-ls2-phase-man-negro\\\/#primaryimage\"},\"image\":{\"@id\":\"https:\\\/\\\/franciscobelmonte.com\\\/tienda\\\/chaqueta-ls2-phase-man-negro\\\/#primaryimage\"},\"thumbnailUrl\":\"https:\\\/\\\/franciscobelmonte.com\\\/tienda\\\/wp-content\\\/uploads\\\/2022\\\/10\\\/chaqueta-ls2-phase-man-negro.jpg\",\"datePublished\":\"2022-10-07T11:05:12+00:00\",\"dateModified\":\"2026-01-05T07:21:22+00:00\",\"description\":\"Chaqueta LS2 Phase Man Negro. Chaquetas de moto LS2 en Murcia, Francisco Belmonte al mejor precio en sus diferentes colores.\",\"breadcrumb\":{\"@id\":\"https:\\\/\\\/franciscobelmonte.com\\\/tienda\\\/chaqueta-ls2-phase-man-negro\\\/#breadcrumb\"},\"inLanguage\":\"es\",\"potentialAction\":[{\"@type\":\"ReadAction\",\"target\":[\"https:\\\/\\\/franciscobelmonte.com\\\/tienda\\\/chaqueta-ls2-phase-man-negro\\\/\"]}]},{\"@type\":\"ImageObject\",\"inLanguage\":\"es\",\"@id\":\"https:\\\/\\\/franciscobelmonte.com\\\/tienda\\\/chaqueta-ls2-phase-man-negro\\\/#primaryimage\",\"url\":\"https:\\\/\\\/franciscobelmonte.com\\\/tienda\\\/wp-content\\\/uploads\\\/2022\\\/10\\\/chaqueta-ls2-phase-man-negro.jpg\",\"contentUrl\":\"https:\\\/\\\/franciscobelmonte.com\\\/tienda\\\/wp-content\\\/uploads\\\/2022\\\/10\\\/chaqueta-ls2-phase-man-negro.jpg\",\"width\":800,\"height\":800,\"caption\":\"chaqueta ls2 phase man negro en murcia francisco belmonte\"},{\"@type\":\"BreadcrumbList\",\"@id\":\"https:\\\/\\\/franciscobelmonte.com\\\/tienda\\\/chaqueta-ls2-phase-man-negro\\\/#breadcrumb\",\"itemListElement\":[{\"@type\":\"ListItem\",\"position\":1,\"name\":\"Portada\",\"item\":\"https:\\\/\\\/franciscobelmonte.com\\\/tienda\\\/\"},{\"@type\":\"ListItem\",\"position\":2,\"name\":\"Tienda\",\"item\":\"https:\\\/\\\/franciscobelmonte.com\\\/tienda\\\/boutique-equipamiento-motero\\\/\"},{\"@type\":\"ListItem\",\"position\":3,\"name\":\"CHAQUETA LS2 PHASE MAN NEGRO\"}]},{\"@type\":\"WebSite\",\"@id\":\"https:\\\/\\\/franciscobelmonte.com\\\/tienda\\\/#website\",\"url\":\"https:\\\/\\\/franciscobelmonte.com\\\/tienda\\\/\",\"name\":\"Boutique Francisco Belmonte\",\"description\":\"Todo en complementos para motoristas\",\"publisher\":{\"@id\":\"https:\\\/\\\/franciscobelmonte.com\\\/tienda\\\/#organization\"},\"potentialAction\":[{\"@type\":\"SearchAction\",\"target\":{\"@type\":\"EntryPoint\",\"urlTemplate\":\"https:\\\/\\\/franciscobelmonte.com\\\/tienda\\\/?s={search_term_string}\"},\"query-input\":{\"@type\":\"PropertyValueSpecification\",\"valueRequired\":true,\"valueName\":\"search_term_string\"}}],\"inLanguage\":\"es\"},{\"@type\":\"Organization\",\"@id\":\"https:\\\/\\\/franciscobelmonte.com\\\/tienda\\\/#organization\",\"name\":\"Boutique Francisco Belmonte\",\"url\":\"https:\\\/\\\/franciscobelmonte.com\\\/tienda\\\/\",\"logo\":{\"@type\":\"ImageObject\",\"inLanguage\":\"es\",\"@id\":\"https:\\\/\\\/franciscobelmonte.com\\\/tienda\\\/#\\\/schema\\\/logo\\\/image\\\/\",\"url\":\"https:\\\/\\\/franciscobelmonte.com\\\/tienda\\\/wp-content\\\/uploads\\\/2021\\\/12\\\/Francisco-Belmonte-logo.png\",\"contentUrl\":\"https:\\\/\\\/franciscobelmonte.com\\\/tienda\\\/wp-content\\\/uploads\\\/2021\\\/12\\\/Francisco-Belmonte-logo.png\",\"width\":2153,\"height\":536,\"caption\":\"Boutique Francisco Belmonte\"},\"image\":{\"@id\":\"https:\\\/\\\/franciscobelmonte.com\\\/tienda\\\/#\\\/schema\\\/logo\\\/image\\\/\"},\"sameAs\":[\"https:\\\/\\\/www.facebook.com\\\/motosfranciscobelmonte\",\"https:\\\/\\\/www.instagram.com\\\/fco.belmonte\\\/\"]}]}<\/script>\n<!-- \/ Yoast SEO plugin. -->","yoast_head_json":{"title":"CHAQUETA LS2 PHASE MAN NEGRO - Boutique Francisco Belmonte","description":"Chaqueta LS2 Phase Man Negro. Chaquetas de moto LS2 en Murcia, Francisco Belmonte al mejor precio en sus diferentes colores.","robots":{"index":"index","follow":"follow","max-snippet":"max-snippet:-1","max-image-preview":"max-image-preview:large","max-video-preview":"max-video-preview:-1"},"canonical":"https:\/\/franciscobelmonte.com\/tienda\/chaqueta-ls2-phase-man-negro\/","og_locale":"es_ES","og_type":"article","og_title":"CHAQUETA LS2 PHASE MAN NEGRO - Boutique Francisco Belmonte","og_description":"Chaqueta LS2 Phase Man Negro. Chaquetas de moto LS2 en Murcia, Francisco Belmonte al mejor precio en sus diferentes colores.","og_url":"https:\/\/franciscobelmonte.com\/tienda\/chaqueta-ls2-phase-man-negro\/","og_site_name":"Boutique Francisco Belmonte","article_publisher":"https:\/\/www.facebook.com\/motosfranciscobelmonte","article_modified_time":"2026-01-05T07:21:22+00:00","og_image":[{"width":800,"height":800,"url":"https:\/\/franciscobelmonte.com\/tienda\/wp-content\/uploads\/2022\/10\/chaqueta-ls2-phase-man-negro.jpg","type":"image\/jpeg"}],"twitter_card":"summary_large_image","twitter_misc":{"Tiempo de lectura":"1 minuto"},"schema":{"@context":"https:\/\/schema.org","@graph":[{"@type":"WebPage","@id":"https:\/\/franciscobelmonte.com\/tienda\/chaqueta-ls2-phase-man-negro\/","url":"https:\/\/franciscobelmonte.com\/tienda\/chaqueta-ls2-phase-man-negro\/","name":"CHAQUETA LS2 PHASE MAN NEGRO - Boutique Francisco Belmonte","isPartOf":{"@id":"https:\/\/franciscobelmonte.com\/tienda\/#website"},"primaryImageOfPage":{"@id":"https:\/\/franciscobelmonte.com\/tienda\/chaqueta-ls2-phase-man-negro\/#primaryimage"},"image":{"@id":"https:\/\/franciscobelmonte.com\/tienda\/chaqueta-ls2-phase-man-negro\/#primaryimage"},"thumbnailUrl":"https:\/\/franciscobelmonte.com\/tienda\/wp-content\/uploads\/2022\/10\/chaqueta-ls2-phase-man-negro.jpg","datePublished":"2022-10-07T11:05:12+00:00","dateModified":"2026-01-05T07:21:22+00:00","description":"Chaqueta LS2 Phase Man Negro. Chaquetas de moto LS2 en Murcia, Francisco Belmonte al mejor precio en sus diferentes colores.","breadcrumb":{"@id":"https:\/\/franciscobelmonte.com\/tienda\/chaqueta-ls2-phase-man-negro\/#breadcrumb"},"inLanguage":"es","potentialAction":[{"@type":"ReadAction","target":["https:\/\/franciscobelmonte.com\/tienda\/chaqueta-ls2-phase-man-negro\/"]}]},{"@type":"ImageObject","inLanguage":"es","@id":"https:\/\/franciscobelmonte.com\/tienda\/chaqueta-ls2-phase-man-negro\/#primaryimage","url":"https:\/\/franciscobelmonte.com\/tienda\/wp-content\/uploads\/2022\/10\/chaqueta-ls2-phase-man-negro.jpg","contentUrl":"https:\/\/franciscobelmonte.com\/tienda\/wp-content\/uploads\/2022\/10\/chaqueta-ls2-phase-man-negro.jpg","width":800,"height":800,"caption":"chaqueta ls2 phase man negro en murcia francisco belmonte"},{"@type":"BreadcrumbList","@id":"https:\/\/franciscobelmonte.com\/tienda\/chaqueta-ls2-phase-man-negro\/#breadcrumb","itemListElement":[{"@type":"ListItem","position":1,"name":"Portada","item":"https:\/\/franciscobelmonte.com\/tienda\/"},{"@type":"ListItem","position":2,"name":"Tienda","item":"https:\/\/franciscobelmonte.com\/tienda\/boutique-equipamiento-motero\/"},{"@type":"ListItem","position":3,"name":"CHAQUETA LS2 PHASE MAN NEGRO"}]},{"@type":"WebSite","@id":"https:\/\/franciscobelmonte.com\/tienda\/#website","url":"https:\/\/franciscobelmonte.com\/tienda\/","name":"Boutique Francisco Belmonte","description":"Todo en complementos para motoristas","publisher":{"@id":"https:\/\/franciscobelmonte.com\/tienda\/#organization"},"potentialAction":[{"@type":"SearchAction","target":{"@type":"EntryPoint","urlTemplate":"https:\/\/franciscobelmonte.com\/tienda\/?s={search_term_string}"},"query-input":{"@type":"PropertyValueSpecification","valueRequired":true,"valueName":"search_term_string"}}],"inLanguage":"es"},{"@type":"Organization","@id":"https:\/\/franciscobelmonte.com\/tienda\/#organization","name":"Boutique Francisco Belmonte","url":"https:\/\/franciscobelmonte.com\/tienda\/","logo":{"@type":"ImageObject","inLanguage":"es","@id":"https:\/\/franciscobelmonte.com\/tienda\/#\/schema\/logo\/image\/","url":"https:\/\/franciscobelmonte.com\/tienda\/wp-content\/uploads\/2021\/12\/Francisco-Belmonte-logo.png","contentUrl":"https:\/\/franciscobelmonte.com\/tienda\/wp-content\/uploads\/2021\/12\/Francisco-Belmonte-logo.png","width":2153,"height":536,"caption":"Boutique Francisco Belmonte"},"image":{"@id":"https:\/\/franciscobelmonte.com\/tienda\/#\/schema\/logo\/image\/"},"sameAs":["https:\/\/www.facebook.com\/motosfranciscobelmonte","https:\/\/www.instagram.com\/fco.belmonte\/"]}]}},"jetpack_sharing_enabled":true,"brands":[{"id":225,"name":"LS2 Helmets","slug":"ls2-helmets"}],"_links":{"self":[{"href":"https:\/\/franciscobelmonte.com\/tienda\/wp-json\/wp\/v2\/product\/6760","targetHints":{"allow":["GET"]}}],"collection":[{"href":"https:\/\/franciscobelmonte.com\/tienda\/wp-json\/wp\/v2\/product"}],"about":[{"href":"https:\/\/franciscobelmonte.com\/tienda\/wp-json\/wp\/v2\/types\/product"}],"replies":[{"embeddable":true,"href":"https:\/\/franciscobelmonte.com\/tienda\/wp-json\/wp\/v2\/comments?post=6760"}],"wp:featuredmedia":[{"embeddable":true,"href":"https:\/\/franciscobelmonte.com\/tienda\/wp-json\/wp\/v2\/media\/6767"}],"wp:attachment":[{"href":"https:\/\/franciscobelmonte.com\/tienda\/wp-json\/wp\/v2\/media?parent=6760"}],"wp:term":[{"taxonomy":"pwb-brand","embeddable":true,"href":"https:\/\/franciscobelmonte.com\/tienda\/wp-json\/wp\/v2\/pwb-brand?post=6760"},{"taxonomy":"product_brand","embeddable":true,"href":"https:\/\/franciscobelmonte.com\/tienda\/wp-json\/wp\/v2\/product_brand?post=6760"},{"taxonomy":"product_cat","embeddable":true,"href":"https:\/\/franciscobelmonte.com\/tienda\/wp-json\/wp\/v2\/product_cat?post=6760"},{"taxonomy":"product_tag","embeddable":true,"href":"https:\/\/franciscobelmonte.com\/tienda\/wp-json\/wp\/v2\/product_tag?post=6760"}],"curies":[{"name":"wp","href":"https:\/\/api.w.org\/{rel}","templated":true}]}}