{"id":6769,"date":"2022-10-07T15:39:17","date_gmt":"2022-10-07T15:39:17","guid":{"rendered":"https:\/\/franciscobelmonte.com\/tienda\/?post_type=product&#038;p=6769"},"modified":"2026-01-05T09:23:25","modified_gmt":"2026-01-05T07:23:25","slug":"chaqueta-ls2-phase-lady-negro","status":"publish","type":"product","link":"https:\/\/franciscobelmonte.com\/tienda\/chaqueta-ls2-phase-lady-negro\/","title":{"rendered":"CHAQUETA LS2 PHASE LADY NEGRO"},"content":{"rendered":"<h1>Chaqueta LS2 Phase Lady Negro<\/h1>\n<p><strong>Materiales<br \/>\n<\/strong><\/p>\n<ul style=\"list-style-type: square;\">\n<li>Tejido de poli\u00e9ster 600D 92T<\/li>\n<li>Tejido ristop (poli\u00e9ster)<\/li>\n<li>Forro de malla fijo<\/li>\n<li>Impermeable transpirable extra\u00edble<\/li>\n<li>Forro t\u00e9rmico extra\u00edble<\/li>\n<\/ul>\n<p><strong>Caracter\u00edsticas<\/strong><\/p>\n<ul style=\"list-style-type: square;\">\n<li>Cuello confort<\/li>\n<li>Detalles reflectantes<\/li>\n<li>Cremallera delantera YKK<\/li>\n<li>2 bolsillos laterales (cremallera)<\/li>\n<li>1 bolsillo interior impermeable<\/li>\n<li>1 bolsillo en el pecho de Napole\u00f3n<\/li>\n<li>Hebilla ajustable en cintura<\/li>\n<li>Refuerzo de material resistente a la abrasi\u00f3n en paneles de hombro<\/li>\n<li>Sistema de ventilaci\u00f3n de pecho con cremallera y cierra magn\u00e9tico<\/li>\n<li>Cremallera de ventilaci\u00f3n en espalda y brazos<\/li>\n<\/ul>\n<p><strong>Protecci\u00f3n<\/strong><\/p>\n<ul style=\"list-style-type: square;\">\n<li>Protecciones para hombros y codos homologadas<\/li>\n<\/ul>\n","protected":false},"excerpt":{"rendered":"<p>Chaqueta LS2 Phase Lady Negro Materiales Tejido de poli\u00e9ster 600D 92T Tejido ristop (poli\u00e9ster) Forro de malla fijo Impermeable transpirable extra\u00edble Forro t\u00e9rmico extra\u00edble Caracter\u00edsticas Cuello confort Detalles reflectantes Cremallera delantera YKK 2 bolsillos laterales (cremallera) 1 bolsillo interior impermeable 1 bolsillo en el pecho de Napole\u00f3n Hebilla ajustable en cintura Refuerzo de material resistente [&#8230;]\n","protected":false},"featured_media":6787,"comment_status":"open","ping_status":"closed","template":"","meta":{"_themeisle_gutenberg_block_has_review":false},"pwb-brand":[225],"product_brand":[],"product_cat":[46,137],"product_tag":[775,888,849],"class_list":{"0":"post-6769","1":"product","2":"type-product","3":"status-publish","4":"has-post-thumbnail","6":"pwb-brand-ls2-helmets","7":"product_cat-chaquetas-de-moto","8":"product_cat-chaquetas-de-moto-invierno","9":"product_tag-ls2-sin-rebajas-20","10":"product_tag-rebajas-40","11":"product_tag-rebajas-ropa-invierno-25","13":"first","14":"instock","15":"sale","16":"taxable","17":"shipping-taxable","18":"purchasable","19":"product-type-variable","20":"has-default-attributes"},"yoast_head":"<!-- This site is optimized with the Yoast SEO plugin v27.4 - https:\/\/yoast.com\/product\/yoast-seo-wordpress\/ -->\n<title>CHAQUETA LS2 PHASE LADY NEGRO - Boutique Francisco Belmonte<\/title>\n<meta name=\"description\" content=\"Chaqueta LS2 Phase Lady Negro. Chaquetas de moto LS2 en Murcia, Francisco Belmonte al mejor precio en sus diferentes colores.\" \/>\n<meta name=\"robots\" content=\"index, follow, max-snippet:-1, max-image-preview:large, max-video-preview:-1\" \/>\n<link rel=\"canonical\" href=\"https:\/\/franciscobelmonte.com\/tienda\/chaqueta-ls2-phase-lady-negro\/\" \/>\n<meta property=\"og:locale\" content=\"es_ES\" \/>\n<meta property=\"og:type\" content=\"article\" \/>\n<meta property=\"og:title\" content=\"CHAQUETA LS2 PHASE LADY NEGRO - Boutique Francisco Belmonte\" \/>\n<meta property=\"og:description\" content=\"Chaqueta LS2 Phase Lady Negro. Chaquetas de moto LS2 en Murcia, Francisco Belmonte al mejor precio en sus diferentes colores.\" \/>\n<meta property=\"og:url\" content=\"https:\/\/franciscobelmonte.com\/tienda\/chaqueta-ls2-phase-lady-negro\/\" \/>\n<meta property=\"og:site_name\" content=\"Boutique Francisco Belmonte\" \/>\n<meta property=\"article:publisher\" content=\"https:\/\/www.facebook.com\/motosfranciscobelmonte\" \/>\n<meta property=\"article:modified_time\" content=\"2026-01-05T07:23:25+00:00\" \/>\n<meta property=\"og:image\" content=\"https:\/\/franciscobelmonte.com\/tienda\/wp-content\/uploads\/2022\/10\/chaqueta-ls2-phase-lady-negro.jpg\" \/>\n\t<meta property=\"og:image:width\" content=\"800\" \/>\n\t<meta property=\"og:image:height\" content=\"800\" \/>\n\t<meta property=\"og:image:type\" content=\"image\/jpeg\" \/>\n<meta name=\"twitter:card\" content=\"summary_large_image\" \/>\n<meta name=\"twitter:label1\" content=\"Tiempo de lectura\" \/>\n\t<meta name=\"twitter:data1\" content=\"1 minuto\" \/>\n<script type=\"application\/ld+json\" class=\"yoast-schema-graph\">{\"@context\":\"https:\\\/\\\/schema.org\",\"@graph\":[{\"@type\":\"WebPage\",\"@id\":\"https:\\\/\\\/franciscobelmonte.com\\\/tienda\\\/chaqueta-ls2-phase-lady-negro\\\/\",\"url\":\"https:\\\/\\\/franciscobelmonte.com\\\/tienda\\\/chaqueta-ls2-phase-lady-negro\\\/\",\"name\":\"CHAQUETA LS2 PHASE LADY NEGRO - Boutique Francisco Belmonte\",\"isPartOf\":{\"@id\":\"https:\\\/\\\/franciscobelmonte.com\\\/tienda\\\/#website\"},\"primaryImageOfPage\":{\"@id\":\"https:\\\/\\\/franciscobelmonte.com\\\/tienda\\\/chaqueta-ls2-phase-lady-negro\\\/#primaryimage\"},\"image\":{\"@id\":\"https:\\\/\\\/franciscobelmonte.com\\\/tienda\\\/chaqueta-ls2-phase-lady-negro\\\/#primaryimage\"},\"thumbnailUrl\":\"https:\\\/\\\/franciscobelmonte.com\\\/tienda\\\/wp-content\\\/uploads\\\/2022\\\/10\\\/chaqueta-ls2-phase-lady-negro.jpg\",\"datePublished\":\"2022-10-07T15:39:17+00:00\",\"dateModified\":\"2026-01-05T07:23:25+00:00\",\"description\":\"Chaqueta LS2 Phase Lady Negro. Chaquetas de moto LS2 en Murcia, Francisco Belmonte al mejor precio en sus diferentes colores.\",\"breadcrumb\":{\"@id\":\"https:\\\/\\\/franciscobelmonte.com\\\/tienda\\\/chaqueta-ls2-phase-lady-negro\\\/#breadcrumb\"},\"inLanguage\":\"es\",\"potentialAction\":[{\"@type\":\"ReadAction\",\"target\":[\"https:\\\/\\\/franciscobelmonte.com\\\/tienda\\\/chaqueta-ls2-phase-lady-negro\\\/\"]}]},{\"@type\":\"ImageObject\",\"inLanguage\":\"es\",\"@id\":\"https:\\\/\\\/franciscobelmonte.com\\\/tienda\\\/chaqueta-ls2-phase-lady-negro\\\/#primaryimage\",\"url\":\"https:\\\/\\\/franciscobelmonte.com\\\/tienda\\\/wp-content\\\/uploads\\\/2022\\\/10\\\/chaqueta-ls2-phase-lady-negro.jpg\",\"contentUrl\":\"https:\\\/\\\/franciscobelmonte.com\\\/tienda\\\/wp-content\\\/uploads\\\/2022\\\/10\\\/chaqueta-ls2-phase-lady-negro.jpg\",\"width\":800,\"height\":800,\"caption\":\"chaqueta ls2 phase lady negro en murcia francisco belmonte\"},{\"@type\":\"BreadcrumbList\",\"@id\":\"https:\\\/\\\/franciscobelmonte.com\\\/tienda\\\/chaqueta-ls2-phase-lady-negro\\\/#breadcrumb\",\"itemListElement\":[{\"@type\":\"ListItem\",\"position\":1,\"name\":\"Portada\",\"item\":\"https:\\\/\\\/franciscobelmonte.com\\\/tienda\\\/\"},{\"@type\":\"ListItem\",\"position\":2,\"name\":\"Tienda\",\"item\":\"https:\\\/\\\/franciscobelmonte.com\\\/tienda\\\/boutique-equipamiento-motero\\\/\"},{\"@type\":\"ListItem\",\"position\":3,\"name\":\"CHAQUETA LS2 PHASE LADY NEGRO\"}]},{\"@type\":\"WebSite\",\"@id\":\"https:\\\/\\\/franciscobelmonte.com\\\/tienda\\\/#website\",\"url\":\"https:\\\/\\\/franciscobelmonte.com\\\/tienda\\\/\",\"name\":\"Boutique Francisco Belmonte\",\"description\":\"Todo en complementos para motoristas\",\"publisher\":{\"@id\":\"https:\\\/\\\/franciscobelmonte.com\\\/tienda\\\/#organization\"},\"potentialAction\":[{\"@type\":\"SearchAction\",\"target\":{\"@type\":\"EntryPoint\",\"urlTemplate\":\"https:\\\/\\\/franciscobelmonte.com\\\/tienda\\\/?s={search_term_string}\"},\"query-input\":{\"@type\":\"PropertyValueSpecification\",\"valueRequired\":true,\"valueName\":\"search_term_string\"}}],\"inLanguage\":\"es\"},{\"@type\":\"Organization\",\"@id\":\"https:\\\/\\\/franciscobelmonte.com\\\/tienda\\\/#organization\",\"name\":\"Boutique Francisco Belmonte\",\"url\":\"https:\\\/\\\/franciscobelmonte.com\\\/tienda\\\/\",\"logo\":{\"@type\":\"ImageObject\",\"inLanguage\":\"es\",\"@id\":\"https:\\\/\\\/franciscobelmonte.com\\\/tienda\\\/#\\\/schema\\\/logo\\\/image\\\/\",\"url\":\"https:\\\/\\\/franciscobelmonte.com\\\/tienda\\\/wp-content\\\/uploads\\\/2021\\\/12\\\/Francisco-Belmonte-logo.png\",\"contentUrl\":\"https:\\\/\\\/franciscobelmonte.com\\\/tienda\\\/wp-content\\\/uploads\\\/2021\\\/12\\\/Francisco-Belmonte-logo.png\",\"width\":2153,\"height\":536,\"caption\":\"Boutique Francisco Belmonte\"},\"image\":{\"@id\":\"https:\\\/\\\/franciscobelmonte.com\\\/tienda\\\/#\\\/schema\\\/logo\\\/image\\\/\"},\"sameAs\":[\"https:\\\/\\\/www.facebook.com\\\/motosfranciscobelmonte\",\"https:\\\/\\\/www.instagram.com\\\/fco.belmonte\\\/\"]}]}<\/script>\n<!-- \/ Yoast SEO plugin. -->","yoast_head_json":{"title":"CHAQUETA LS2 PHASE LADY NEGRO - Boutique Francisco Belmonte","description":"Chaqueta LS2 Phase Lady Negro. Chaquetas de moto LS2 en Murcia, Francisco Belmonte al mejor precio en sus diferentes colores.","robots":{"index":"index","follow":"follow","max-snippet":"max-snippet:-1","max-image-preview":"max-image-preview:large","max-video-preview":"max-video-preview:-1"},"canonical":"https:\/\/franciscobelmonte.com\/tienda\/chaqueta-ls2-phase-lady-negro\/","og_locale":"es_ES","og_type":"article","og_title":"CHAQUETA LS2 PHASE LADY NEGRO - Boutique Francisco Belmonte","og_description":"Chaqueta LS2 Phase Lady Negro. Chaquetas de moto LS2 en Murcia, Francisco Belmonte al mejor precio en sus diferentes colores.","og_url":"https:\/\/franciscobelmonte.com\/tienda\/chaqueta-ls2-phase-lady-negro\/","og_site_name":"Boutique Francisco Belmonte","article_publisher":"https:\/\/www.facebook.com\/motosfranciscobelmonte","article_modified_time":"2026-01-05T07:23:25+00:00","og_image":[{"width":800,"height":800,"url":"https:\/\/franciscobelmonte.com\/tienda\/wp-content\/uploads\/2022\/10\/chaqueta-ls2-phase-lady-negro.jpg","type":"image\/jpeg"}],"twitter_card":"summary_large_image","twitter_misc":{"Tiempo de lectura":"1 minuto"},"schema":{"@context":"https:\/\/schema.org","@graph":[{"@type":"WebPage","@id":"https:\/\/franciscobelmonte.com\/tienda\/chaqueta-ls2-phase-lady-negro\/","url":"https:\/\/franciscobelmonte.com\/tienda\/chaqueta-ls2-phase-lady-negro\/","name":"CHAQUETA LS2 PHASE LADY NEGRO - Boutique Francisco Belmonte","isPartOf":{"@id":"https:\/\/franciscobelmonte.com\/tienda\/#website"},"primaryImageOfPage":{"@id":"https:\/\/franciscobelmonte.com\/tienda\/chaqueta-ls2-phase-lady-negro\/#primaryimage"},"image":{"@id":"https:\/\/franciscobelmonte.com\/tienda\/chaqueta-ls2-phase-lady-negro\/#primaryimage"},"thumbnailUrl":"https:\/\/franciscobelmonte.com\/tienda\/wp-content\/uploads\/2022\/10\/chaqueta-ls2-phase-lady-negro.jpg","datePublished":"2022-10-07T15:39:17+00:00","dateModified":"2026-01-05T07:23:25+00:00","description":"Chaqueta LS2 Phase Lady Negro. Chaquetas de moto LS2 en Murcia, Francisco Belmonte al mejor precio en sus diferentes colores.","breadcrumb":{"@id":"https:\/\/franciscobelmonte.com\/tienda\/chaqueta-ls2-phase-lady-negro\/#breadcrumb"},"inLanguage":"es","potentialAction":[{"@type":"ReadAction","target":["https:\/\/franciscobelmonte.com\/tienda\/chaqueta-ls2-phase-lady-negro\/"]}]},{"@type":"ImageObject","inLanguage":"es","@id":"https:\/\/franciscobelmonte.com\/tienda\/chaqueta-ls2-phase-lady-negro\/#primaryimage","url":"https:\/\/franciscobelmonte.com\/tienda\/wp-content\/uploads\/2022\/10\/chaqueta-ls2-phase-lady-negro.jpg","contentUrl":"https:\/\/franciscobelmonte.com\/tienda\/wp-content\/uploads\/2022\/10\/chaqueta-ls2-phase-lady-negro.jpg","width":800,"height":800,"caption":"chaqueta ls2 phase lady negro en murcia francisco belmonte"},{"@type":"BreadcrumbList","@id":"https:\/\/franciscobelmonte.com\/tienda\/chaqueta-ls2-phase-lady-negro\/#breadcrumb","itemListElement":[{"@type":"ListItem","position":1,"name":"Portada","item":"https:\/\/franciscobelmonte.com\/tienda\/"},{"@type":"ListItem","position":2,"name":"Tienda","item":"https:\/\/franciscobelmonte.com\/tienda\/boutique-equipamiento-motero\/"},{"@type":"ListItem","position":3,"name":"CHAQUETA LS2 PHASE LADY NEGRO"}]},{"@type":"WebSite","@id":"https:\/\/franciscobelmonte.com\/tienda\/#website","url":"https:\/\/franciscobelmonte.com\/tienda\/","name":"Boutique Francisco Belmonte","description":"Todo en complementos para motoristas","publisher":{"@id":"https:\/\/franciscobelmonte.com\/tienda\/#organization"},"potentialAction":[{"@type":"SearchAction","target":{"@type":"EntryPoint","urlTemplate":"https:\/\/franciscobelmonte.com\/tienda\/?s={search_term_string}"},"query-input":{"@type":"PropertyValueSpecification","valueRequired":true,"valueName":"search_term_string"}}],"inLanguage":"es"},{"@type":"Organization","@id":"https:\/\/franciscobelmonte.com\/tienda\/#organization","name":"Boutique Francisco Belmonte","url":"https:\/\/franciscobelmonte.com\/tienda\/","logo":{"@type":"ImageObject","inLanguage":"es","@id":"https:\/\/franciscobelmonte.com\/tienda\/#\/schema\/logo\/image\/","url":"https:\/\/franciscobelmonte.com\/tienda\/wp-content\/uploads\/2021\/12\/Francisco-Belmonte-logo.png","contentUrl":"https:\/\/franciscobelmonte.com\/tienda\/wp-content\/uploads\/2021\/12\/Francisco-Belmonte-logo.png","width":2153,"height":536,"caption":"Boutique Francisco Belmonte"},"image":{"@id":"https:\/\/franciscobelmonte.com\/tienda\/#\/schema\/logo\/image\/"},"sameAs":["https:\/\/www.facebook.com\/motosfranciscobelmonte","https:\/\/www.instagram.com\/fco.belmonte\/"]}]}},"jetpack_sharing_enabled":true,"brands":[{"id":225,"name":"LS2 Helmets","slug":"ls2-helmets"}],"_links":{"self":[{"href":"https:\/\/franciscobelmonte.com\/tienda\/wp-json\/wp\/v2\/product\/6769","targetHints":{"allow":["GET"]}}],"collection":[{"href":"https:\/\/franciscobelmonte.com\/tienda\/wp-json\/wp\/v2\/product"}],"about":[{"href":"https:\/\/franciscobelmonte.com\/tienda\/wp-json\/wp\/v2\/types\/product"}],"replies":[{"embeddable":true,"href":"https:\/\/franciscobelmonte.com\/tienda\/wp-json\/wp\/v2\/comments?post=6769"}],"wp:featuredmedia":[{"embeddable":true,"href":"https:\/\/franciscobelmonte.com\/tienda\/wp-json\/wp\/v2\/media\/6787"}],"wp:attachment":[{"href":"https:\/\/franciscobelmonte.com\/tienda\/wp-json\/wp\/v2\/media?parent=6769"}],"wp:term":[{"taxonomy":"pwb-brand","embeddable":true,"href":"https:\/\/franciscobelmonte.com\/tienda\/wp-json\/wp\/v2\/pwb-brand?post=6769"},{"taxonomy":"product_brand","embeddable":true,"href":"https:\/\/franciscobelmonte.com\/tienda\/wp-json\/wp\/v2\/product_brand?post=6769"},{"taxonomy":"product_cat","embeddable":true,"href":"https:\/\/franciscobelmonte.com\/tienda\/wp-json\/wp\/v2\/product_cat?post=6769"},{"taxonomy":"product_tag","embeddable":true,"href":"https:\/\/franciscobelmonte.com\/tienda\/wp-json\/wp\/v2\/product_tag?post=6769"}],"curies":[{"name":"wp","href":"https:\/\/api.w.org\/{rel}","templated":true}]}}