{"id":8803,"date":"2023-02-13T11:39:06","date_gmt":"2023-02-13T11:39:06","guid":{"rendered":"https:\/\/franciscobelmonte.com\/tienda\/?post_type=product&#038;p=8803"},"modified":"2026-01-06T19:58:46","modified_gmt":"2026-01-06T17:58:46","slug":"casco-agv-k-1-s-soleluna-2018","status":"publish","type":"product","link":"https:\/\/franciscobelmonte.com\/tienda\/casco-agv-k-1-s-soleluna-2018\/","title":{"rendered":"CASCO AGV K-1 S SOLELUNA 2018"},"content":{"rendered":"<h2>Casco AGV K-1 S Soleluna 2018<\/h2>\n<p><strong>Caracter\u00edsticas<\/strong><\/p>\n<p><strong>Aerodin\u00e1mica<\/strong><\/p>\n<ul>\n<li>Aler\u00f3n integrado<\/li>\n<\/ul>\n<p><strong>Interior<\/strong><\/p>\n<ul>\n<li>Tejido Dry-Comfort<\/li>\n<li>Especialmente dise\u00f1ado para poder utilizar gafas<\/li>\n<li>Preparado para sistema de comunicaci\u00f3n gen\u00e9rico<\/li>\n<li>Interior extraible y lavable<\/li>\n<li>Protector de nariz desmontable<\/li>\n<li>Protector antiviento desmontable.<\/li>\n<\/ul>\n<p><strong>Sistema de Retenci\u00f3n<\/strong><\/p>\n<ul>\n<li>Double D<\/li>\n<\/ul>\n<p><strong>Calota<\/strong><\/p>\n<ul>\n<li>2 tama\u00f1os de calota<\/li>\n<li>EPS de 4 densidades desarrollado en 4 tallas<\/li>\n<li>Perfil para la seguridad de la clav\u00edcula<\/li>\n<li>Termopl\u00e1stico de alta resistencia<\/li>\n<\/ul>\n<p><strong>Ventilaci\u00f3n<\/strong><\/p>\n<ul>\n<li>2 extractores traseros<\/li>\n<li>5 aberturas de Ventilaci\u00f3n delanteras<\/li>\n<li>Salidas de ventilaci\u00f3n ajustables<\/li>\n<\/ul>\n<p><strong>Visera<\/strong><\/p>\n<ul>\n<li>190 grados de visibilidad horizontal<\/li>\n<li>Antiara\u00f1azos<\/li>\n<li>Listo para Max Pinlock<\/li>\n<li>Sistema de microaberturas<\/li>\n<li>Mecanismo multipaso para la visera<\/li>\n<li>Mecanismo patentado Extra Quick Release System<\/li>\n<\/ul>\n<p>&nbsp;<\/p>\n","protected":false},"excerpt":{"rendered":"<p>Es el casco perfecto para aquellos que buscan un dise\u00f1o deportivo y una buena relaci\u00f3n calidad-precio.. Es uno de los cascos m\u00e1s seguros del mercado.<\/p>\n","protected":false},"featured_media":8809,"comment_status":"open","ping_status":"closed","template":"","meta":{"_themeisle_gutenberg_block_has_review":false},"pwb-brand":[185],"product_brand":[],"product_cat":[15,145],"product_tag":[786,885,888],"class_list":{"0":"post-8803","1":"product","2":"type-product","3":"status-publish","4":"has-post-thumbnail","6":"pwb-brand-agv","7":"product_cat-casco-de-moto","8":"product_cat-cascos-de-moto-integrales","9":"product_tag-agv-sin-rebajas-20","10":"product_tag-dto-navideno-25","11":"product_tag-rebajas-40","13":"first","14":"instock","15":"sale","16":"taxable","17":"shipping-taxable","18":"purchasable","19":"product-type-variable","20":"has-default-attributes"},"yoast_head":"<!-- This site is optimized with the Yoast SEO plugin v27.4 - https:\/\/yoast.com\/product\/yoast-seo-wordpress\/ -->\n<title>CASCO AGV K-1 S SOLELUNA 2018 - Boutique Francisco Belmonte<\/title>\n<meta name=\"description\" content=\"Casco AGV K-1 S Soleluna 2018. Cascos de moto AGV en Murcia Francisco Belmonte en sus diferentes modelos al mejor precio. No te lo puedes perder...\" \/>\n<meta name=\"robots\" content=\"index, follow, max-snippet:-1, max-image-preview:large, max-video-preview:-1\" \/>\n<link rel=\"canonical\" href=\"https:\/\/franciscobelmonte.com\/tienda\/casco-agv-k-1-s-soleluna-2018\/\" \/>\n<meta property=\"og:locale\" content=\"es_ES\" \/>\n<meta property=\"og:type\" content=\"article\" \/>\n<meta property=\"og:title\" content=\"CASCO AGV K-1 S SOLELUNA 2018 - Boutique Francisco Belmonte\" \/>\n<meta property=\"og:description\" content=\"Casco AGV K-1 S Soleluna 2018. Cascos de moto AGV en Murcia Francisco Belmonte en sus diferentes modelos al mejor precio. No te lo puedes perder...\" \/>\n<meta property=\"og:url\" content=\"https:\/\/franciscobelmonte.com\/tienda\/casco-agv-k-1-s-soleluna-2018\/\" \/>\n<meta property=\"og:site_name\" content=\"Boutique Francisco Belmonte\" \/>\n<meta property=\"article:publisher\" content=\"https:\/\/www.facebook.com\/motosfranciscobelmonte\" \/>\n<meta property=\"article:modified_time\" content=\"2026-01-06T17:58:46+00:00\" \/>\n<meta property=\"og:image\" content=\"https:\/\/franciscobelmonte.com\/tienda\/wp-content\/uploads\/2023\/02\/casco-agv-k1soleluna-2018.jpg\" \/>\n\t<meta property=\"og:image:width\" content=\"800\" \/>\n\t<meta property=\"og:image:height\" content=\"800\" \/>\n\t<meta property=\"og:image:type\" content=\"image\/jpeg\" \/>\n<meta name=\"twitter:card\" content=\"summary_large_image\" \/>\n<meta name=\"twitter:label1\" content=\"Tiempo de lectura\" \/>\n\t<meta name=\"twitter:data1\" content=\"1 minuto\" \/>\n<script type=\"application\/ld+json\" class=\"yoast-schema-graph\">{\"@context\":\"https:\\\/\\\/schema.org\",\"@graph\":[{\"@type\":\"WebPage\",\"@id\":\"https:\\\/\\\/franciscobelmonte.com\\\/tienda\\\/casco-agv-k-1-s-soleluna-2018\\\/\",\"url\":\"https:\\\/\\\/franciscobelmonte.com\\\/tienda\\\/casco-agv-k-1-s-soleluna-2018\\\/\",\"name\":\"CASCO AGV K-1 S SOLELUNA 2018 - Boutique Francisco Belmonte\",\"isPartOf\":{\"@id\":\"https:\\\/\\\/franciscobelmonte.com\\\/tienda\\\/#website\"},\"primaryImageOfPage\":{\"@id\":\"https:\\\/\\\/franciscobelmonte.com\\\/tienda\\\/casco-agv-k-1-s-soleluna-2018\\\/#primaryimage\"},\"image\":{\"@id\":\"https:\\\/\\\/franciscobelmonte.com\\\/tienda\\\/casco-agv-k-1-s-soleluna-2018\\\/#primaryimage\"},\"thumbnailUrl\":\"https:\\\/\\\/franciscobelmonte.com\\\/tienda\\\/wp-content\\\/uploads\\\/2023\\\/02\\\/casco-agv-k1soleluna-2018.jpg\",\"datePublished\":\"2023-02-13T11:39:06+00:00\",\"dateModified\":\"2026-01-06T17:58:46+00:00\",\"description\":\"Casco AGV K-1 S Soleluna 2018. Cascos de moto AGV en Murcia Francisco Belmonte en sus diferentes modelos al mejor precio. No te lo puedes perder...\",\"breadcrumb\":{\"@id\":\"https:\\\/\\\/franciscobelmonte.com\\\/tienda\\\/casco-agv-k-1-s-soleluna-2018\\\/#breadcrumb\"},\"inLanguage\":\"es\",\"potentialAction\":[{\"@type\":\"ReadAction\",\"target\":[\"https:\\\/\\\/franciscobelmonte.com\\\/tienda\\\/casco-agv-k-1-s-soleluna-2018\\\/\"]}]},{\"@type\":\"ImageObject\",\"inLanguage\":\"es\",\"@id\":\"https:\\\/\\\/franciscobelmonte.com\\\/tienda\\\/casco-agv-k-1-s-soleluna-2018\\\/#primaryimage\",\"url\":\"https:\\\/\\\/franciscobelmonte.com\\\/tienda\\\/wp-content\\\/uploads\\\/2023\\\/02\\\/casco-agv-k1soleluna-2018.jpg\",\"contentUrl\":\"https:\\\/\\\/franciscobelmonte.com\\\/tienda\\\/wp-content\\\/uploads\\\/2023\\\/02\\\/casco-agv-k1soleluna-2018.jpg\",\"width\":800,\"height\":800,\"caption\":\"casco agv k1 s soleluna 2018 en murcia francisco belmonte\"},{\"@type\":\"BreadcrumbList\",\"@id\":\"https:\\\/\\\/franciscobelmonte.com\\\/tienda\\\/casco-agv-k-1-s-soleluna-2018\\\/#breadcrumb\",\"itemListElement\":[{\"@type\":\"ListItem\",\"position\":1,\"name\":\"Portada\",\"item\":\"https:\\\/\\\/franciscobelmonte.com\\\/tienda\\\/\"},{\"@type\":\"ListItem\",\"position\":2,\"name\":\"Tienda\",\"item\":\"https:\\\/\\\/franciscobelmonte.com\\\/tienda\\\/boutique-equipamiento-motero\\\/\"},{\"@type\":\"ListItem\",\"position\":3,\"name\":\"CASCO AGV K-1 S SOLELUNA 2018\"}]},{\"@type\":\"WebSite\",\"@id\":\"https:\\\/\\\/franciscobelmonte.com\\\/tienda\\\/#website\",\"url\":\"https:\\\/\\\/franciscobelmonte.com\\\/tienda\\\/\",\"name\":\"Boutique Francisco Belmonte\",\"description\":\"Todo en complementos para motoristas\",\"publisher\":{\"@id\":\"https:\\\/\\\/franciscobelmonte.com\\\/tienda\\\/#organization\"},\"potentialAction\":[{\"@type\":\"SearchAction\",\"target\":{\"@type\":\"EntryPoint\",\"urlTemplate\":\"https:\\\/\\\/franciscobelmonte.com\\\/tienda\\\/?s={search_term_string}\"},\"query-input\":{\"@type\":\"PropertyValueSpecification\",\"valueRequired\":true,\"valueName\":\"search_term_string\"}}],\"inLanguage\":\"es\"},{\"@type\":\"Organization\",\"@id\":\"https:\\\/\\\/franciscobelmonte.com\\\/tienda\\\/#organization\",\"name\":\"Boutique Francisco Belmonte\",\"url\":\"https:\\\/\\\/franciscobelmonte.com\\\/tienda\\\/\",\"logo\":{\"@type\":\"ImageObject\",\"inLanguage\":\"es\",\"@id\":\"https:\\\/\\\/franciscobelmonte.com\\\/tienda\\\/#\\\/schema\\\/logo\\\/image\\\/\",\"url\":\"https:\\\/\\\/franciscobelmonte.com\\\/tienda\\\/wp-content\\\/uploads\\\/2021\\\/12\\\/Francisco-Belmonte-logo.png\",\"contentUrl\":\"https:\\\/\\\/franciscobelmonte.com\\\/tienda\\\/wp-content\\\/uploads\\\/2021\\\/12\\\/Francisco-Belmonte-logo.png\",\"width\":2153,\"height\":536,\"caption\":\"Boutique Francisco Belmonte\"},\"image\":{\"@id\":\"https:\\\/\\\/franciscobelmonte.com\\\/tienda\\\/#\\\/schema\\\/logo\\\/image\\\/\"},\"sameAs\":[\"https:\\\/\\\/www.facebook.com\\\/motosfranciscobelmonte\",\"https:\\\/\\\/www.instagram.com\\\/fco.belmonte\\\/\"]}]}<\/script>\n<!-- \/ Yoast SEO plugin. -->","yoast_head_json":{"title":"CASCO AGV K-1 S SOLELUNA 2018 - Boutique Francisco Belmonte","description":"Casco AGV K-1 S Soleluna 2018. Cascos de moto AGV en Murcia Francisco Belmonte en sus diferentes modelos al mejor precio. No te lo puedes perder...","robots":{"index":"index","follow":"follow","max-snippet":"max-snippet:-1","max-image-preview":"max-image-preview:large","max-video-preview":"max-video-preview:-1"},"canonical":"https:\/\/franciscobelmonte.com\/tienda\/casco-agv-k-1-s-soleluna-2018\/","og_locale":"es_ES","og_type":"article","og_title":"CASCO AGV K-1 S SOLELUNA 2018 - Boutique Francisco Belmonte","og_description":"Casco AGV K-1 S Soleluna 2018. Cascos de moto AGV en Murcia Francisco Belmonte en sus diferentes modelos al mejor precio. No te lo puedes perder...","og_url":"https:\/\/franciscobelmonte.com\/tienda\/casco-agv-k-1-s-soleluna-2018\/","og_site_name":"Boutique Francisco Belmonte","article_publisher":"https:\/\/www.facebook.com\/motosfranciscobelmonte","article_modified_time":"2026-01-06T17:58:46+00:00","og_image":[{"width":800,"height":800,"url":"https:\/\/franciscobelmonte.com\/tienda\/wp-content\/uploads\/2023\/02\/casco-agv-k1soleluna-2018.jpg","type":"image\/jpeg"}],"twitter_card":"summary_large_image","twitter_misc":{"Tiempo de lectura":"1 minuto"},"schema":{"@context":"https:\/\/schema.org","@graph":[{"@type":"WebPage","@id":"https:\/\/franciscobelmonte.com\/tienda\/casco-agv-k-1-s-soleluna-2018\/","url":"https:\/\/franciscobelmonte.com\/tienda\/casco-agv-k-1-s-soleluna-2018\/","name":"CASCO AGV K-1 S SOLELUNA 2018 - Boutique Francisco Belmonte","isPartOf":{"@id":"https:\/\/franciscobelmonte.com\/tienda\/#website"},"primaryImageOfPage":{"@id":"https:\/\/franciscobelmonte.com\/tienda\/casco-agv-k-1-s-soleluna-2018\/#primaryimage"},"image":{"@id":"https:\/\/franciscobelmonte.com\/tienda\/casco-agv-k-1-s-soleluna-2018\/#primaryimage"},"thumbnailUrl":"https:\/\/franciscobelmonte.com\/tienda\/wp-content\/uploads\/2023\/02\/casco-agv-k1soleluna-2018.jpg","datePublished":"2023-02-13T11:39:06+00:00","dateModified":"2026-01-06T17:58:46+00:00","description":"Casco AGV K-1 S Soleluna 2018. Cascos de moto AGV en Murcia Francisco Belmonte en sus diferentes modelos al mejor precio. No te lo puedes perder...","breadcrumb":{"@id":"https:\/\/franciscobelmonte.com\/tienda\/casco-agv-k-1-s-soleluna-2018\/#breadcrumb"},"inLanguage":"es","potentialAction":[{"@type":"ReadAction","target":["https:\/\/franciscobelmonte.com\/tienda\/casco-agv-k-1-s-soleluna-2018\/"]}]},{"@type":"ImageObject","inLanguage":"es","@id":"https:\/\/franciscobelmonte.com\/tienda\/casco-agv-k-1-s-soleluna-2018\/#primaryimage","url":"https:\/\/franciscobelmonte.com\/tienda\/wp-content\/uploads\/2023\/02\/casco-agv-k1soleluna-2018.jpg","contentUrl":"https:\/\/franciscobelmonte.com\/tienda\/wp-content\/uploads\/2023\/02\/casco-agv-k1soleluna-2018.jpg","width":800,"height":800,"caption":"casco agv k1 s soleluna 2018 en murcia francisco belmonte"},{"@type":"BreadcrumbList","@id":"https:\/\/franciscobelmonte.com\/tienda\/casco-agv-k-1-s-soleluna-2018\/#breadcrumb","itemListElement":[{"@type":"ListItem","position":1,"name":"Portada","item":"https:\/\/franciscobelmonte.com\/tienda\/"},{"@type":"ListItem","position":2,"name":"Tienda","item":"https:\/\/franciscobelmonte.com\/tienda\/boutique-equipamiento-motero\/"},{"@type":"ListItem","position":3,"name":"CASCO AGV K-1 S SOLELUNA 2018"}]},{"@type":"WebSite","@id":"https:\/\/franciscobelmonte.com\/tienda\/#website","url":"https:\/\/franciscobelmonte.com\/tienda\/","name":"Boutique Francisco Belmonte","description":"Todo en complementos para motoristas","publisher":{"@id":"https:\/\/franciscobelmonte.com\/tienda\/#organization"},"potentialAction":[{"@type":"SearchAction","target":{"@type":"EntryPoint","urlTemplate":"https:\/\/franciscobelmonte.com\/tienda\/?s={search_term_string}"},"query-input":{"@type":"PropertyValueSpecification","valueRequired":true,"valueName":"search_term_string"}}],"inLanguage":"es"},{"@type":"Organization","@id":"https:\/\/franciscobelmonte.com\/tienda\/#organization","name":"Boutique Francisco Belmonte","url":"https:\/\/franciscobelmonte.com\/tienda\/","logo":{"@type":"ImageObject","inLanguage":"es","@id":"https:\/\/franciscobelmonte.com\/tienda\/#\/schema\/logo\/image\/","url":"https:\/\/franciscobelmonte.com\/tienda\/wp-content\/uploads\/2021\/12\/Francisco-Belmonte-logo.png","contentUrl":"https:\/\/franciscobelmonte.com\/tienda\/wp-content\/uploads\/2021\/12\/Francisco-Belmonte-logo.png","width":2153,"height":536,"caption":"Boutique Francisco Belmonte"},"image":{"@id":"https:\/\/franciscobelmonte.com\/tienda\/#\/schema\/logo\/image\/"},"sameAs":["https:\/\/www.facebook.com\/motosfranciscobelmonte","https:\/\/www.instagram.com\/fco.belmonte\/"]}]}},"jetpack_sharing_enabled":true,"brands":[{"id":185,"name":"Agv","slug":"agv"}],"_links":{"self":[{"href":"https:\/\/franciscobelmonte.com\/tienda\/wp-json\/wp\/v2\/product\/8803","targetHints":{"allow":["GET"]}}],"collection":[{"href":"https:\/\/franciscobelmonte.com\/tienda\/wp-json\/wp\/v2\/product"}],"about":[{"href":"https:\/\/franciscobelmonte.com\/tienda\/wp-json\/wp\/v2\/types\/product"}],"replies":[{"embeddable":true,"href":"https:\/\/franciscobelmonte.com\/tienda\/wp-json\/wp\/v2\/comments?post=8803"}],"wp:featuredmedia":[{"embeddable":true,"href":"https:\/\/franciscobelmonte.com\/tienda\/wp-json\/wp\/v2\/media\/8809"}],"wp:attachment":[{"href":"https:\/\/franciscobelmonte.com\/tienda\/wp-json\/wp\/v2\/media?parent=8803"}],"wp:term":[{"taxonomy":"pwb-brand","embeddable":true,"href":"https:\/\/franciscobelmonte.com\/tienda\/wp-json\/wp\/v2\/pwb-brand?post=8803"},{"taxonomy":"product_brand","embeddable":true,"href":"https:\/\/franciscobelmonte.com\/tienda\/wp-json\/wp\/v2\/product_brand?post=8803"},{"taxonomy":"product_cat","embeddable":true,"href":"https:\/\/franciscobelmonte.com\/tienda\/wp-json\/wp\/v2\/product_cat?post=8803"},{"taxonomy":"product_tag","embeddable":true,"href":"https:\/\/franciscobelmonte.com\/tienda\/wp-json\/wp\/v2\/product_tag?post=8803"}],"curies":[{"name":"wp","href":"https:\/\/api.w.org\/{rel}","templated":true}]}}