{"id":9474,"date":"2023-05-15T17:30:18","date_gmt":"2023-05-15T17:30:18","guid":{"rendered":"https:\/\/franciscobelmonte.com\/tienda\/?post_type=product&#038;p=9474"},"modified":"2026-02-16T09:36:50","modified_gmt":"2026-02-16T07:36:50","slug":"intercomunicador-cardo-packtalk-edge","status":"publish","type":"product","link":"https:\/\/franciscobelmonte.com\/tienda\/intercomunicador-cardo-packtalk-edge\/","title":{"rendered":"INTERCOMUNICADOR CARDO PACKTALK EDGE"},"content":{"rendered":"<h2>Intercomunicador CARDO Packtalk Edge<\/h2>\n<p>Se trata de una nueva unidad m\u00e1s peque\u00f1a, delgada sin antena, que adem\u00e1s cuenta con una gran cantidad de caracter\u00edsticas nuevas. Adem\u00e1s de incluir los atributos m\u00e1s importantes\u00a0 de la anterior generaci\u00f3n de PACKTALK, ofrece nuevas caracter\u00edsticas\u00a0 que hacen que el mejor intercomunicador de moto del mundo sea a\u00fan mucho mejor.<\/p>\n<p><strong>Caracter\u00edsticas destacadas<\/strong><\/p>\n<ul>\n<li>Nuevo dise\u00f1o m\u00e1s delgado y moderno sin antena externa.<\/li>\n<li>Nueva base de audio magn\u00e9tica Air Mount para una fijaci\u00f3n segura y sin esfuerzo del dispositivo.<\/li>\n<li>Dynamic Mesh Communication de segunda generaci\u00f3n con un proceso de emparejamiento m\u00e1s r\u00e1pido y sencillo, e intercomunicador de banda ancha.<\/li>\n<li>Tecnolog\u00eda Bluetooth 5.2, la m\u00e1s avanzada del mercado, con tecnolog\u00eda \u00abLive Intercom\u00bb y conectividad universal mejorada.<\/li>\n<li>Motor de comandos de voz Natural Voice mejorado, sonido JBL mejorado, micr\u00f3fono con cancelaci\u00f3n de ruido mejorado.<\/li>\n<li>Actualizaciones de software inal\u00e1mbricas y carga r\u00e1pida a trav\u00e9s de USB-C.<\/li>\n<\/ul>\n<p><strong>Caracter\u00edsticas generales<\/strong><\/p>\n<ul>\n<li>Chip Bluetooth: 5.2<\/li>\n<li>Peso centralita: 47 gr<\/li>\n<li>Dimensiones: 84mm x 46mm x 23mm<\/li>\n<li>Testeado para no perjudicar la aerodin\u00e1mica de los cascos de \u00faltima generaci\u00f3n<\/li>\n<li>Tiempo de conversaci\u00f3n: 13h<\/li>\n<li>Tiempo en espera: 10 d\u00edas<\/li>\n<li>Carga r\u00e1pida de bater\u00eda: Con 20 minutos de carga se consiguen 2h de autonom\u00eda. Carga completa entre 1,5 y 2h<\/li>\n<li>Doble tecnolog\u00eda de comunicaci\u00f3n: Bluetooth y DMC de 2\u00aa generaci\u00f3n<\/li>\n<li>Fast Connect: Reconexi\u00f3n autom\u00e1tica de alta velocidad con dispositivos vinculados<\/li>\n<li>Conexiones: USB Tipo C<\/li>\n<\/ul>\n<p><strong>Kit de Audio<\/strong><\/p>\n<ul>\n<li>Altavoces JBL 40mm x 10mm \/ Perfiles de audio JBL<\/li>\n<li>Peso de los altavoces: 41 gr<\/li>\n<li>Compatible con el sistema de audio JBL opcional de 45 mm<\/li>\n<li>2 Micr\u00f3fonos: Micr\u00f3fono h\u00edbrido \/ cable intercambiable, para adaptar a cascos integrales, modulares y jet.<\/li>\n<li>Conexiones de audio protegidas: Las conexiones de micr\u00f3fono<\/li>\n<li type=\"\">Base de audio Air Mount: Base magn\u00e9tica para una fijaci\u00f3n segura y sin esfuerzo.<\/li>\n<li type=\"\">Doble sistema de fijaci\u00f3n: Pinza o adhesivo 3M.<\/li>\n<li type=\"\">Instalaci\u00f3n en cualquier tipo de casco.<\/li>\n<\/ul>\n<p><strong>Manejabilidad<\/strong><\/p>\n<ul>\n<li type=\"\">Tim\u00f3n de control: Seleccione el volumen o navegue por los men\u00fas de una forma f\u00e1cil con un solo dedo.<\/li>\n<li type=\"\">Pulsadores ergon\u00f3micos: Dise\u00f1ados para un f\u00e1cil manejo incluso con guantes de invierno.<\/li>\n<li type=\"\">Funci\u00f3n de control remoto: Posibilidad de controlar remotamente todas las funciones del dispositivo mediante su Smartphone y la app Cardo Connect.<\/li>\n<\/ul>\n<p><strong>Intercomunicador en modo DMC 2\u00aa Generaci\u00f3n<\/strong><\/p>\n<ul>\n<li type=\"\">Conectividad grupal: Grupos de comunicaci\u00f3n DMC de hasta 15 motociclistas en un rango de hasta 8Km entre el primer y el \u00faltimo participante en modo multi conferencia full d\u00faplex<\/li>\n<li type=\"\">Charla privada DMC: Establezca una charla privada con uno de sus integrantes dentro de un grupo de comunicaci\u00f3n DMC<\/li>\n<li type=\"\">DMC Bridge: Incorpore dentro de un grupo de comunicaci\u00f3n DMC dispositivos Bluetooth a trav\u00e9s de su Packtalk Edge o comparta una llamada telef\u00f3nica con el grupo de comunicaci\u00f3n DMC<\/li>\n<li type=\"\">Audio en paralelo: Escuche la radio, m\u00fasica a trav\u00e9s de su smartphone o reciba instrucciones de su GPS durante una conversaci\u00f3n en DMC<\/li>\n<\/ul>\n<p><strong>Intercomunicador en modo Bluetooth<\/strong><\/p>\n<ul>\n<li type=\"\">Conectividad de 2 v\u00edas: Piloto pasajero full d\u00faplex.<\/li>\n<li type=\"\">Conectividad de 2 v\u00edas: Moto a moto con hasta 1.6Km de alcance en modo multi conferencia full d\u00faplex.<\/li>\n<li type=\"\">Conectividad de 3 v\u00edas: 3 motociclistas con hasta 1.6Km de alcance entre cada moto en modo multi conferencia full d\u00faplex.<\/li>\n<li type=\"\">Conectividad de 4 v\u00edas: 2 motociclistas y sus pasajeros con hasta 1.6Km de alcance entre cada moto en modo multi conferencia full d\u00faplex.<\/li>\n<li type=\"\">Conectividad de 4 v\u00edas: 4 motociclistas con hasta 4.8Km de alcance entre el primer y el \u00faltimo participante en modo multi conferencia full d\u00faplex.<\/li>\n<li type=\"\">Cardo Gateway: Conectividad con intercomunicadores de otros fabricantes.<\/li>\n<li type=\"\">Audio en paralelo: Escuche la radio, m\u00fasica a trav\u00e9s de su smartphone o reciba instrucciones de su dispositivo GPS durante una conversaci\u00f3n de 2 v\u00edas. Escuche las instrucciones de su dispositivo GPS durante una llamada telef\u00f3nica. Compatible con iOS a partir de la versi\u00f3n 5.6.<\/li>\n<li type=\"\">Compartir llamada: Comparta una llamada telef\u00f3nica con su pasajero u otra motocicleta durante una conversaci\u00f3n de 2 v\u00edas.<\/li>\n<\/ul>\n<p>&nbsp;<\/p>\n<p>&nbsp;<\/p>\n<p>&nbsp;<\/p>\n<p>&nbsp;<\/p>\n<p>&nbsp;<\/p>\n","protected":false},"excerpt":{"rendered":"<p>Se trata de una nueva unidad m\u00e1s peque\u00f1a, delgada sin antena, que adem\u00e1s cuenta con una gran cantidad de caracter\u00edsticas nuevas. Adem\u00e1s de incluir los atributos m\u00e1s importantes\u00a0 de la anterior generaci\u00f3n de PACKTALK.<br \/>\n\n","protected":false},"featured_media":9480,"comment_status":"open","ping_status":"closed","template":"","meta":{"_themeisle_gutenberg_block_has_review":false},"pwb-brand":[],"product_brand":[],"product_cat":[29,604],"product_tag":[829],"class_list":{"0":"post-9474","1":"product","2":"type-product","3":"status-publish","4":"has-post-thumbnail","6":"product_cat-comunicacion-y-navegacion","7":"product_cat-promocion-intercomunicadores-cardo","8":"product_tag-cardo-10","10":"first","11":"instock","12":"sale","13":"taxable","14":"shipping-taxable","15":"purchasable","16":"product-type-simple"},"yoast_head":"<!-- This site is optimized with the Yoast SEO plugin v27.5 - https:\/\/yoast.com\/product\/yoast-seo-wordpress\/ -->\n<title>INTERCOMUNICADOR CARDO PACKTALK EDGE - Boutique Francisco Belmonte<\/title>\n<meta name=\"description\" content=\"Intercomunicador Cardo PackTalk Edge. Sistemas de comunicaci\u00f3n de moto CARDO en Murcia, Francisco Belmonte. Desc\u00fabrelos al mejor precio.\" \/>\n<meta name=\"robots\" content=\"index, follow, max-snippet:-1, max-image-preview:large, max-video-preview:-1\" \/>\n<link rel=\"canonical\" href=\"https:\/\/franciscobelmonte.com\/tienda\/intercomunicador-cardo-packtalk-edge\/\" \/>\n<meta property=\"og:locale\" content=\"es_ES\" \/>\n<meta property=\"og:type\" content=\"article\" \/>\n<meta property=\"og:title\" content=\"INTERCOMUNICADOR CARDO PACKTALK EDGE - Boutique Francisco Belmonte\" \/>\n<meta property=\"og:description\" content=\"Intercomunicador Cardo PackTalk Edge. Sistemas de comunicaci\u00f3n de moto CARDO en Murcia, Francisco Belmonte. Desc\u00fabrelos al mejor precio.\" \/>\n<meta property=\"og:url\" content=\"https:\/\/franciscobelmonte.com\/tienda\/intercomunicador-cardo-packtalk-edge\/\" \/>\n<meta property=\"og:site_name\" content=\"Boutique Francisco Belmonte\" \/>\n<meta property=\"article:publisher\" content=\"https:\/\/www.facebook.com\/motosfranciscobelmonte\" \/>\n<meta property=\"article:modified_time\" content=\"2026-02-16T07:36:50+00:00\" \/>\n<meta property=\"og:image\" content=\"https:\/\/franciscobelmonte.com\/tienda\/wp-content\/uploads\/2023\/05\/itercomunicador-cardo-packtalk-edge.jpg\" \/>\n\t<meta property=\"og:image:width\" content=\"800\" \/>\n\t<meta property=\"og:image:height\" content=\"800\" \/>\n\t<meta property=\"og:image:type\" content=\"image\/jpeg\" \/>\n<meta name=\"twitter:card\" content=\"summary_large_image\" \/>\n<meta name=\"twitter:label1\" content=\"Tiempo de lectura\" \/>\n\t<meta name=\"twitter:data1\" content=\"1 minuto\" \/>\n<script type=\"application\/ld+json\" class=\"yoast-schema-graph\">{\"@context\":\"https:\\\/\\\/schema.org\",\"@graph\":[{\"@type\":\"WebPage\",\"@id\":\"https:\\\/\\\/franciscobelmonte.com\\\/tienda\\\/intercomunicador-cardo-packtalk-edge\\\/\",\"url\":\"https:\\\/\\\/franciscobelmonte.com\\\/tienda\\\/intercomunicador-cardo-packtalk-edge\\\/\",\"name\":\"INTERCOMUNICADOR CARDO PACKTALK EDGE - Boutique Francisco Belmonte\",\"isPartOf\":{\"@id\":\"https:\\\/\\\/franciscobelmonte.com\\\/tienda\\\/#website\"},\"primaryImageOfPage\":{\"@id\":\"https:\\\/\\\/franciscobelmonte.com\\\/tienda\\\/intercomunicador-cardo-packtalk-edge\\\/#primaryimage\"},\"image\":{\"@id\":\"https:\\\/\\\/franciscobelmonte.com\\\/tienda\\\/intercomunicador-cardo-packtalk-edge\\\/#primaryimage\"},\"thumbnailUrl\":\"https:\\\/\\\/franciscobelmonte.com\\\/tienda\\\/wp-content\\\/uploads\\\/2023\\\/05\\\/itercomunicador-cardo-packtalk-edge.jpg\",\"datePublished\":\"2023-05-15T17:30:18+00:00\",\"dateModified\":\"2026-02-16T07:36:50+00:00\",\"description\":\"Intercomunicador Cardo PackTalk Edge. Sistemas de comunicaci\u00f3n de moto CARDO en Murcia, Francisco Belmonte. Desc\u00fabrelos al mejor precio.\",\"breadcrumb\":{\"@id\":\"https:\\\/\\\/franciscobelmonte.com\\\/tienda\\\/intercomunicador-cardo-packtalk-edge\\\/#breadcrumb\"},\"inLanguage\":\"es\",\"potentialAction\":[{\"@type\":\"ReadAction\",\"target\":[\"https:\\\/\\\/franciscobelmonte.com\\\/tienda\\\/intercomunicador-cardo-packtalk-edge\\\/\"]}]},{\"@type\":\"ImageObject\",\"inLanguage\":\"es\",\"@id\":\"https:\\\/\\\/franciscobelmonte.com\\\/tienda\\\/intercomunicador-cardo-packtalk-edge\\\/#primaryimage\",\"url\":\"https:\\\/\\\/franciscobelmonte.com\\\/tienda\\\/wp-content\\\/uploads\\\/2023\\\/05\\\/itercomunicador-cardo-packtalk-edge.jpg\",\"contentUrl\":\"https:\\\/\\\/franciscobelmonte.com\\\/tienda\\\/wp-content\\\/uploads\\\/2023\\\/05\\\/itercomunicador-cardo-packtalk-edge.jpg\",\"width\":800,\"height\":800,\"caption\":\"intercomunicador cardo packtalk edge en murcia francisco belmonte\"},{\"@type\":\"BreadcrumbList\",\"@id\":\"https:\\\/\\\/franciscobelmonte.com\\\/tienda\\\/intercomunicador-cardo-packtalk-edge\\\/#breadcrumb\",\"itemListElement\":[{\"@type\":\"ListItem\",\"position\":1,\"name\":\"Portada\",\"item\":\"https:\\\/\\\/franciscobelmonte.com\\\/tienda\\\/\"},{\"@type\":\"ListItem\",\"position\":2,\"name\":\"Tienda\",\"item\":\"https:\\\/\\\/franciscobelmonte.com\\\/tienda\\\/boutique-equipamiento-motero\\\/\"},{\"@type\":\"ListItem\",\"position\":3,\"name\":\"INTERCOMUNICADOR CARDO PACKTALK EDGE\"}]},{\"@type\":\"WebSite\",\"@id\":\"https:\\\/\\\/franciscobelmonte.com\\\/tienda\\\/#website\",\"url\":\"https:\\\/\\\/franciscobelmonte.com\\\/tienda\\\/\",\"name\":\"Boutique Francisco Belmonte\",\"description\":\"Todo en complementos para motoristas\",\"publisher\":{\"@id\":\"https:\\\/\\\/franciscobelmonte.com\\\/tienda\\\/#organization\"},\"potentialAction\":[{\"@type\":\"SearchAction\",\"target\":{\"@type\":\"EntryPoint\",\"urlTemplate\":\"https:\\\/\\\/franciscobelmonte.com\\\/tienda\\\/?s={search_term_string}\"},\"query-input\":{\"@type\":\"PropertyValueSpecification\",\"valueRequired\":true,\"valueName\":\"search_term_string\"}}],\"inLanguage\":\"es\"},{\"@type\":\"Organization\",\"@id\":\"https:\\\/\\\/franciscobelmonte.com\\\/tienda\\\/#organization\",\"name\":\"Boutique Francisco Belmonte\",\"url\":\"https:\\\/\\\/franciscobelmonte.com\\\/tienda\\\/\",\"logo\":{\"@type\":\"ImageObject\",\"inLanguage\":\"es\",\"@id\":\"https:\\\/\\\/franciscobelmonte.com\\\/tienda\\\/#\\\/schema\\\/logo\\\/image\\\/\",\"url\":\"https:\\\/\\\/franciscobelmonte.com\\\/tienda\\\/wp-content\\\/uploads\\\/2021\\\/12\\\/Francisco-Belmonte-logo.png\",\"contentUrl\":\"https:\\\/\\\/franciscobelmonte.com\\\/tienda\\\/wp-content\\\/uploads\\\/2021\\\/12\\\/Francisco-Belmonte-logo.png\",\"width\":2153,\"height\":536,\"caption\":\"Boutique Francisco Belmonte\"},\"image\":{\"@id\":\"https:\\\/\\\/franciscobelmonte.com\\\/tienda\\\/#\\\/schema\\\/logo\\\/image\\\/\"},\"sameAs\":[\"https:\\\/\\\/www.facebook.com\\\/motosfranciscobelmonte\",\"https:\\\/\\\/www.instagram.com\\\/fco.belmonte\\\/\"]}]}<\/script>\n<!-- \/ Yoast SEO plugin. -->","yoast_head_json":{"title":"INTERCOMUNICADOR CARDO PACKTALK EDGE - Boutique Francisco Belmonte","description":"Intercomunicador Cardo PackTalk Edge. Sistemas de comunicaci\u00f3n de moto CARDO en Murcia, Francisco Belmonte. Desc\u00fabrelos al mejor precio.","robots":{"index":"index","follow":"follow","max-snippet":"max-snippet:-1","max-image-preview":"max-image-preview:large","max-video-preview":"max-video-preview:-1"},"canonical":"https:\/\/franciscobelmonte.com\/tienda\/intercomunicador-cardo-packtalk-edge\/","og_locale":"es_ES","og_type":"article","og_title":"INTERCOMUNICADOR CARDO PACKTALK EDGE - Boutique Francisco Belmonte","og_description":"Intercomunicador Cardo PackTalk Edge. Sistemas de comunicaci\u00f3n de moto CARDO en Murcia, Francisco Belmonte. Desc\u00fabrelos al mejor precio.","og_url":"https:\/\/franciscobelmonte.com\/tienda\/intercomunicador-cardo-packtalk-edge\/","og_site_name":"Boutique Francisco Belmonte","article_publisher":"https:\/\/www.facebook.com\/motosfranciscobelmonte","article_modified_time":"2026-02-16T07:36:50+00:00","og_image":[{"width":800,"height":800,"url":"https:\/\/franciscobelmonte.com\/tienda\/wp-content\/uploads\/2023\/05\/itercomunicador-cardo-packtalk-edge.jpg","type":"image\/jpeg"}],"twitter_card":"summary_large_image","twitter_misc":{"Tiempo de lectura":"1 minuto"},"schema":{"@context":"https:\/\/schema.org","@graph":[{"@type":"WebPage","@id":"https:\/\/franciscobelmonte.com\/tienda\/intercomunicador-cardo-packtalk-edge\/","url":"https:\/\/franciscobelmonte.com\/tienda\/intercomunicador-cardo-packtalk-edge\/","name":"INTERCOMUNICADOR CARDO PACKTALK EDGE - Boutique Francisco Belmonte","isPartOf":{"@id":"https:\/\/franciscobelmonte.com\/tienda\/#website"},"primaryImageOfPage":{"@id":"https:\/\/franciscobelmonte.com\/tienda\/intercomunicador-cardo-packtalk-edge\/#primaryimage"},"image":{"@id":"https:\/\/franciscobelmonte.com\/tienda\/intercomunicador-cardo-packtalk-edge\/#primaryimage"},"thumbnailUrl":"https:\/\/franciscobelmonte.com\/tienda\/wp-content\/uploads\/2023\/05\/itercomunicador-cardo-packtalk-edge.jpg","datePublished":"2023-05-15T17:30:18+00:00","dateModified":"2026-02-16T07:36:50+00:00","description":"Intercomunicador Cardo PackTalk Edge. Sistemas de comunicaci\u00f3n de moto CARDO en Murcia, Francisco Belmonte. Desc\u00fabrelos al mejor precio.","breadcrumb":{"@id":"https:\/\/franciscobelmonte.com\/tienda\/intercomunicador-cardo-packtalk-edge\/#breadcrumb"},"inLanguage":"es","potentialAction":[{"@type":"ReadAction","target":["https:\/\/franciscobelmonte.com\/tienda\/intercomunicador-cardo-packtalk-edge\/"]}]},{"@type":"ImageObject","inLanguage":"es","@id":"https:\/\/franciscobelmonte.com\/tienda\/intercomunicador-cardo-packtalk-edge\/#primaryimage","url":"https:\/\/franciscobelmonte.com\/tienda\/wp-content\/uploads\/2023\/05\/itercomunicador-cardo-packtalk-edge.jpg","contentUrl":"https:\/\/franciscobelmonte.com\/tienda\/wp-content\/uploads\/2023\/05\/itercomunicador-cardo-packtalk-edge.jpg","width":800,"height":800,"caption":"intercomunicador cardo packtalk edge en murcia francisco belmonte"},{"@type":"BreadcrumbList","@id":"https:\/\/franciscobelmonte.com\/tienda\/intercomunicador-cardo-packtalk-edge\/#breadcrumb","itemListElement":[{"@type":"ListItem","position":1,"name":"Portada","item":"https:\/\/franciscobelmonte.com\/tienda\/"},{"@type":"ListItem","position":2,"name":"Tienda","item":"https:\/\/franciscobelmonte.com\/tienda\/boutique-equipamiento-motero\/"},{"@type":"ListItem","position":3,"name":"INTERCOMUNICADOR CARDO PACKTALK EDGE"}]},{"@type":"WebSite","@id":"https:\/\/franciscobelmonte.com\/tienda\/#website","url":"https:\/\/franciscobelmonte.com\/tienda\/","name":"Boutique Francisco Belmonte","description":"Todo en complementos para motoristas","publisher":{"@id":"https:\/\/franciscobelmonte.com\/tienda\/#organization"},"potentialAction":[{"@type":"SearchAction","target":{"@type":"EntryPoint","urlTemplate":"https:\/\/franciscobelmonte.com\/tienda\/?s={search_term_string}"},"query-input":{"@type":"PropertyValueSpecification","valueRequired":true,"valueName":"search_term_string"}}],"inLanguage":"es"},{"@type":"Organization","@id":"https:\/\/franciscobelmonte.com\/tienda\/#organization","name":"Boutique Francisco Belmonte","url":"https:\/\/franciscobelmonte.com\/tienda\/","logo":{"@type":"ImageObject","inLanguage":"es","@id":"https:\/\/franciscobelmonte.com\/tienda\/#\/schema\/logo\/image\/","url":"https:\/\/franciscobelmonte.com\/tienda\/wp-content\/uploads\/2021\/12\/Francisco-Belmonte-logo.png","contentUrl":"https:\/\/franciscobelmonte.com\/tienda\/wp-content\/uploads\/2021\/12\/Francisco-Belmonte-logo.png","width":2153,"height":536,"caption":"Boutique Francisco Belmonte"},"image":{"@id":"https:\/\/franciscobelmonte.com\/tienda\/#\/schema\/logo\/image\/"},"sameAs":["https:\/\/www.facebook.com\/motosfranciscobelmonte","https:\/\/www.instagram.com\/fco.belmonte\/"]}]}},"jetpack_sharing_enabled":true,"brands":[],"_links":{"self":[{"href":"https:\/\/franciscobelmonte.com\/tienda\/wp-json\/wp\/v2\/product\/9474","targetHints":{"allow":["GET"]}}],"collection":[{"href":"https:\/\/franciscobelmonte.com\/tienda\/wp-json\/wp\/v2\/product"}],"about":[{"href":"https:\/\/franciscobelmonte.com\/tienda\/wp-json\/wp\/v2\/types\/product"}],"replies":[{"embeddable":true,"href":"https:\/\/franciscobelmonte.com\/tienda\/wp-json\/wp\/v2\/comments?post=9474"}],"wp:featuredmedia":[{"embeddable":true,"href":"https:\/\/franciscobelmonte.com\/tienda\/wp-json\/wp\/v2\/media\/9480"}],"wp:attachment":[{"href":"https:\/\/franciscobelmonte.com\/tienda\/wp-json\/wp\/v2\/media?parent=9474"}],"wp:term":[{"taxonomy":"pwb-brand","embeddable":true,"href":"https:\/\/franciscobelmonte.com\/tienda\/wp-json\/wp\/v2\/pwb-brand?post=9474"},{"taxonomy":"product_brand","embeddable":true,"href":"https:\/\/franciscobelmonte.com\/tienda\/wp-json\/wp\/v2\/product_brand?post=9474"},{"taxonomy":"product_cat","embeddable":true,"href":"https:\/\/franciscobelmonte.com\/tienda\/wp-json\/wp\/v2\/product_cat?post=9474"},{"taxonomy":"product_tag","embeddable":true,"href":"https:\/\/franciscobelmonte.com\/tienda\/wp-json\/wp\/v2\/product_tag?post=9474"}],"curies":[{"name":"wp","href":"https:\/\/api.w.org\/{rel}","templated":true}]}}